{"id":2343,"date":"2018-07-11T20:43:48","date_gmt":"2018-07-11T23:43:48","guid":{"rendered":"https:\/\/neocultura.com.br\/tur\/?post_type=project&#038;p=2343"},"modified":"2022-11-08T18:57:52","modified_gmt":"2022-11-08T21:57:52","slug":"museo-nacional-de-la-ufrj","status":"publish","type":"project","link":"https:\/\/neocultura.com.br\/tur\/es\/project\/museo-nacional-de-la-ufrj\/","title":{"rendered":"Museo Nacional de la UFRJ &#8211; Rio de Janeiro &#8211; RJ &#8211; Brasil"},"content":{"rendered":"\n\n\n[et_pb_section bb_built=&#8221;1&#8243; specialty=&#8221;off&#8221; next_background_color=&#8221;#ffffff&#8221; _builder_version=&#8221;3.5.1&#8243; background_color=&#8221;#6d6d6d&#8221; use_background_color_gradient=&#8221;on&#8221; background_color_gradient_start=&#8221;#969696&#8243; background_color_gradient_end=&#8221;#424242&#8243;][et_pb_row][et_pb_column type=&#8221;4_4&#8243;][et_pb_text admin_label=&#8221;MUSEO NACIONAL DE LA UFRJ&#8221; _builder_version=&#8221;3.9&#8243; background_layout=&#8221;dark&#8221;]\r\n<h2 style=\"text-align: center;\"><strong>MUSEO NACIONAL DE LA UFRJ<\/strong><\/h2>\r\n[\/et_pb_text][\/et_pb_column][\/et_pb_row][\/et_pb_section][et_pb_section bb_built=&#8221;1&#8243; fullwidth=&#8221;off&#8221; specialty=&#8221;off&#8221; prev_background_color=&#8221;#6d6d6d&#8221;][et_pb_row _builder_version=&#8221;3.5.1&#8243; module_alignment=&#8221;center&#8221; use_custom_gutter=&#8221;on&#8221; gutter_width=&#8221;2&#8243;][et_pb_column type=&#8221;1_2&#8243;][et_pb_text admin_label=&#8221;LA PRODUCCI\u00d3N DE \u00c1UDIO M\u00c1S LARGA ENTRE TODOS NUESTROS PROYECTOS&#8221; _builder_version=&#8221;3.9&#8243;]\r\n\r\n<strong>LA PRODUCCI\u00d3N DE \u00c1UDIO M\u00c1S LARGA ENTRE TODOS NUESTROS PROYECTOS<\/strong>\r\n<p style=\"text-align: justify;\">El Museo Nacional es el museo m\u00e1s grande de Historia Natural y Antropolog\u00eda en Brasil, por lo que el proyecto de audiogu\u00eda para esta instituci\u00f3n busc\u00f3 cubrir los m\u00faltiples temas.<\/p>\r\n<p style=\"text-align: justify;\">El contenido de audio dura m\u00e1s de 2 horas en cada uno de los idiomas del proyecto (portugu\u00e9s, ingl\u00e9s y espa\u00f1ol), e incluye exposiciones de Paleontolog\u00eda, Arqueolog\u00eda, Etnolog\u00eda Ind\u00edgena, entre muchos otros temas.<\/p>\r\n<p style=\"text-align: justify;\">El proyecto tambi\u00e9n brinda accesibilidad para personas con discapacidad visual y auditiva, y su contenido tambi\u00e9n est\u00e1 disponible en nuestra plataforma innovadora MUSEUSBR, que tiene como objetivo alojar el contenido de guiones de audiogu\u00eda de los principales museos y atracciones tur\u00edsticas de Brasil.<\/p>\r\n<p style=\"text-align: justify;\">Haga clic aqu\u00ed para instalar esta plataforma en su smartphone (Android o iOS).<\/p>\r\n[\/et_pb_text][\/et_pb_column][et_pb_column type=&#8221;1_2&#8243;][et_pb_gallery _builder_version=&#8221;3.9&#8243; gallery_ids=&#8221;1346,1347,1348,1349&#8243; show_pagination=&#8221;off&#8221; zoom_icon_color=&#8221;#739c22&#8243; hover_overlay_color=&#8221;rgba(255,255,255,0.9)&#8221; show_title_and_caption=&#8221;off&#8221; \/][et_pb_button _builder_version=&#8221;3.9&#8243; button_text=&#8221;volver&#8221; button_url=&#8221;https:\/\/neocultura.com.br\/tur\/es\/portafolio\/&#8221; button_alignment=&#8221;right&#8221; background_layout=&#8221;dark&#8221; custom_button=&#8221;on&#8221; button_text_size=&#8221;15&#8243; button_text_color=&#8221;#7cbe50&#8243; button_border_color=&#8221;#7cbe50&#8243; button_border_radius=&#8221;5&#8243; button_icon=&#8221;%%23%%&#8221; button_icon_placement=&#8221;left&#8221; \/][\/et_pb_column][\/et_pb_row][\/et_pb_section]\n\n\n","protected":false},"excerpt":{"rendered":"<p><div class=\"et_pb_row et_pb_row_0 et_pb_row_empty\">\n\t\t\t\t\n\t\t\t\t\n\t\t\t\t\n\t\t\t\t\n\t\t\t\t\n\t\t\t<\/div> MUSEO NACIONAL DE LA UFRJ LA PRODUCCI\u00d3N DE \u00c1UDIO M\u00c1S LARGA ENTRE TODOS NUESTROS PROYECTOS El Museo Nacional es el museo m\u00e1s grande de Historia Natural y Antropolog\u00eda en Brasil, por lo que el proyecto de audiogu\u00eda para esta instituci\u00f3n busc\u00f3 cubrir los m\u00faltiples temas. El contenido de audio dura m\u00e1s de 2 horas [&hellip;]<\/p>\n","protected":false},"author":1,"featured_media":2769,"comment_status":"open","ping_status":"closed","template":"","meta":{"_et_pb_use_builder":"on","_et_pb_old_content":"","_et_gb_content_width":"","h5ap_radio_sources":[],"footnotes":""},"project_category":[86],"project_tag":[],"class_list":["post-2343","project","type-project","status-publish","has-post-thumbnail","hentry","project_category-portafolio"],"yoast_head":"<!-- This site is optimized with the Yoast SEO plugin v27.4 - https:\/\/yoast.com\/product\/yoast-seo-wordpress\/ -->\n<title>Museo Nacional de la UFRJ - Rio de Janeiro - RJ - Brasil - Neocultura<\/title>\n<meta name=\"robots\" content=\"index, follow, max-snippet:-1, max-image-preview:large, max-video-preview:-1\" \/>\n<link rel=\"canonical\" href=\"https:\/\/neocultura.com.br\/tur\/es\/project\/museo-nacional-de-la-ufrj\/\" \/>\n<meta property=\"og:locale\" content=\"pt_BR\" \/>\n<meta property=\"og:type\" content=\"article\" \/>\n<meta property=\"og:title\" content=\"Museo Nacional de la UFRJ - Rio de Janeiro - RJ - Brasil - Neocultura\" \/>\n<meta property=\"og:description\" content=\"MUSEO NACIONAL DE LA UFRJ LA PRODUCCI\u00d3N DE \u00c1UDIO M\u00c1S LARGA ENTRE TODOS NUESTROS PROYECTOS El Museo Nacional es el museo m\u00e1s grande de Historia Natural y Antropolog\u00eda en Brasil, por lo que el proyecto de audiogu\u00eda para esta instituci\u00f3n busc\u00f3 cubrir los m\u00faltiples temas. El contenido de audio dura m\u00e1s de 2 horas [&hellip;]\" \/>\n<meta property=\"og:url\" content=\"https:\/\/neocultura.com.br\/tur\/es\/project\/museo-nacional-de-la-ufrj\/\" \/>\n<meta property=\"og:site_name\" content=\"Neocultura\" \/>\n<meta property=\"article:modified_time\" content=\"2022-11-08T21:57:52+00:00\" \/>\n<meta property=\"og:image\" content=\"https:\/\/neocultura.com.br\/tur\/wp-content\/uploads\/2018\/07\/es-Museu-Nacional.jpg\" \/>\n\t<meta property=\"og:image:width\" content=\"804\" \/>\n\t<meta property=\"og:image:height\" content=\"534\" \/>\n\t<meta property=\"og:image:type\" content=\"image\/jpeg\" \/>\n<meta name=\"twitter:card\" content=\"summary_large_image\" \/>\n<meta name=\"twitter:label1\" content=\"Est. tempo de leitura\" \/>\n\t<meta name=\"twitter:data1\" content=\"1 minuto\" \/>\n<script type=\"application\/ld+json\" class=\"yoast-schema-graph\">{\"@context\":\"https:\\\/\\\/schema.org\",\"@graph\":[{\"@type\":\"WebPage\",\"@id\":\"https:\\\/\\\/neocultura.com.br\\\/tur\\\/es\\\/project\\\/museo-nacional-de-la-ufrj\\\/\",\"url\":\"https:\\\/\\\/neocultura.com.br\\\/tur\\\/es\\\/project\\\/museo-nacional-de-la-ufrj\\\/\",\"name\":\"Museo Nacional de la UFRJ - Rio de Janeiro - RJ - Brasil - Neocultura\",\"isPartOf\":{\"@id\":\"https:\\\/\\\/neocultura.com.br\\\/tur\\\/#website\"},\"primaryImageOfPage\":{\"@id\":\"https:\\\/\\\/neocultura.com.br\\\/tur\\\/es\\\/project\\\/museo-nacional-de-la-ufrj\\\/#primaryimage\"},\"image\":{\"@id\":\"https:\\\/\\\/neocultura.com.br\\\/tur\\\/es\\\/project\\\/museo-nacional-de-la-ufrj\\\/#primaryimage\"},\"thumbnailUrl\":\"https:\\\/\\\/neocultura.com.br\\\/tur\\\/wp-content\\\/uploads\\\/2018\\\/07\\\/es-Museu-Nacional.jpg\",\"datePublished\":\"2018-07-11T23:43:48+00:00\",\"dateModified\":\"2022-11-08T21:57:52+00:00\",\"breadcrumb\":{\"@id\":\"https:\\\/\\\/neocultura.com.br\\\/tur\\\/es\\\/project\\\/museo-nacional-de-la-ufrj\\\/#breadcrumb\"},\"inLanguage\":\"pt-BR\",\"potentialAction\":[{\"@type\":\"ReadAction\",\"target\":[\"https:\\\/\\\/neocultura.com.br\\\/tur\\\/es\\\/project\\\/museo-nacional-de-la-ufrj\\\/\"]}]},{\"@type\":\"ImageObject\",\"inLanguage\":\"pt-BR\",\"@id\":\"https:\\\/\\\/neocultura.com.br\\\/tur\\\/es\\\/project\\\/museo-nacional-de-la-ufrj\\\/#primaryimage\",\"url\":\"https:\\\/\\\/neocultura.com.br\\\/tur\\\/wp-content\\\/uploads\\\/2018\\\/07\\\/es-Museu-Nacional.jpg\",\"contentUrl\":\"https:\\\/\\\/neocultura.com.br\\\/tur\\\/wp-content\\\/uploads\\\/2018\\\/07\\\/es-Museu-Nacional.jpg\",\"width\":804,\"height\":534},{\"@type\":\"BreadcrumbList\",\"@id\":\"https:\\\/\\\/neocultura.com.br\\\/tur\\\/es\\\/project\\\/museo-nacional-de-la-ufrj\\\/#breadcrumb\",\"itemListElement\":[{\"@type\":\"ListItem\",\"position\":1,\"name\":\"Home\",\"item\":\"https:\\\/\\\/neocultura.com.br\\\/tur\\\/\"},{\"@type\":\"ListItem\",\"position\":2,\"name\":\"Projects\",\"item\":\"https:\\\/\\\/neocultura.com.br\\\/tur\\\/en\\\/project\\\/\"},{\"@type\":\"ListItem\",\"position\":3,\"name\":\"Museo Nacional de la UFRJ &#8211; Rio de Janeiro &#8211; RJ &#8211; Brasil\"}]},{\"@type\":\"WebSite\",\"@id\":\"https:\\\/\\\/neocultura.com.br\\\/tur\\\/#website\",\"url\":\"https:\\\/\\\/neocultura.com.br\\\/tur\\\/\",\"name\":\"Neocultura\",\"description\":\"Neocultura\",\"potentialAction\":[{\"@type\":\"SearchAction\",\"target\":{\"@type\":\"EntryPoint\",\"urlTemplate\":\"https:\\\/\\\/neocultura.com.br\\\/tur\\\/?s={search_term_string}\"},\"query-input\":{\"@type\":\"PropertyValueSpecification\",\"valueRequired\":true,\"valueName\":\"search_term_string\"}}],\"inLanguage\":\"pt-BR\"}]}<\/script>\n<!-- \/ Yoast SEO plugin. -->","yoast_head_json":{"title":"Museo Nacional de la UFRJ - Rio de Janeiro - RJ - Brasil - Neocultura","robots":{"index":"index","follow":"follow","max-snippet":"max-snippet:-1","max-image-preview":"max-image-preview:large","max-video-preview":"max-video-preview:-1"},"canonical":"https:\/\/neocultura.com.br\/tur\/es\/project\/museo-nacional-de-la-ufrj\/","og_locale":"pt_BR","og_type":"article","og_title":"Museo Nacional de la UFRJ - Rio de Janeiro - RJ - Brasil - Neocultura","og_description":"MUSEO NACIONAL DE LA UFRJ LA PRODUCCI\u00d3N DE \u00c1UDIO M\u00c1S LARGA ENTRE TODOS NUESTROS PROYECTOS El Museo Nacional es el museo m\u00e1s grande de Historia Natural y Antropolog\u00eda en Brasil, por lo que el proyecto de audiogu\u00eda para esta instituci\u00f3n busc\u00f3 cubrir los m\u00faltiples temas. El contenido de audio dura m\u00e1s de 2 horas [&hellip;]","og_url":"https:\/\/neocultura.com.br\/tur\/es\/project\/museo-nacional-de-la-ufrj\/","og_site_name":"Neocultura","article_modified_time":"2022-11-08T21:57:52+00:00","og_image":[{"width":804,"height":534,"url":"https:\/\/neocultura.com.br\/tur\/wp-content\/uploads\/2018\/07\/es-Museu-Nacional.jpg","type":"image\/jpeg"}],"twitter_card":"summary_large_image","twitter_misc":{"Est. tempo de leitura":"1 minuto"},"schema":{"@context":"https:\/\/schema.org","@graph":[{"@type":"WebPage","@id":"https:\/\/neocultura.com.br\/tur\/es\/project\/museo-nacional-de-la-ufrj\/","url":"https:\/\/neocultura.com.br\/tur\/es\/project\/museo-nacional-de-la-ufrj\/","name":"Museo Nacional de la UFRJ - Rio de Janeiro - RJ - Brasil - Neocultura","isPartOf":{"@id":"https:\/\/neocultura.com.br\/tur\/#website"},"primaryImageOfPage":{"@id":"https:\/\/neocultura.com.br\/tur\/es\/project\/museo-nacional-de-la-ufrj\/#primaryimage"},"image":{"@id":"https:\/\/neocultura.com.br\/tur\/es\/project\/museo-nacional-de-la-ufrj\/#primaryimage"},"thumbnailUrl":"https:\/\/neocultura.com.br\/tur\/wp-content\/uploads\/2018\/07\/es-Museu-Nacional.jpg","datePublished":"2018-07-11T23:43:48+00:00","dateModified":"2022-11-08T21:57:52+00:00","breadcrumb":{"@id":"https:\/\/neocultura.com.br\/tur\/es\/project\/museo-nacional-de-la-ufrj\/#breadcrumb"},"inLanguage":"pt-BR","potentialAction":[{"@type":"ReadAction","target":["https:\/\/neocultura.com.br\/tur\/es\/project\/museo-nacional-de-la-ufrj\/"]}]},{"@type":"ImageObject","inLanguage":"pt-BR","@id":"https:\/\/neocultura.com.br\/tur\/es\/project\/museo-nacional-de-la-ufrj\/#primaryimage","url":"https:\/\/neocultura.com.br\/tur\/wp-content\/uploads\/2018\/07\/es-Museu-Nacional.jpg","contentUrl":"https:\/\/neocultura.com.br\/tur\/wp-content\/uploads\/2018\/07\/es-Museu-Nacional.jpg","width":804,"height":534},{"@type":"BreadcrumbList","@id":"https:\/\/neocultura.com.br\/tur\/es\/project\/museo-nacional-de-la-ufrj\/#breadcrumb","itemListElement":[{"@type":"ListItem","position":1,"name":"Home","item":"https:\/\/neocultura.com.br\/tur\/"},{"@type":"ListItem","position":2,"name":"Projects","item":"https:\/\/neocultura.com.br\/tur\/en\/project\/"},{"@type":"ListItem","position":3,"name":"Museo Nacional de la UFRJ &#8211; Rio de Janeiro &#8211; RJ &#8211; Brasil"}]},{"@type":"WebSite","@id":"https:\/\/neocultura.com.br\/tur\/#website","url":"https:\/\/neocultura.com.br\/tur\/","name":"Neocultura","description":"Neocultura","potentialAction":[{"@type":"SearchAction","target":{"@type":"EntryPoint","urlTemplate":"https:\/\/neocultura.com.br\/tur\/?s={search_term_string}"},"query-input":{"@type":"PropertyValueSpecification","valueRequired":true,"valueName":"search_term_string"}}],"inLanguage":"pt-BR"}]}},"_links":{"self":[{"href":"https:\/\/neocultura.com.br\/tur\/wp-json\/wp\/v2\/project\/2343","targetHints":{"allow":["GET"]}}],"collection":[{"href":"https:\/\/neocultura.com.br\/tur\/wp-json\/wp\/v2\/project"}],"about":[{"href":"https:\/\/neocultura.com.br\/tur\/wp-json\/wp\/v2\/types\/project"}],"author":[{"embeddable":true,"href":"https:\/\/neocultura.com.br\/tur\/wp-json\/wp\/v2\/users\/1"}],"replies":[{"embeddable":true,"href":"https:\/\/neocultura.com.br\/tur\/wp-json\/wp\/v2\/comments?post=2343"}],"version-history":[{"count":0,"href":"https:\/\/neocultura.com.br\/tur\/wp-json\/wp\/v2\/project\/2343\/revisions"}],"wp:featuredmedia":[{"embeddable":true,"href":"https:\/\/neocultura.com.br\/tur\/wp-json\/wp\/v2\/media\/2769"}],"wp:attachment":[{"href":"https:\/\/neocultura.com.br\/tur\/wp-json\/wp\/v2\/media?parent=2343"}],"wp:term":[{"taxonomy":"project_category","embeddable":true,"href":"https:\/\/neocultura.com.br\/tur\/wp-json\/wp\/v2\/project_category?post=2343"},{"taxonomy":"project_tag","embeddable":true,"href":"https:\/\/neocultura.com.br\/tur\/wp-json\/wp\/v2\/project_tag?post=2343"}],"curies":[{"name":"wp","href":"https:\/\/api.w.org\/{rel}","templated":true}]}}