{"id":120,"date":"2018-05-18T17:59:10","date_gmt":"2018-05-18T20:59:10","guid":{"rendered":"https:\/\/neocultura.com.br\/tur\/?page_id=120"},"modified":"2024-04-19T13:11:18","modified_gmt":"2024-04-19T16:11:18","slug":"muestras-de-audio","status":"publish","type":"page","link":"https:\/\/neocultura.com.br\/tur\/es\/muestras-de-audio\/","title":{"rendered":"MUESTRAS (A&#038;V)"},"content":{"rendered":"<p>[et_pb_section fb_built=&#8221;1&#8243; fullwidth=&#8221;on&#8221; _builder_version=&#8221;4.16&#8243; global_colors_info=&#8221;{}&#8221;][et_pb_fullwidth_image src=&#8221;https:\/\/neocultura.com.br\/tur\/wp-content\/uploads\/2018\/06\/T9-AMOSTRAS-Museu-PUC-Minas-1660-x-300-min.jpg&#8221; admin_label=&#8221;faixa (topo)&#8221; _builder_version=&#8221;4.16&#8243; global_colors_info=&#8221;{}&#8221;][\/et_pb_fullwidth_image][\/et_pb_section][et_pb_section fb_built=&#8221;1&#8243; _builder_version=&#8221;4.16&#8243; custom_padding=&#8221;28px||28px|&#8221; custom_css_main_element=&#8221;background-image: linear-gradient(to bottom, #B4CA8C, #5F8815);&#8221; global_colors_info=&#8221;{}&#8221;][et_pb_row _builder_version=&#8221;4.16&#8243; custom_padding=&#8221;0px||0px|&#8221; global_colors_info=&#8221;{}&#8221;][et_pb_column type=&#8221;4_4&#8243; _builder_version=&#8221;4.16&#8243; custom_padding=&#8221;|||&#8221; global_colors_info=&#8221;{}&#8221; custom_padding__hover=&#8221;|||&#8221;][et_pb_text admin_label=&#8221;MUESTRAS DE AUDIO&#8221; _builder_version=&#8221;4.16&#8243; global_colors_info=&#8221;{}&#8221;]<\/p>\n<h2 style=\"text-align: center;\"><span style=\"color: #000000;\"><strong>MUESTRAS DE AUDIO<\/strong><\/span><\/h2>\n<p>[\/et_pb_text][\/et_pb_column][\/et_pb_row][\/et_pb_section][et_pb_section fb_built=&#8221;1&#8243; _builder_version=&#8221;4.16&#8243; global_colors_info=&#8221;{}&#8221;][et_pb_row _builder_version=&#8221;4.16&#8243; background_size=&#8221;initial&#8221; background_position=&#8221;top_left&#8221; background_repeat=&#8221;repeat&#8221; global_colors_info=&#8221;{}&#8221;][et_pb_column type=&#8221;4_4&#8243; _builder_version=&#8221;4.16&#8243; custom_padding=&#8221;|||&#8221; global_colors_info=&#8221;{}&#8221; custom_padding__hover=&#8221;|||&#8221;][et_pb_text admin_label=&#8221;Escuche recortes de 30 segundos de pistas de audio producidas para algunos de nuestros clientes. Seleccionamos pistas en varios idiomas, de instituciones con diferentes tem\u00e1ticas, tipos de entonaci\u00f3n y abordaje del visitante, adem\u00e1s de versiones accesibles, narraciones destinadas a ni\u00f1os, a poblaciones ind\u00edgenas, o con especial atenci\u00f3n a los efectos sonoros.&#8221; _builder_version=&#8221;4.16&#8243; global_colors_info=&#8221;{}&#8221;]<\/p>\n<p style=\"text-align: justify;\">Escuche recortes de 30 segundos de pistas de audio producidas para algunos de nuestros clientes. Seleccionamos pistas en varios idiomas, de instituciones con diferentes tem\u00e1ticas, tipos de entonaci\u00f3n y abordaje del visitante, adem\u00e1s de versiones accesibles, narraciones destinadas a ni\u00f1os, a poblaciones ind\u00edgenas, o con especial atenci\u00f3n a los efectos sonoros.<\/p>\n<p>[\/et_pb_text][et_pb_code _builder_version=&#8221;4.17.4&#8243; _module_preset=&#8221;default&#8221; global_colors_info=&#8221;{}&#8221;]<div class=\"cue-playlist-container\">\n<div class=\"cue-playlist cue-theme-default\" itemscope itemtype=\"http:\/\/schema.org\/MusicPlaylist\">\n\t\n\t<meta itemprop=\"numTracks\" content=\"71\" \/>\n\n\t<audio src=\"https:\/\/neocultura.com.br\/tur\/wp-content\/uploads\/2018\/05\/1-PORTUGU\u00caS-Museu-Lasar-Segall-28-Pogrom-sample.mp3\" controls preload=\"none\" class=\"cue-audio\" style=\"width: 100%; height: auto\"><\/audio>\n\n\t<ol class=\"cue-tracks\">\n\t\t\t\t\t<li class=\"cue-track\" itemprop=\"track\" itemscope itemtype=\"http:\/\/schema.org\/MusicRecording\">\n\t\t\t\t\n\t\t\t\t<span class=\"cue-track-details cue-track-cell\">\n\t\t\t\t\t<span class=\"cue-track-title\" itemprop=\"name\">1 - PORTUGU\u00caS - Museu Lasar Segall - #28 - Pogrom (sample)<\/span>\n\t\t\t\t\t<span class=\"cue-track-artist\" itemprop=\"byArtist\">NeoCultura<\/span>\n\t\t\t\t<\/span>\n\n\t\t\t\t\n\t\t\t\t<span class=\"cue-track-length cue-track-cell\">0:27<\/span>\n\n\t\t\t\t\t\t\t<\/li>\n\t\t\t\t\t<li class=\"cue-track\" itemprop=\"track\" itemscope itemtype=\"http:\/\/schema.org\/MusicRecording\">\n\t\t\t\t\n\t\t\t\t<span class=\"cue-track-details cue-track-cell\">\n\t\t\t\t\t<span class=\"cue-track-title\" itemprop=\"name\">2 - ENGLISH - Museu da Imigra\u00e7\u00e3o - #4 - Diaspora (sample)<\/span>\n\t\t\t\t\t<span class=\"cue-track-artist\" itemprop=\"byArtist\">NeoCultura<\/span>\n\t\t\t\t<\/span>\n\n\t\t\t\t\n\t\t\t\t<span class=\"cue-track-length cue-track-cell\">0:28<\/span>\n\n\t\t\t\t\t\t\t<\/li>\n\t\t\t\t\t<li class=\"cue-track\" itemprop=\"track\" itemscope itemtype=\"http:\/\/schema.org\/MusicRecording\">\n\t\t\t\t\n\t\t\t\t<span class=\"cue-track-details cue-track-cell\">\n\t\t\t\t\t<span class=\"cue-track-title\" itemprop=\"name\">3 - ESPA\u00d1OL - Museu da Rep\u00fablica - #21 - Sal\u00f3n de Banquetes (sample)<\/span>\n\t\t\t\t\t<span class=\"cue-track-artist\" itemprop=\"byArtist\">NeoCultura<\/span>\n\t\t\t\t<\/span>\n\n\t\t\t\t\n\t\t\t\t<span class=\"cue-track-length cue-track-cell\">0:34<\/span>\n\n\t\t\t\t\t\t\t<\/li>\n\t\t\t\t\t<li class=\"cue-track\" itemprop=\"track\" itemscope itemtype=\"http:\/\/schema.org\/MusicRecording\">\n\t\t\t\t\n\t\t\t\t<span class=\"cue-track-details cue-track-cell\">\n\t\t\t\t\t<span class=\"cue-track-title\" itemprop=\"name\">4 - FRAN\u00c7AIS - Instituto Ricardo Brennand - #3 - Ange cartela (sample)<\/span>\n\t\t\t\t\t<span class=\"cue-track-artist\" itemprop=\"byArtist\">NeoCultura<\/span>\n\t\t\t\t<\/span>\n\n\t\t\t\t\n\t\t\t\t<span class=\"cue-track-length cue-track-cell\">0:33<\/span>\n\n\t\t\t\t\t\t\t<\/li>\n\t\t\t\t\t<li class=\"cue-track\" itemprop=\"track\" itemscope itemtype=\"http:\/\/schema.org\/MusicRecording\">\n\t\t\t\t\n\t\t\t\t<span class=\"cue-track-details cue-track-cell\">\n\t\t\t\t\t<span class=\"cue-track-title\" itemprop=\"name\">5 - ITALIANO - Miss\u00f5es de S\u00e3o Miguel - #15 - Chiostro (sample)<\/span>\n\t\t\t\t\t<span class=\"cue-track-artist\" itemprop=\"byArtist\">NeoCultura<\/span>\n\t\t\t\t<\/span>\n\n\t\t\t\t\n\t\t\t\t<span class=\"cue-track-length cue-track-cell\">0:32<\/span>\n\n\t\t\t\t\t\t\t<\/li>\n\t\t\t\t\t<li class=\"cue-track\" itemprop=\"track\" itemscope itemtype=\"http:\/\/schema.org\/MusicRecording\">\n\t\t\t\t\n\t\t\t\t<span class=\"cue-track-details cue-track-cell\">\n\t\t\t\t\t<span class=\"cue-track-title\" itemprop=\"name\">6 - DEUTSCH - Mosteiro de S\u00e3o Bento - #10 - Seitenkapellen (sample)<\/span>\n\t\t\t\t\t<span class=\"cue-track-artist\" itemprop=\"byArtist\">NeoCultura<\/span>\n\t\t\t\t<\/span>\n\n\t\t\t\t\n\t\t\t\t<span class=\"cue-track-length cue-track-cell\">0:29<\/span>\n\n\t\t\t\t\t\t\t<\/li>\n\t\t\t\t\t<li class=\"cue-track\" itemprop=\"track\" itemscope itemtype=\"http:\/\/schema.org\/MusicRecording\">\n\t\t\t\t\n\t\t\t\t<span class=\"cue-track-details cue-track-cell\">\n\t\t\t\t\t<span class=\"cue-track-title\" itemprop=\"name\">7 - GUARANI (I) - Museu do \u00cdndio - #11 - BUTI\u00caS (sample)<\/span>\n\t\t\t\t\t<span class=\"cue-track-artist\" itemprop=\"byArtist\">NeoCultura<\/span>\n\t\t\t\t<\/span>\n\n\t\t\t\t\n\t\t\t\t<span class=\"cue-track-length cue-track-cell\">0:24<\/span>\n\n\t\t\t\t\t\t\t<\/li>\n\t\t\t\t\t<li class=\"cue-track\" itemprop=\"track\" itemscope itemtype=\"http:\/\/schema.org\/MusicRecording\">\n\t\t\t\t\n\t\t\t\t<span class=\"cue-track-details cue-track-cell\">\n\t\t\t\t\t<span class=\"cue-track-title\" itemprop=\"name\">8 - TICUNA (I) - Museu do \u00cdndio - #19 - Dan\u00e7a dos p\u00e1ssaros (sample)<\/span>\n\t\t\t\t\t<span class=\"cue-track-artist\" itemprop=\"byArtist\">NeoCultura<\/span>\n\t\t\t\t<\/span>\n\n\t\t\t\t\n\t\t\t\t<span class=\"cue-track-length cue-track-cell\">0:15<\/span>\n\n\t\t\t\t\t\t\t<\/li>\n\t\t\t\t\t<li class=\"cue-track\" itemprop=\"track\" itemscope itemtype=\"http:\/\/schema.org\/MusicRecording\">\n\t\t\t\t\n\t\t\t\t<span class=\"cue-track-details cue-track-cell\">\n\t\t\t\t\t<span class=\"cue-track-title\" itemprop=\"name\">9 - KAIAP\u00d3 (I) - Museu do \u00cdndio - #5 - Adornos dos Povos do Norte (sample)<\/span>\n\t\t\t\t\t<span class=\"cue-track-artist\" itemprop=\"byArtist\">NeoCultura<\/span>\n\t\t\t\t<\/span>\n\n\t\t\t\t\n\t\t\t\t<span class=\"cue-track-length cue-track-cell\">0:26<\/span>\n\n\t\t\t\t\t\t\t<\/li>\n\t\t\t\t\t<li class=\"cue-track\" itemprop=\"track\" itemscope itemtype=\"http:\/\/schema.org\/MusicRecording\">\n\t\t\t\t\n\t\t\t\t<span class=\"cue-track-details cue-track-cell\">\n\t\t\t\t\t<span class=\"cue-track-title\" itemprop=\"name\">10 - YEKUANA (I) - Museu do \u00cdndio - #10 - Povos Yanomami e Yekuana (sample)<\/span>\n\t\t\t\t\t<span class=\"cue-track-artist\" itemprop=\"byArtist\">NeoCultura<\/span>\n\t\t\t\t<\/span>\n\n\t\t\t\t\n\t\t\t\t<span class=\"cue-track-length cue-track-cell\">0:31<\/span>\n\n\t\t\t\t\t\t\t<\/li>\n\t\t\t\t\t<li class=\"cue-track\" itemprop=\"track\" itemscope itemtype=\"http:\/\/schema.org\/MusicRecording\">\n\t\t\t\t\n\t\t\t\t<span class=\"cue-track-details cue-track-cell\">\n\t\t\t\t\t<span class=\"cue-track-title\" itemprop=\"name\">11 - MARUBO (I) - Museu do \u00cdndio - #5 - Adornos dos Povos do Norte (sample)<\/span>\n\t\t\t\t\t<span class=\"cue-track-artist\" itemprop=\"byArtist\">NeoCultura<\/span>\n\t\t\t\t<\/span>\n\n\t\t\t\t\n\t\t\t\t<span class=\"cue-track-length cue-track-cell\">0:34<\/span>\n\n\t\t\t\t\t\t\t<\/li>\n\t\t\t\t\t<li class=\"cue-track\" itemprop=\"track\" itemscope itemtype=\"http:\/\/schema.org\/MusicRecording\">\n\t\t\t\t\n\t\t\t\t<span class=\"cue-track-details cue-track-cell\">\n\t\t\t\t\t<span class=\"cue-track-title\" itemprop=\"name\">12 - KAINGANG (I) - Museu do \u00cdndio - #10 - Povos Yanomami e Yekuana (sample)<\/span>\n\t\t\t\t\t<span class=\"cue-track-artist\" itemprop=\"byArtist\">NeoCultura<\/span>\n\t\t\t\t<\/span>\n\n\t\t\t\t\n\t\t\t\t<span class=\"cue-track-length cue-track-cell\">0:25<\/span>\n\n\t\t\t\t\t\t\t<\/li>\n\t\t\t\t\t<li class=\"cue-track\" itemprop=\"track\" itemscope itemtype=\"http:\/\/schema.org\/MusicRecording\">\n\t\t\t\t\n\t\t\t\t<span class=\"cue-track-details cue-track-cell\">\n\t\t\t\t\t<span class=\"cue-track-title\" itemprop=\"name\">13 - AD - Museu H M de S\u00e3o Jos\u00e9 - #5 - Quadro de Pl\u00ednio Verani (sample)<\/span>\n\t\t\t\t\t<span class=\"cue-track-artist\" itemprop=\"byArtist\">NeoCultura<\/span>\n\t\t\t\t<\/span>\n\n\t\t\t\t\n\t\t\t\t<span class=\"cue-track-length cue-track-cell\">0:33<\/span>\n\n\t\t\t\t\t\t\t<\/li>\n\t\t\t\t\t<li class=\"cue-track\" itemprop=\"track\" itemscope itemtype=\"http:\/\/schema.org\/MusicRecording\">\n\t\t\t\t\n\t\t\t\t<span class=\"cue-track-details cue-track-cell\">\n\t\t\t\t\t<span class=\"cue-track-title\" itemprop=\"name\">14 - N IDIOMAS - An\u00fancios dos nomes dos museus (sample)<\/span>\n\t\t\t\t\t<span class=\"cue-track-artist\" itemprop=\"byArtist\">NeoCultura<\/span>\n\t\t\t\t<\/span>\n\n\t\t\t\t\n\t\t\t\t<span class=\"cue-track-length cue-track-cell\">0:32<\/span>\n\n\t\t\t\t\t\t\t<\/li>\n\t\t\t\t\t<li class=\"cue-track\" itemprop=\"track\" itemscope itemtype=\"http:\/\/schema.org\/MusicRecording\">\n\t\t\t\t\n\t\t\t\t<span class=\"cue-track-details cue-track-cell\">\n\t\t\t\t\t<span class=\"cue-track-title\" itemprop=\"name\">15 - ITALIANO - Mosteiro de S\u00e3o Bento - #5 - La Chiesa di Nostra Signora di Montserrat<\/span>\n\t\t\t\t\t<span class=\"cue-track-artist\" itemprop=\"byArtist\"><\/span>\n\t\t\t\t<\/span>\n\n\t\t\t\t\n\t\t\t\t<span class=\"cue-track-length cue-track-cell\">0:29<\/span>\n\n\t\t\t\t\t\t\t<\/li>\n\t\t\t\t\t<li class=\"cue-track\" itemprop=\"track\" itemscope itemtype=\"http:\/\/schema.org\/MusicRecording\">\n\t\t\t\t\n\t\t\t\t<span class=\"cue-track-details cue-track-cell\">\n\t\t\t\t\t<span class=\"cue-track-title\" itemprop=\"name\">16 - PORTUGU\u00caS - Museu da Inconfid\u00eancia - #8 - Castigo Escravo (sample)<\/span>\n\t\t\t\t\t<span class=\"cue-track-artist\" itemprop=\"byArtist\">NeoCultura<\/span>\n\t\t\t\t<\/span>\n\n\t\t\t\t\n\t\t\t\t<span class=\"cue-track-length cue-track-cell\">0:30<\/span>\n\n\t\t\t\t\t\t\t<\/li>\n\t\t\t\t\t<li class=\"cue-track\" itemprop=\"track\" itemscope itemtype=\"http:\/\/schema.org\/MusicRecording\">\n\t\t\t\t\n\t\t\t\t<span class=\"cue-track-details cue-track-cell\">\n\t\t\t\t\t<span class=\"cue-track-title\" itemprop=\"name\">17 - PORTUGU\u00caS - Casas Natura - #9 - Natur\u00e9 (sample)<\/span>\n\t\t\t\t\t<span class=\"cue-track-artist\" itemprop=\"byArtist\">NeoCultura<\/span>\n\t\t\t\t<\/span>\n\n\t\t\t\t\n\t\t\t\t<span class=\"cue-track-length cue-track-cell\">0:33<\/span>\n\n\t\t\t\t\t\t\t<\/li>\n\t\t\t\t\t<li class=\"cue-track\" itemprop=\"track\" itemscope itemtype=\"http:\/\/schema.org\/MusicRecording\">\n\t\t\t\t\n\t\t\t\t<span class=\"cue-track-details cue-track-cell\">\n\t\t\t\t\t<span class=\"cue-track-title\" itemprop=\"name\">18 - PORTUGU\u00caS - Pal\u00e1cio da Liberdade - #99 - Boas vindas (sample)<\/span>\n\t\t\t\t\t<span class=\"cue-track-artist\" itemprop=\"byArtist\">NeoCultura<\/span>\n\t\t\t\t<\/span>\n\n\t\t\t\t\n\t\t\t\t<span class=\"cue-track-length cue-track-cell\">0:36<\/span>\n\n\t\t\t\t\t\t\t<\/li>\n\t\t\t\t\t<li class=\"cue-track\" itemprop=\"track\" itemscope itemtype=\"http:\/\/schema.org\/MusicRecording\">\n\t\t\t\t\n\t\t\t\t<span class=\"cue-track-details cue-track-cell\">\n\t\t\t\t\t<span class=\"cue-track-title\" itemprop=\"name\">19 - ENGLISH - Museu Nacional de Belas Artes - #26 - First mass in Brazil (sample)<\/span>\n\t\t\t\t\t<span class=\"cue-track-artist\" itemprop=\"byArtist\">NeoCultura<\/span>\n\t\t\t\t<\/span>\n\n\t\t\t\t\n\t\t\t\t<span class=\"cue-track-length cue-track-cell\">0:42<\/span>\n\n\t\t\t\t\t\t\t<\/li>\n\t\t\t\t\t<li class=\"cue-track\" itemprop=\"track\" itemscope itemtype=\"http:\/\/schema.org\/MusicRecording\">\n\t\t\t\t\n\t\t\t\t<span class=\"cue-track-details cue-track-cell\">\n\t\t\t\t\t<span class=\"cue-track-title\" itemprop=\"name\">20 - ENGLISH - Museu Hist\u00f3rico Nacional - #13 - D Jo\u00e3o VI (sample)<\/span>\n\t\t\t\t\t<span class=\"cue-track-artist\" itemprop=\"byArtist\">NeoCultura<\/span>\n\t\t\t\t<\/span>\n\n\t\t\t\t\n\t\t\t\t<span class=\"cue-track-length cue-track-cell\">0:30<\/span>\n\n\t\t\t\t\t\t\t<\/li>\n\t\t\t\t\t<li class=\"cue-track\" itemprop=\"track\" itemscope itemtype=\"http:\/\/schema.org\/MusicRecording\">\n\t\t\t\t\n\t\t\t\t<span class=\"cue-track-details cue-track-cell\">\n\t\t\t\t\t<span class=\"cue-track-title\" itemprop=\"name\">21 - ESPA\u00d1OL - Escola SESC - #22 - F\u00e1bio Ema (sample)<\/span>\n\t\t\t\t\t<span class=\"cue-track-artist\" itemprop=\"byArtist\">NeoCultura<\/span>\n\t\t\t\t<\/span>\n\n\t\t\t\t\n\t\t\t\t<span class=\"cue-track-length cue-track-cell\">0:32<\/span>\n\n\t\t\t\t\t\t\t<\/li>\n\t\t\t\t\t<li class=\"cue-track\" itemprop=\"track\" itemscope itemtype=\"http:\/\/schema.org\/MusicRecording\">\n\t\t\t\t\n\t\t\t\t<span class=\"cue-track-details cue-track-cell\">\n\t\t\t\t\t<span class=\"cue-track-title\" itemprop=\"name\">22 - ESPA\u00d1OL (ni\u00f1os) - Miss\u00f5es de S\u00e3o Miguel - #12 - Incendio (sample)<\/span>\n\t\t\t\t\t<span class=\"cue-track-artist\" itemprop=\"byArtist\">NeoCultura<\/span>\n\t\t\t\t<\/span>\n\n\t\t\t\t\n\t\t\t\t<span class=\"cue-track-length cue-track-cell\">0:32<\/span>\n\n\t\t\t\t\t\t\t<\/li>\n\t\t\t\t\t<li class=\"cue-track\" itemprop=\"track\" itemscope itemtype=\"http:\/\/schema.org\/MusicRecording\">\n\t\t\t\t\n\t\t\t\t<span class=\"cue-track-details cue-track-cell\">\n\t\t\t\t\t<span class=\"cue-track-title\" itemprop=\"name\">23 - FRAN\u00c7AIS - Museu TAM - #6 - 14 Bis (sample)<\/span>\n\t\t\t\t\t<span class=\"cue-track-artist\" itemprop=\"byArtist\">NeoCultura<\/span>\n\t\t\t\t<\/span>\n\n\t\t\t\t\n\t\t\t\t<span class=\"cue-track-length cue-track-cell\">1:43<\/span>\n\n\t\t\t\t\t\t\t<\/li>\n\t\t\t\t\t<li class=\"cue-track\" itemprop=\"track\" itemscope itemtype=\"http:\/\/schema.org\/MusicRecording\">\n\t\t\t\t\n\t\t\t\t<span class=\"cue-track-details cue-track-cell\">\n\t\t\t\t\t<span class=\"cue-track-title\" itemprop=\"name\">24 - FRAN\u00c7AIS - SESC Quitandinha - #6 - Salle des Enfants (sample)<\/span>\n\t\t\t\t\t<span class=\"cue-track-artist\" itemprop=\"byArtist\">NeoCultura<\/span>\n\t\t\t\t<\/span>\n\n\t\t\t\t\n\t\t\t\t<span class=\"cue-track-length cue-track-cell\">0:33<\/span>\n\n\t\t\t\t\t\t\t<\/li>\n\t\t\t\t\t<li class=\"cue-track\" itemprop=\"track\" itemscope itemtype=\"http:\/\/schema.org\/MusicRecording\">\n\t\t\t\t\n\t\t\t\t<span class=\"cue-track-details cue-track-cell\">\n\t\t\t\t\t<span class=\"cue-track-title\" itemprop=\"name\">25 - ITALIANO - Miss\u00f5es de S\u00e3o Miguel - #99 - Benvenuto (sample)<\/span>\n\t\t\t\t\t<span class=\"cue-track-artist\" itemprop=\"byArtist\">NeoCultura<\/span>\n\t\t\t\t<\/span>\n\n\t\t\t\t\n\t\t\t\t<span class=\"cue-track-length cue-track-cell\">0:51<\/span>\n\n\t\t\t\t\t\t\t<\/li>\n\t\t\t\t\t<li class=\"cue-track\" itemprop=\"track\" itemscope itemtype=\"http:\/\/schema.org\/MusicRecording\">\n\t\t\t\t\n\t\t\t\t<span class=\"cue-track-details cue-track-cell\">\n\t\t\t\t\t<span class=\"cue-track-title\" itemprop=\"name\">26 - DEUTSCH - Mosteiro de S\u00e3o Bento - #14 - Gregorianischer Gesang (sample)<\/span>\n\t\t\t\t\t<span class=\"cue-track-artist\" itemprop=\"byArtist\">NeoCultura<\/span>\n\t\t\t\t<\/span>\n\n\t\t\t\t\n\t\t\t\t<span class=\"cue-track-length cue-track-cell\">0:40<\/span>\n\n\t\t\t\t\t\t\t<\/li>\n\t\t\t\t\t<li class=\"cue-track\" itemprop=\"track\" itemscope itemtype=\"http:\/\/schema.org\/MusicRecording\">\n\t\t\t\t\n\t\t\t\t<span class=\"cue-track-details cue-track-cell\">\n\t\t\t\t\t<span class=\"cue-track-title\" itemprop=\"name\">27 - GUARANI (infantil) - Miss\u00f5es de S\u00e3o Miguel - #7 - Resid\u00eancias ind\u00edgenas (sample)<\/span>\n\t\t\t\t\t<span class=\"cue-track-artist\" itemprop=\"byArtist\">NeoCultura<\/span>\n\t\t\t\t<\/span>\n\n\t\t\t\t\n\t\t\t\t<span class=\"cue-track-length cue-track-cell\">0:36<\/span>\n\n\t\t\t\t\t\t\t<\/li>\n\t\t\t\t\t<li class=\"cue-track\" itemprop=\"track\" itemscope itemtype=\"http:\/\/schema.org\/MusicRecording\">\n\t\t\t\t\n\t\t\t\t<span class=\"cue-track-details cue-track-cell\">\n\t\t\t\t\t<span class=\"cue-track-title\" itemprop=\"name\">28 - AD - Museu Hist\u00f3rico Nacional - #30 - Canh\u00e3o franc\u00eas (sample)<\/span>\n\t\t\t\t\t<span class=\"cue-track-artist\" itemprop=\"byArtist\">NeoCultura<\/span>\n\t\t\t\t<\/span>\n\n\t\t\t\t\n\t\t\t\t<span class=\"cue-track-length cue-track-cell\">0:55<\/span>\n\n\t\t\t\t\t\t\t<\/li>\n\t\t\t\t\t<li class=\"cue-track\" itemprop=\"track\" itemscope itemtype=\"http:\/\/schema.org\/MusicRecording\">\n\t\t\t\t\n\t\t\t\t<span class=\"cue-track-details cue-track-cell\">\n\t\t\t\t\t<span class=\"cue-track-title\" itemprop=\"name\">29 - PORTUGU\u00caS - Morar Mais - Pout pourri (full)<\/span>\n\t\t\t\t\t<span class=\"cue-track-artist\" itemprop=\"byArtist\"><\/span>\n\t\t\t\t<\/span>\n\n\t\t\t\t\n\t\t\t\t<span class=\"cue-track-length cue-track-cell\">1:40<\/span>\n\n\t\t\t\t\t\t\t<\/li>\n\t\t\t\t\t<li class=\"cue-track\" itemprop=\"track\" itemscope itemtype=\"http:\/\/schema.org\/MusicRecording\">\n\t\t\t\t\n\t\t\t\t<span class=\"cue-track-details cue-track-cell\">\n\t\t\t\t\t<span class=\"cue-track-title\" itemprop=\"name\">30 - PORTUGU\u00caS (infantil) - Miss\u00f5es de S\u00e3o Miguel - #17 - A Quinta (sample)<\/span>\n\t\t\t\t\t<span class=\"cue-track-artist\" itemprop=\"byArtist\">NeoCultura<\/span>\n\t\t\t\t<\/span>\n\n\t\t\t\t\n\t\t\t\t<span class=\"cue-track-length cue-track-cell\">0:34<\/span>\n\n\t\t\t\t\t\t\t<\/li>\n\t\t\t\t\t<li class=\"cue-track\" itemprop=\"track\" itemscope itemtype=\"http:\/\/schema.org\/MusicRecording\">\n\t\t\t\t\n\t\t\t\t<span class=\"cue-track-details cue-track-cell\">\n\t\t\t\t\t<span class=\"cue-track-title\" itemprop=\"name\">31 - PORTUGU\u00caS - Santa Casa - #7 - A Roda dos Expostos (sample)<\/span>\n\t\t\t\t\t<span class=\"cue-track-artist\" itemprop=\"byArtist\">NeoCultura<\/span>\n\t\t\t\t<\/span>\n\n\t\t\t\t\n\t\t\t\t<span class=\"cue-track-length cue-track-cell\">1:15<\/span>\n\n\t\t\t\t\t\t\t<\/li>\n\t\t\t\t\t<li class=\"cue-track\" itemprop=\"track\" itemscope itemtype=\"http:\/\/schema.org\/MusicRecording\">\n\t\t\t\t\n\t\t\t\t<span class=\"cue-track-details cue-track-cell\">\n\t\t\t\t\t<span class=\"cue-track-title\" itemprop=\"name\">32 - ESPA\u00d1OL - Mosteiro de S\u00e3o Bento - #3 - Puertas de la Iglesia (sample)<\/span>\n\t\t\t\t\t<span class=\"cue-track-artist\" itemprop=\"byArtist\">NeoCultura<\/span>\n\t\t\t\t<\/span>\n\n\t\t\t\t\n\t\t\t\t<span class=\"cue-track-length cue-track-cell\">0:43<\/span>\n\n\t\t\t\t\t\t\t<\/li>\n\t\t\t\t\t<li class=\"cue-track\" itemprop=\"track\" itemscope itemtype=\"http:\/\/schema.org\/MusicRecording\">\n\t\t\t\t\n\t\t\t\t<span class=\"cue-track-details cue-track-cell\">\n\t\t\t\t\t<span class=\"cue-track-title\" itemprop=\"name\">33 - ESPA\u00d1OL - Museu Nacional de Belas Artes - #24 - Misi\u00f3n art\u00edstica francesa (sample)<\/span>\n\t\t\t\t\t<span class=\"cue-track-artist\" itemprop=\"byArtist\">NeoCultura<\/span>\n\t\t\t\t<\/span>\n\n\t\t\t\t\n\t\t\t\t<span class=\"cue-track-length cue-track-cell\">0:58<\/span>\n\n\t\t\t\t\t\t\t<\/li>\n\t\t\t\t\t<li class=\"cue-track\" itemprop=\"track\" itemscope itemtype=\"http:\/\/schema.org\/MusicRecording\">\n\t\t\t\t\n\t\t\t\t<span class=\"cue-track-details cue-track-cell\">\n\t\t\t\t\t<span class=\"cue-track-title\" itemprop=\"name\">34 - ESPA\u00d1OL - Museu TAM - #14 - MIG-15 (sample)<\/span>\n\t\t\t\t\t<span class=\"cue-track-artist\" itemprop=\"byArtist\">NeoCultura<\/span>\n\t\t\t\t<\/span>\n\n\t\t\t\t\n\t\t\t\t<span class=\"cue-track-length cue-track-cell\">1:04<\/span>\n\n\t\t\t\t\t\t\t<\/li>\n\t\t\t\t\t<li class=\"cue-track\" itemprop=\"track\" itemscope itemtype=\"http:\/\/schema.org\/MusicRecording\">\n\t\t\t\t\n\t\t\t\t<span class=\"cue-track-details cue-track-cell\">\n\t\t\t\t\t<span class=\"cue-track-title\" itemprop=\"name\">35 - FRAN\u00c7AIS - Pal\u00e1cio da Liberdade - #16 - Chambre du Gouverneur (sample)<\/span>\n\t\t\t\t\t<span class=\"cue-track-artist\" itemprop=\"byArtist\">NeoCultura<\/span>\n\t\t\t\t<\/span>\n\n\t\t\t\t\n\t\t\t\t<span class=\"cue-track-length cue-track-cell\">0:18<\/span>\n\n\t\t\t\t\t\t\t<\/li>\n\t\t\t\t\t<li class=\"cue-track\" itemprop=\"track\" itemscope itemtype=\"http:\/\/schema.org\/MusicRecording\">\n\t\t\t\t\n\t\t\t\t<span class=\"cue-track-details cue-track-cell\">\n\t\t\t\t\t<span class=\"cue-track-title\" itemprop=\"name\">36 - FRAN\u00c7AIS - Instituto Ricardo Brennand - #23 - Mus\u00e9e de Cire - Th\u00e9\u00e2tralisation (sample)<\/span>\n\t\t\t\t\t<span class=\"cue-track-artist\" itemprop=\"byArtist\">NeoCultura<\/span>\n\t\t\t\t<\/span>\n\n\t\t\t\t\n\t\t\t\t<span class=\"cue-track-length cue-track-cell\">1:14<\/span>\n\n\t\t\t\t\t\t\t<\/li>\n\t\t\t\t\t<li class=\"cue-track\" itemprop=\"track\" itemscope itemtype=\"http:\/\/schema.org\/MusicRecording\">\n\t\t\t\t\n\t\t\t\t<span class=\"cue-track-details cue-track-cell\">\n\t\t\t\t\t<span class=\"cue-track-title\" itemprop=\"name\">37 - ITALIANO - Mosteiro de S\u00e3o Bento - #14 - Canto Gregoriano (full)<\/span>\n\t\t\t\t\t<span class=\"cue-track-artist\" itemprop=\"byArtist\"><\/span>\n\t\t\t\t<\/span>\n\n\t\t\t\t\n\t\t\t\t<span class=\"cue-track-length cue-track-cell\">1:19<\/span>\n\n\t\t\t\t\t\t\t<\/li>\n\t\t\t\t\t<li class=\"cue-track\" itemprop=\"track\" itemscope itemtype=\"http:\/\/schema.org\/MusicRecording\">\n\t\t\t\t\n\t\t\t\t<span class=\"cue-track-details cue-track-cell\">\n\t\t\t\t\t<span class=\"cue-track-title\" itemprop=\"name\">38 - AD - Exposi\u00e7\u00e3o PARA TODOS - #31 (sample)<\/span>\n\t\t\t\t\t<span class=\"cue-track-artist\" itemprop=\"byArtist\">NeoCultura<\/span>\n\t\t\t\t<\/span>\n\n\t\t\t\t\n\t\t\t\t<span class=\"cue-track-length cue-track-cell\">0:35<\/span>\n\n\t\t\t\t\t\t\t<\/li>\n\t\t\t\t\t<li class=\"cue-track\" itemprop=\"track\" itemscope itemtype=\"http:\/\/schema.org\/MusicRecording\">\n\t\t\t\t\n\t\t\t\t<span class=\"cue-track-details cue-track-cell\">\n\t\t\t\t\t<span class=\"cue-track-title\" itemprop=\"name\">39 - AD - Museu H M de S\u00e3o Jos\u00e9 - #12 - Mem\u00f3ria do trabalho e rela\u00e7\u00f5es de g\u00eanero (sample)<\/span>\n\t\t\t\t\t<span class=\"cue-track-artist\" itemprop=\"byArtist\">NeoCultura<\/span>\n\t\t\t\t<\/span>\n\n\t\t\t\t\n\t\t\t\t<span class=\"cue-track-length cue-track-cell\">1:13<\/span>\n\n\t\t\t\t\t\t\t<\/li>\n\t\t\t\t\t<li class=\"cue-track\" itemprop=\"track\" itemscope itemtype=\"http:\/\/schema.org\/MusicRecording\">\n\t\t\t\t\n\t\t\t\t<span class=\"cue-track-details cue-track-cell\">\n\t\t\t\t\t<span class=\"cue-track-title\" itemprop=\"name\">40 - AD - Museu Hist\u00f3rico Nacional - #17 - Combate Naval do Riachuelo (sample)<\/span>\n\t\t\t\t\t<span class=\"cue-track-artist\" itemprop=\"byArtist\"><\/span>\n\t\t\t\t<\/span>\n\n\t\t\t\t\n\t\t\t\t<span class=\"cue-track-length cue-track-cell\">1:09<\/span>\n\n\t\t\t\t\t\t\t<\/li>\n\t\t\t\t\t<li class=\"cue-track\" itemprop=\"track\" itemscope itemtype=\"http:\/\/schema.org\/MusicRecording\">\n\t\t\t\t\n\t\t\t\t<span class=\"cue-track-details cue-track-cell\">\n\t\t\t\t\t<span class=\"cue-track-title\" itemprop=\"name\">41 - PORTUGU\u00caS - Museu Victor Meirelles - #99 - Boas Vindas (sample)<\/span>\n\t\t\t\t\t<span class=\"cue-track-artist\" itemprop=\"byArtist\">NeoCultura<\/span>\n\t\t\t\t<\/span>\n\n\t\t\t\t\n\t\t\t\t<span class=\"cue-track-length cue-track-cell\">0:43<\/span>\n\n\t\t\t\t\t\t\t<\/li>\n\t\t\t\t\t<li class=\"cue-track\" itemprop=\"track\" itemscope itemtype=\"http:\/\/schema.org\/MusicRecording\">\n\t\t\t\t\n\t\t\t\t<span class=\"cue-track-details cue-track-cell\">\n\t\t\t\t\t<span class=\"cue-track-title\" itemprop=\"name\">42 - PORTUGU\u00caS - Pinacoteca - #44 - As pinturas Caipiras de Almeida Jr (sample)<\/span>\n\t\t\t\t\t<span class=\"cue-track-artist\" itemprop=\"byArtist\">NeoCultura<\/span>\n\t\t\t\t<\/span>\n\n\t\t\t\t\n\t\t\t\t<span class=\"cue-track-length cue-track-cell\">0:36<\/span>\n\n\t\t\t\t\t\t\t<\/li>\n\t\t\t\t\t<li class=\"cue-track\" itemprop=\"track\" itemscope itemtype=\"http:\/\/schema.org\/MusicRecording\">\n\t\t\t\t\n\t\t\t\t<span class=\"cue-track-details cue-track-cell\">\n\t\t\t\t\t<span class=\"cue-track-title\" itemprop=\"name\">43 - PORTUGU\u00caS - Museu Vale - #9 - Acordo de Washington (sample)<\/span>\n\t\t\t\t\t<span class=\"cue-track-artist\" itemprop=\"byArtist\">NeoCultura<\/span>\n\t\t\t\t<\/span>\n\n\t\t\t\t\n\t\t\t\t<span class=\"cue-track-length cue-track-cell\">0:54<\/span>\n\n\t\t\t\t\t\t\t<\/li>\n\t\t\t\t\t<li class=\"cue-track\" itemprop=\"track\" itemscope itemtype=\"http:\/\/schema.org\/MusicRecording\">\n\t\t\t\t\n\t\t\t\t<span class=\"cue-track-details cue-track-cell\">\n\t\t\t\t\t<span class=\"cue-track-title\" itemprop=\"name\">44 - PORTUGU\u00caS - Museu H M de S\u00e3o Jos\u00e9 - #80 - Trapiche (sample)<\/span>\n\t\t\t\t\t<span class=\"cue-track-artist\" itemprop=\"byArtist\">NeoCultura<\/span>\n\t\t\t\t<\/span>\n\n\t\t\t\t\n\t\t\t\t<span class=\"cue-track-length cue-track-cell\">0:54<\/span>\n\n\t\t\t\t\t\t\t<\/li>\n\t\t\t\t\t<li class=\"cue-track\" itemprop=\"track\" itemscope itemtype=\"http:\/\/schema.org\/MusicRecording\">\n\t\t\t\t\n\t\t\t\t<span class=\"cue-track-details cue-track-cell\">\n\t\t\t\t\t<span class=\"cue-track-title\" itemprop=\"name\">45 - PORTUGU\u00caS - Museu Lasar Segall - #39 - Ateli\u00ea (sample)<\/span>\n\t\t\t\t\t<span class=\"cue-track-artist\" itemprop=\"byArtist\">NeoCultura<\/span>\n\t\t\t\t<\/span>\n\n\t\t\t\t\n\t\t\t\t<span class=\"cue-track-length cue-track-cell\">1:35<\/span>\n\n\t\t\t\t\t\t\t<\/li>\n\t\t\t\t\t<li class=\"cue-track\" itemprop=\"track\" itemscope itemtype=\"http:\/\/schema.org\/MusicRecording\">\n\t\t\t\t\n\t\t\t\t<span class=\"cue-track-details cue-track-cell\">\n\t\t\t\t\t<span class=\"cue-track-title\" itemprop=\"name\">46 - ENGLISH (kids) - Miss\u00f5es de S\u00e3o Miguel - #5 - Guarani natives (sample)<\/span>\n\t\t\t\t\t<span class=\"cue-track-artist\" itemprop=\"byArtist\">NeoCultura<\/span>\n\t\t\t\t<\/span>\n\n\t\t\t\t\n\t\t\t\t<span class=\"cue-track-length cue-track-cell\">0:39<\/span>\n\n\t\t\t\t\t\t\t<\/li>\n\t\t\t\t\t<li class=\"cue-track\" itemprop=\"track\" itemscope itemtype=\"http:\/\/schema.org\/MusicRecording\">\n\t\t\t\t\n\t\t\t\t<span class=\"cue-track-details cue-track-cell\">\n\t\t\t\t\t<span class=\"cue-track-title\" itemprop=\"name\">47 - ENGLISH - Escola SESC - #18 - Akuma (sample)<\/span>\n\t\t\t\t\t<span class=\"cue-track-artist\" itemprop=\"byArtist\">NeoCultura<\/span>\n\t\t\t\t<\/span>\n\n\t\t\t\t\n\t\t\t\t<span class=\"cue-track-length cue-track-cell\">0:33<\/span>\n\n\t\t\t\t\t\t\t<\/li>\n\t\t\t\t\t<li class=\"cue-track\" itemprop=\"track\" itemscope itemtype=\"http:\/\/schema.org\/MusicRecording\">\n\t\t\t\t\n\t\t\t\t<span class=\"cue-track-details cue-track-cell\">\n\t\t\t\t\t<span class=\"cue-track-title\" itemprop=\"name\">48 - ENGLISH - Museu TAM - #19 - Spitfire MK IX (sample)<\/span>\n\t\t\t\t\t<span class=\"cue-track-artist\" itemprop=\"byArtist\">NeoCultura<\/span>\n\t\t\t\t<\/span>\n\n\t\t\t\t\n\t\t\t\t<span class=\"cue-track-length cue-track-cell\">1:11<\/span>\n\n\t\t\t\t\t\t\t<\/li>\n\t\t\t\t\t<li class=\"cue-track\" itemprop=\"track\" itemscope itemtype=\"http:\/\/schema.org\/MusicRecording\">\n\t\t\t\t\n\t\t\t\t<span class=\"cue-track-details cue-track-cell\">\n\t\t\t\t\t<span class=\"cue-track-title\" itemprop=\"name\">49 - ENGLISH - Museu da Inconfid\u00eancia - #13 - Tiradentes' Watch (sample)<\/span>\n\t\t\t\t\t<span class=\"cue-track-artist\" itemprop=\"byArtist\">NeoCultura<\/span>\n\t\t\t\t<\/span>\n\n\t\t\t\t\n\t\t\t\t<span class=\"cue-track-length cue-track-cell\">0:44<\/span>\n\n\t\t\t\t\t\t\t<\/li>\n\t\t\t\t\t<li class=\"cue-track\" itemprop=\"track\" itemscope itemtype=\"http:\/\/schema.org\/MusicRecording\">\n\t\t\t\t\n\t\t\t\t<span class=\"cue-track-details cue-track-cell\">\n\t\t\t\t\t<span class=\"cue-track-title\" itemprop=\"name\">50 - ENGLISH - Santa Casa - #19 - Consulting Rooms (sample)<\/span>\n\t\t\t\t\t<span class=\"cue-track-artist\" itemprop=\"byArtist\">NeoCultura<\/span>\n\t\t\t\t<\/span>\n\n\t\t\t\t\n\t\t\t\t<span class=\"cue-track-length cue-track-cell\">0:33<\/span>\n\n\t\t\t\t\t\t\t<\/li>\n\t\t\t\t\t<li class=\"cue-track\" itemprop=\"track\" itemscope itemtype=\"http:\/\/schema.org\/MusicRecording\">\n\t\t\t\t\n\t\t\t\t<span class=\"cue-track-details cue-track-cell\">\n\t\t\t\t\t<span class=\"cue-track-title\" itemprop=\"name\">51 - ESPA\u00d1OL - Maracan\u00e3 - #16 - Entrada al campo (sample)<\/span>\n\t\t\t\t\t<span class=\"cue-track-artist\" itemprop=\"byArtist\">NeoCultura<\/span>\n\t\t\t\t<\/span>\n\n\t\t\t\t\n\t\t\t\t<span class=\"cue-track-length cue-track-cell\">0:50<\/span>\n\n\t\t\t\t\t\t\t<\/li>\n\t\t\t\t\t<li class=\"cue-track\" itemprop=\"track\" itemscope itemtype=\"http:\/\/schema.org\/MusicRecording\">\n\t\t\t\t\n\t\t\t\t<span class=\"cue-track-details cue-track-cell\">\n\t\t\t\t\t<span class=\"cue-track-title\" itemprop=\"name\">52 - ESPA\u00d1OL - CHC Santa Casa - #7 - El Torno de los Abandonados (sample)<\/span>\n\t\t\t\t\t<span class=\"cue-track-artist\" itemprop=\"byArtist\">NeoCultura<\/span>\n\t\t\t\t<\/span>\n\n\t\t\t\t\n\t\t\t\t<span class=\"cue-track-length cue-track-cell\">1:09<\/span>\n\n\t\t\t\t\t\t\t<\/li>\n\t\t\t\t\t<li class=\"cue-track\" itemprop=\"track\" itemscope itemtype=\"http:\/\/schema.org\/MusicRecording\">\n\t\t\t\t\n\t\t\t\t<span class=\"cue-track-details cue-track-cell\">\n\t\t\t\t\t<span class=\"cue-track-title\" itemprop=\"name\">53 - ESPA\u00d1OL - Museu da Imigra\u00e7\u00e3o - #9 - Los Inmigrantes en la Hospedar\u00eda (sample)<\/span>\n\t\t\t\t\t<span class=\"cue-track-artist\" itemprop=\"byArtist\">NeoCultura<\/span>\n\t\t\t\t<\/span>\n\n\t\t\t\t\n\t\t\t\t<span class=\"cue-track-length cue-track-cell\">0:49<\/span>\n\n\t\t\t\t\t\t\t<\/li>\n\t\t\t\t\t<li class=\"cue-track\" itemprop=\"track\" itemscope itemtype=\"http:\/\/schema.org\/MusicRecording\">\n\t\t\t\t\n\t\t\t\t<span class=\"cue-track-details cue-track-cell\">\n\t\t\t\t\t<span class=\"cue-track-title\" itemprop=\"name\">54 - FRAN\u00c7AIS - Mosteiro de S\u00e3o Bento - #7 - Grande Chapelle et Presbyt\u00e8re (sample)<\/span>\n\t\t\t\t\t<span class=\"cue-track-artist\" itemprop=\"byArtist\">NeoCultura<\/span>\n\t\t\t\t<\/span>\n\n\t\t\t\t\n\t\t\t\t<span class=\"cue-track-length cue-track-cell\">0:34<\/span>\n\n\t\t\t\t\t\t\t<\/li>\n\t\t\t\t\t<li class=\"cue-track\" itemprop=\"track\" itemscope itemtype=\"http:\/\/schema.org\/MusicRecording\">\n\t\t\t\t\n\t\t\t\t<span class=\"cue-track-details cue-track-cell\">\n\t\t\t\t\t<span class=\"cue-track-title\" itemprop=\"name\">55 - FRAN\u00c7AIS - Cristo Redentor - #8 - Stade Maracan\u00e3 (sample)<\/span>\n\t\t\t\t\t<span class=\"cue-track-artist\" itemprop=\"byArtist\">NeoCultura<\/span>\n\t\t\t\t<\/span>\n\n\t\t\t\t\n\t\t\t\t<span class=\"cue-track-length cue-track-cell\">1:06<\/span>\n\n\t\t\t\t\t\t\t<\/li>\n\t\t\t\t\t<li class=\"cue-track\" itemprop=\"track\" itemscope itemtype=\"http:\/\/schema.org\/MusicRecording\">\n\t\t\t\t\n\t\t\t\t<span class=\"cue-track-details cue-track-cell\">\n\t\t\t\t\t<span class=\"cue-track-title\" itemprop=\"name\">56 - FRAN\u00c7AIS - Museu do \u00cdndio - #4 - LAKUH (sample)<\/span>\n\t\t\t\t\t<span class=\"cue-track-artist\" itemprop=\"byArtist\">NeoCultura<\/span>\n\t\t\t\t<\/span>\n\n\t\t\t\t\n\t\t\t\t<span class=\"cue-track-length cue-track-cell\">0:41<\/span>\n\n\t\t\t\t\t\t\t<\/li>\n\t\t\t\t\t<li class=\"cue-track\" itemprop=\"track\" itemscope itemtype=\"http:\/\/schema.org\/MusicRecording\">\n\t\t\t\t\n\t\t\t\t<span class=\"cue-track-details cue-track-cell\">\n\t\t\t\t\t<span class=\"cue-track-title\" itemprop=\"name\">57 - PORTUGU\u00caS - Museu Hist\u00f3rico Nacional - #25 - Protos (sample)<\/span>\n\t\t\t\t\t<span class=\"cue-track-artist\" itemprop=\"byArtist\">NeoCultura<\/span>\n\t\t\t\t<\/span>\n\n\t\t\t\t\n\t\t\t\t<span class=\"cue-track-length cue-track-cell\">0:45<\/span>\n\n\t\t\t\t\t\t\t<\/li>\n\t\t\t\t\t<li class=\"cue-track\" itemprop=\"track\" itemscope itemtype=\"http:\/\/schema.org\/MusicRecording\">\n\t\t\t\t\n\t\t\t\t<span class=\"cue-track-details cue-track-cell\">\n\t\t\t\t\t<span class=\"cue-track-title\" itemprop=\"name\">58 - PORTUGU\u00caS - Museu H M de S\u00e3o Jos\u00e9 - #13 - H\u00e1bitos e Costumes (sample)<\/span>\n\t\t\t\t\t<span class=\"cue-track-artist\" itemprop=\"byArtist\">NeoCultura<\/span>\n\t\t\t\t<\/span>\n\n\t\t\t\t\n\t\t\t\t<span class=\"cue-track-length cue-track-cell\">0:32<\/span>\n\n\t\t\t\t\t\t\t<\/li>\n\t\t\t\t\t<li class=\"cue-track\" itemprop=\"track\" itemscope itemtype=\"http:\/\/schema.org\/MusicRecording\">\n\t\t\t\t\n\t\t\t\t<span class=\"cue-track-details cue-track-cell\">\n\t\t\t\t\t<span class=\"cue-track-title\" itemprop=\"name\">59 - PORTUGU\u00caS - Museu da Imigra\u00e7\u00e3o - #7 - A Viagem (full)<\/span>\n\t\t\t\t\t<span class=\"cue-track-artist\" itemprop=\"byArtist\"><\/span>\n\t\t\t\t<\/span>\n\n\t\t\t\t\n\t\t\t\t<span class=\"cue-track-length cue-track-cell\">2:04<\/span>\n\n\t\t\t\t\t\t\t<\/li>\n\t\t\t\t\t<li class=\"cue-track\" itemprop=\"track\" itemscope itemtype=\"http:\/\/schema.org\/MusicRecording\">\n\t\t\t\t\n\t\t\t\t<span class=\"cue-track-details cue-track-cell\">\n\t\t\t\t\t<span class=\"cue-track-title\" itemprop=\"name\">60 - PORTUGU\u00caS - Maracan\u00e3 - #14 - Vesti\u00e1rio da Sele\u00e7\u00e3o Brasileira (sample)<\/span>\n\t\t\t\t\t<span class=\"cue-track-artist\" itemprop=\"byArtist\">NeoCultura<\/span>\n\t\t\t\t<\/span>\n\n\t\t\t\t\n\t\t\t\t<span class=\"cue-track-length cue-track-cell\">1:29<\/span>\n\n\t\t\t\t\t\t\t<\/li>\n\t\t\t\t\t<li class=\"cue-track\" itemprop=\"track\" itemscope itemtype=\"http:\/\/schema.org\/MusicRecording\">\n\t\t\t\t\n\t\t\t\t<span class=\"cue-track-details cue-track-cell\">\n\t\t\t\t\t<span class=\"cue-track-title\" itemprop=\"name\">61 - PORTUGU\u00caS - Museu Nacional de Belas Artes - #3 - Tarsila do Amaral e o Modernismo (sample)<\/span>\n\t\t\t\t\t<span class=\"cue-track-artist\" itemprop=\"byArtist\">NeoCultura<\/span>\n\t\t\t\t<\/span>\n\n\t\t\t\t\n\t\t\t\t<span class=\"cue-track-length cue-track-cell\">0:50<\/span>\n\n\t\t\t\t\t\t\t<\/li>\n\t\t\t\t\t<li class=\"cue-track\" itemprop=\"track\" itemscope itemtype=\"http:\/\/schema.org\/MusicRecording\">\n\t\t\t\t\n\t\t\t\t<span class=\"cue-track-details cue-track-cell\">\n\t\t\t\t\t<span class=\"cue-track-title\" itemprop=\"name\">62 - PORTUGU\u00caS - Museu TAM - #16 - Constellation I-049 (sample)<\/span>\n\t\t\t\t\t<span class=\"cue-track-artist\" itemprop=\"byArtist\">NeoCultura<\/span>\n\t\t\t\t<\/span>\n\n\t\t\t\t\n\t\t\t\t<span class=\"cue-track-length cue-track-cell\">1:24<\/span>\n\n\t\t\t\t\t\t\t<\/li>\n\t\t\t\t\t<li class=\"cue-track\" itemprop=\"track\" itemscope itemtype=\"http:\/\/schema.org\/MusicRecording\">\n\t\t\t\t\n\t\t\t\t<span class=\"cue-track-details cue-track-cell\">\n\t\t\t\t\t<span class=\"cue-track-title\" itemprop=\"name\">63 - ENGLISH - Museu Vale - #13 - Passion for the Railway (sample)<\/span>\n\t\t\t\t\t<span class=\"cue-track-artist\" itemprop=\"byArtist\">NeoCultura<\/span>\n\t\t\t\t<\/span>\n\n\t\t\t\t\n\t\t\t\t<span class=\"cue-track-length cue-track-cell\">0:30<\/span>\n\n\t\t\t\t\t\t\t<\/li>\n\t\t\t\t\t<li class=\"cue-track\" itemprop=\"track\" itemscope itemtype=\"http:\/\/schema.org\/MusicRecording\">\n\t\t\t\t\n\t\t\t\t<span class=\"cue-track-details cue-track-cell\">\n\t\t\t\t\t<span class=\"cue-track-title\" itemprop=\"name\">64 - ENGLISH - Pal\u00e1cio da Liberdade - #4 - Dome (sample)<\/span>\n\t\t\t\t\t<span class=\"cue-track-artist\" itemprop=\"byArtist\">NeoCultura<\/span>\n\t\t\t\t<\/span>\n\n\t\t\t\t\n\t\t\t\t<span class=\"cue-track-length cue-track-cell\">0:39<\/span>\n\n\t\t\t\t\t\t\t<\/li>\n\t\t\t\t\t<li class=\"cue-track\" itemprop=\"track\" itemscope itemtype=\"http:\/\/schema.org\/MusicRecording\">\n\t\t\t\t\n\t\t\t\t<span class=\"cue-track-details cue-track-cell\">\n\t\t\t\t\t<span class=\"cue-track-title\" itemprop=\"name\">65 - ENGLISH - Museu do \u00cdndio - #9 - The origin of the world (sample)<\/span>\n\t\t\t\t\t<span class=\"cue-track-artist\" itemprop=\"byArtist\">NeoCultura<\/span>\n\t\t\t\t<\/span>\n\n\t\t\t\t\n\t\t\t\t<span class=\"cue-track-length cue-track-cell\">0:56<\/span>\n\n\t\t\t\t\t\t\t<\/li>\n\t\t\t\t\t<li class=\"cue-track\" itemprop=\"track\" itemscope itemtype=\"http:\/\/schema.org\/MusicRecording\">\n\t\t\t\t\n\t\t\t\t<span class=\"cue-track-details cue-track-cell\">\n\t\t\t\t\t<span class=\"cue-track-title\" itemprop=\"name\">66 - ENGLISH - Pinacoteca - #52 - Moema (sample)<\/span>\n\t\t\t\t\t<span class=\"cue-track-artist\" itemprop=\"byArtist\">NeoCultura<\/span>\n\t\t\t\t<\/span>\n\n\t\t\t\t\n\t\t\t\t<span class=\"cue-track-length cue-track-cell\">0:43<\/span>\n\n\t\t\t\t\t\t\t<\/li>\n\t\t\t\t\t<li class=\"cue-track\" itemprop=\"track\" itemscope itemtype=\"http:\/\/schema.org\/MusicRecording\">\n\t\t\t\t\n\t\t\t\t<span class=\"cue-track-details cue-track-cell\">\n\t\t\t\t\t<span class=\"cue-track-title\" itemprop=\"name\">67 - ENGLISH - Museu Lasar Segall - #27 - Emigrants Ship (sample)<\/span>\n\t\t\t\t\t<span class=\"cue-track-artist\" itemprop=\"byArtist\">NeoCultura<\/span>\n\t\t\t\t<\/span>\n\n\t\t\t\t\n\t\t\t\t<span class=\"cue-track-length cue-track-cell\">1:18<\/span>\n\n\t\t\t\t\t\t\t<\/li>\n\t\t\t\t\t<li class=\"cue-track\" itemprop=\"track\" itemscope itemtype=\"http:\/\/schema.org\/MusicRecording\">\n\t\t\t\t\n\t\t\t\t<span class=\"cue-track-details cue-track-cell\">\n\t\t\t\t\t<span class=\"cue-track-title\" itemprop=\"name\">68 - ESPA\u00d1OL - Instituto Ricardo Brennand - #14 - Monedas y objetos (sample)<\/span>\n\t\t\t\t\t<span class=\"cue-track-artist\" itemprop=\"byArtist\">NeoCultura<\/span>\n\t\t\t\t<\/span>\n\n\t\t\t\t\n\t\t\t\t<span class=\"cue-track-length cue-track-cell\">0:49<\/span>\n\n\t\t\t\t\t\t\t<\/li>\n\t\t\t\t\t<li class=\"cue-track\" itemprop=\"track\" itemscope itemtype=\"http:\/\/schema.org\/MusicRecording\">\n\t\t\t\t\n\t\t\t\t<span class=\"cue-track-details cue-track-cell\">\n\t\t\t\t\t<span class=\"cue-track-title\" itemprop=\"name\">69 - ESPA\u00d1OL - Museu Victor Meirelles - #9 - Decapitaci\u00f3n de San Juan Bautista (sample)<\/span>\n\t\t\t\t\t<span class=\"cue-track-artist\" itemprop=\"byArtist\">NeoCultura<\/span>\n\t\t\t\t<\/span>\n\n\t\t\t\t\n\t\t\t\t<span class=\"cue-track-length cue-track-cell\">1:09<\/span>\n\n\t\t\t\t\t\t\t<\/li>\n\t\t\t\t\t<li class=\"cue-track\" itemprop=\"track\" itemscope itemtype=\"http:\/\/schema.org\/MusicRecording\">\n\t\t\t\t\n\t\t\t\t<span class=\"cue-track-details cue-track-cell\">\n\t\t\t\t\t<span class=\"cue-track-title\" itemprop=\"name\">70 - FRAN\u00c7AIS - Mosteiro de S\u00e3o Bento - #13 - La Restauration (sample)<\/span>\n\t\t\t\t\t<span class=\"cue-track-artist\" itemprop=\"byArtist\">NeoCultura<\/span>\n\t\t\t\t<\/span>\n\n\t\t\t\t\n\t\t\t\t<span class=\"cue-track-length cue-track-cell\">0:27<\/span>\n\n\t\t\t\t\t\t\t<\/li>\n\t\t\t\t\t<li class=\"cue-track\" itemprop=\"track\" itemscope itemtype=\"http:\/\/schema.org\/MusicRecording\">\n\t\t\t\t\n\t\t\t\t<span class=\"cue-track-details cue-track-cell\">\n\t\t\t\t\t<span class=\"cue-track-title\" itemprop=\"name\">71 - PORTUGU\u00caS - Casas Natura - #8 - Mam\u00e3e &amp; Beb\u00ea (sample)<\/span>\n\t\t\t\t\t<span class=\"cue-track-artist\" itemprop=\"byArtist\">NeoCultura<\/span>\n\t\t\t\t<\/span>\n\n\t\t\t\t\n\t\t\t\t<span class=\"cue-track-length cue-track-cell\">1:38<\/span>\n\n\t\t\t\t\t\t\t<\/li>\n\t\t\t<\/ol>\n\n\t<\/div>\n\t\t<script type=\"application\/json\" class=\"cue-playlist-data\">{\"embed_link\":\"https:\\\/\\\/neocultura.com.br\\\/tur\\\/?cue_embed=play-list-91&cue_theme=default\",\"permalink\":\"https:\\\/\\\/neocultura.com.br\\\/tur\\\/?cue_playlist=play-list-91\",\"skin\":\"cue-skin-default\",\"thumbnail\":\"\",\"tracks\":[{\"artist\":\"NeoCultura\",\"artworkId\":1388,\"artworkUrl\":\"https:\\\/\\\/neocultura.com.br\\\/tur\\\/wp-content\\\/uploads\\\/2018\\\/05\\\/1-PORTUGU\\u00caS-Museu-Lasar-Segall-28-Pogrom-300x300.jpg\",\"audioId\":1387,\"audioUrl\":\"https:\\\/\\\/neocultura.com.br\\\/tur\\\/wp-content\\\/uploads\\\/2018\\\/05\\\/1-PORTUGU\\u00caS-Museu-Lasar-Segall-28-Pogrom-sample.mp3\",\"format\":\"mp3\",\"length\":\"0:27\",\"title\":\"1 - PORTUGU\\u00caS - Museu Lasar Segall - #28 - Pogrom (sample)\",\"order\":0,\"mp3\":\"https:\\\/\\\/neocultura.com.br\\\/tur\\\/wp-content\\\/uploads\\\/2018\\\/05\\\/1-PORTUGU\\u00caS-Museu-Lasar-Segall-28-Pogrom-sample.mp3\",\"meta\":{\"artist\":\"NeoCultura\",\"length_formatted\":\"0:27\"},\"src\":\"https:\\\/\\\/neocultura.com.br\\\/tur\\\/wp-content\\\/uploads\\\/2018\\\/05\\\/1-PORTUGU\\u00caS-Museu-Lasar-Segall-28-Pogrom-sample.mp3\",\"thumb\":{\"src\":\"https:\\\/\\\/neocultura.com.br\\\/tur\\\/wp-content\\\/uploads\\\/2018\\\/05\\\/1-PORTUGU\\u00caS-Museu-Lasar-Segall-28-Pogrom-300x300.jpg\"}},{\"artist\":\"NeoCultura\",\"artworkId\":1389,\"artworkUrl\":\"https:\\\/\\\/neocultura.com.br\\\/tur\\\/wp-content\\\/uploads\\\/2018\\\/05\\\/2-ENGLISH-Museu-da-Imigra\\u00e7\\u00e3o-4-Diaspora-300x300.jpg\",\"audioId\":685,\"audioUrl\":\"https:\\\/\\\/neocultura.com.br\\\/tur\\\/wp-content\\\/uploads\\\/2018\\\/05\\\/5-MHN-ESP-15.mp3\",\"format\":\"mp3\",\"length\":\"0:28\",\"title\":\"2 - ENGLISH - Museu da Imigra\\u00e7\\u00e3o - #4 - Diaspora (sample)\",\"order\":1,\"mp3\":\"https:\\\/\\\/neocultura.com.br\\\/tur\\\/wp-content\\\/uploads\\\/2018\\\/05\\\/5-MHN-ESP-15.mp3\",\"meta\":{\"artist\":\"NeoCultura\",\"length_formatted\":\"0:28\"},\"src\":\"https:\\\/\\\/neocultura.com.br\\\/tur\\\/wp-content\\\/uploads\\\/2018\\\/05\\\/5-MHN-ESP-15.mp3\",\"thumb\":{\"src\":\"https:\\\/\\\/neocultura.com.br\\\/tur\\\/wp-content\\\/uploads\\\/2018\\\/05\\\/2-ENGLISH-Museu-da-Imigra\\u00e7\\u00e3o-4-Diaspora-300x300.jpg\"}},{\"artist\":\"NeoCultura\",\"artworkId\":1391,\"artworkUrl\":\"https:\\\/\\\/neocultura.com.br\\\/tur\\\/wp-content\\\/uploads\\\/2018\\\/05\\\/3-ESPA\\u00d1OL-Museu-da-Rep\\u00fablica-21-Sal\\u00f3n-de-Banquetes-2-min-300x300.jpg\",\"audioId\":1390,\"audioUrl\":\"https:\\\/\\\/neocultura.com.br\\\/tur\\\/wp-content\\\/uploads\\\/2018\\\/05\\\/3-ESPA\\u00d1OL-Museu-da-Rep\\u00fablica-21-Sal\\u00f3n-de-Banquetes-sample.mp3\",\"format\":\"mp3\",\"length\":\"0:34\",\"title\":\"3 - ESPA\\u00d1OL - Museu da Rep\\u00fablica - #21 - Sal\\u00f3n de Banquetes (sample)\",\"order\":2,\"mp3\":\"https:\\\/\\\/neocultura.com.br\\\/tur\\\/wp-content\\\/uploads\\\/2018\\\/05\\\/3-ESPA\\u00d1OL-Museu-da-Rep\\u00fablica-21-Sal\\u00f3n-de-Banquetes-sample.mp3\",\"meta\":{\"artist\":\"NeoCultura\",\"length_formatted\":\"0:34\"},\"src\":\"https:\\\/\\\/neocultura.com.br\\\/tur\\\/wp-content\\\/uploads\\\/2018\\\/05\\\/3-ESPA\\u00d1OL-Museu-da-Rep\\u00fablica-21-Sal\\u00f3n-de-Banquetes-sample.mp3\",\"thumb\":{\"src\":\"https:\\\/\\\/neocultura.com.br\\\/tur\\\/wp-content\\\/uploads\\\/2018\\\/05\\\/3-ESPA\\u00d1OL-Museu-da-Rep\\u00fablica-21-Sal\\u00f3n-de-Banquetes-2-min-300x300.jpg\"}},{\"artist\":\"NeoCultura\",\"artworkId\":1393,\"artworkUrl\":\"https:\\\/\\\/neocultura.com.br\\\/tur\\\/wp-content\\\/uploads\\\/2018\\\/05\\\/4-FRAN\\u00c7AIS-Instituto-Ricardo-Brennand-3-Ange-cartela-min-300x300.jpg\",\"audioId\":1392,\"audioUrl\":\"https:\\\/\\\/neocultura.com.br\\\/tur\\\/wp-content\\\/uploads\\\/2018\\\/05\\\/4-FRAN\\u00c7AIS-Instituto-Ricardo-Brennand-3-Ange-cartela-sample.mp3\",\"format\":\"mp3\",\"length\":\"0:33\",\"title\":\"4 - FRAN\\u00c7AIS - Instituto Ricardo Brennand - #3 - Ange cartela (sample)\",\"order\":3,\"mp3\":\"https:\\\/\\\/neocultura.com.br\\\/tur\\\/wp-content\\\/uploads\\\/2018\\\/05\\\/4-FRAN\\u00c7AIS-Instituto-Ricardo-Brennand-3-Ange-cartela-sample.mp3\",\"meta\":{\"artist\":\"NeoCultura\",\"length_formatted\":\"0:33\"},\"src\":\"https:\\\/\\\/neocultura.com.br\\\/tur\\\/wp-content\\\/uploads\\\/2018\\\/05\\\/4-FRAN\\u00c7AIS-Instituto-Ricardo-Brennand-3-Ange-cartela-sample.mp3\",\"thumb\":{\"src\":\"https:\\\/\\\/neocultura.com.br\\\/tur\\\/wp-content\\\/uploads\\\/2018\\\/05\\\/4-FRAN\\u00c7AIS-Instituto-Ricardo-Brennand-3-Ange-cartela-min-300x300.jpg\"}},{\"artist\":\"NeoCultura\",\"artworkId\":1394,\"artworkUrl\":\"https:\\\/\\\/neocultura.com.br\\\/tur\\\/wp-content\\\/uploads\\\/2018\\\/05\\\/5-TEMP-min-300x300.jpg\",\"audioId\":1395,\"audioUrl\":\"https:\\\/\\\/neocultura.com.br\\\/tur\\\/wp-content\\\/uploads\\\/2018\\\/05\\\/5-ITALIANO-Miss\\u00f5es-de-S\\u00e3o-Miguel-15-Chiostro-sample.mp3\",\"format\":\"mp3\",\"length\":\"0:32\",\"title\":\"5 - ITALIANO - Miss\\u00f5es de S\\u00e3o Miguel - #15 - Chiostro (sample)\",\"order\":4,\"mp3\":\"https:\\\/\\\/neocultura.com.br\\\/tur\\\/wp-content\\\/uploads\\\/2018\\\/05\\\/5-ITALIANO-Miss\\u00f5es-de-S\\u00e3o-Miguel-15-Chiostro-sample.mp3\",\"meta\":{\"artist\":\"NeoCultura\",\"length_formatted\":\"0:32\"},\"src\":\"https:\\\/\\\/neocultura.com.br\\\/tur\\\/wp-content\\\/uploads\\\/2018\\\/05\\\/5-ITALIANO-Miss\\u00f5es-de-S\\u00e3o-Miguel-15-Chiostro-sample.mp3\",\"thumb\":{\"src\":\"https:\\\/\\\/neocultura.com.br\\\/tur\\\/wp-content\\\/uploads\\\/2018\\\/05\\\/5-TEMP-min-300x300.jpg\"}},{\"artist\":\"NeoCultura\",\"artworkId\":1398,\"artworkUrl\":\"https:\\\/\\\/neocultura.com.br\\\/tur\\\/wp-content\\\/uploads\\\/2018\\\/05\\\/6-DEUTSCH-Mosteiro-de-S\\u00e3o-Bento-10-Seitenkapellen-min-300x300.jpg\",\"audioId\":1397,\"audioUrl\":\"https:\\\/\\\/neocultura.com.br\\\/tur\\\/wp-content\\\/uploads\\\/2018\\\/05\\\/6-DEUTSCH-Mosteiro-de-S\\u00e3o-Bento-10-Seitenkapellen-sample.mp3\",\"format\":\"mp3\",\"length\":\"0:29\",\"title\":\"6 - DEUTSCH - Mosteiro de S\\u00e3o Bento - #10 - Seitenkapellen (sample)\",\"order\":5,\"mp3\":\"https:\\\/\\\/neocultura.com.br\\\/tur\\\/wp-content\\\/uploads\\\/2018\\\/05\\\/6-DEUTSCH-Mosteiro-de-S\\u00e3o-Bento-10-Seitenkapellen-sample.mp3\",\"meta\":{\"artist\":\"NeoCultura\",\"length_formatted\":\"0:29\"},\"src\":\"https:\\\/\\\/neocultura.com.br\\\/tur\\\/wp-content\\\/uploads\\\/2018\\\/05\\\/6-DEUTSCH-Mosteiro-de-S\\u00e3o-Bento-10-Seitenkapellen-sample.mp3\",\"thumb\":{\"src\":\"https:\\\/\\\/neocultura.com.br\\\/tur\\\/wp-content\\\/uploads\\\/2018\\\/05\\\/6-DEUTSCH-Mosteiro-de-S\\u00e3o-Bento-10-Seitenkapellen-min-300x300.jpg\"}},{\"artist\":\"NeoCultura\",\"artworkId\":1400,\"artworkUrl\":\"https:\\\/\\\/neocultura.com.br\\\/tur\\\/wp-content\\\/uploads\\\/2018\\\/05\\\/7-GUARANI-I-Museu-do-\\u00cdndio-11-BUTI\\u00caS-min-300x300.jpg\",\"audioId\":1399,\"audioUrl\":\"https:\\\/\\\/neocultura.com.br\\\/tur\\\/wp-content\\\/uploads\\\/2018\\\/05\\\/7-GUARANI-I-Museu-do-\\u00cdndio-11-BUTI\\u00caS-sample.mp3\",\"format\":\"mp3\",\"length\":\"0:24\",\"title\":\"7 - GUARANI (I) - Museu do \\u00cdndio - #11 - BUTI\\u00caS (sample)\",\"order\":6,\"mp3\":\"https:\\\/\\\/neocultura.com.br\\\/tur\\\/wp-content\\\/uploads\\\/2018\\\/05\\\/7-GUARANI-I-Museu-do-\\u00cdndio-11-BUTI\\u00caS-sample.mp3\",\"meta\":{\"artist\":\"NeoCultura\",\"length_formatted\":\"0:24\"},\"src\":\"https:\\\/\\\/neocultura.com.br\\\/tur\\\/wp-content\\\/uploads\\\/2018\\\/05\\\/7-GUARANI-I-Museu-do-\\u00cdndio-11-BUTI\\u00caS-sample.mp3\",\"thumb\":{\"src\":\"https:\\\/\\\/neocultura.com.br\\\/tur\\\/wp-content\\\/uploads\\\/2018\\\/05\\\/7-GUARANI-I-Museu-do-\\u00cdndio-11-BUTI\\u00caS-min-300x300.jpg\"}},{\"artist\":\"NeoCultura\",\"artworkId\":1401,\"artworkUrl\":\"https:\\\/\\\/neocultura.com.br\\\/tur\\\/wp-content\\\/uploads\\\/2018\\\/05\\\/8-TICUNA-I-Museu-do-\\u00cdndio-19-Dan\\u00e7a-dos-p\\u00e1ssaros-min-300x300.jpg\",\"audioId\":1402,\"audioUrl\":\"https:\\\/\\\/neocultura.com.br\\\/tur\\\/wp-content\\\/uploads\\\/2018\\\/05\\\/8-TICUNA-I-Museu-do-\\u00cdndio-19-Dan\\u00e7a-dos-p\\u00e1ssaros-sample.mp3\",\"format\":\"mp3\",\"length\":\"0:15\",\"title\":\"8 - TICUNA (I) - Museu do \\u00cdndio - #19 - Dan\\u00e7a dos p\\u00e1ssaros (sample)\",\"order\":7,\"mp3\":\"https:\\\/\\\/neocultura.com.br\\\/tur\\\/wp-content\\\/uploads\\\/2018\\\/05\\\/8-TICUNA-I-Museu-do-\\u00cdndio-19-Dan\\u00e7a-dos-p\\u00e1ssaros-sample.mp3\",\"meta\":{\"artist\":\"NeoCultura\",\"length_formatted\":\"0:15\"},\"src\":\"https:\\\/\\\/neocultura.com.br\\\/tur\\\/wp-content\\\/uploads\\\/2018\\\/05\\\/8-TICUNA-I-Museu-do-\\u00cdndio-19-Dan\\u00e7a-dos-p\\u00e1ssaros-sample.mp3\",\"thumb\":{\"src\":\"https:\\\/\\\/neocultura.com.br\\\/tur\\\/wp-content\\\/uploads\\\/2018\\\/05\\\/8-TICUNA-I-Museu-do-\\u00cdndio-19-Dan\\u00e7a-dos-p\\u00e1ssaros-min-300x300.jpg\"}},{\"artist\":\"NeoCultura\",\"artworkId\":1403,\"artworkUrl\":\"https:\\\/\\\/neocultura.com.br\\\/tur\\\/wp-content\\\/uploads\\\/2018\\\/05\\\/9-KAIAP\\u00d3-I-Museu-do-\\u00cdndio-5-Adornos-dos-Povos-do-Norte-min-300x300.jpg\",\"audioId\":1404,\"audioUrl\":\"https:\\\/\\\/neocultura.com.br\\\/tur\\\/wp-content\\\/uploads\\\/2018\\\/05\\\/9-KAIAP\\u00d3-I-Museu-do-\\u00cdndio-5-Adornos-dos-Povos-do-Norte-sample.mp3\",\"format\":\"mp3\",\"length\":\"0:26\",\"title\":\"9 - KAIAP\\u00d3 (I) - Museu do \\u00cdndio - #5 - Adornos dos Povos do Norte (sample)\",\"order\":8,\"mp3\":\"https:\\\/\\\/neocultura.com.br\\\/tur\\\/wp-content\\\/uploads\\\/2018\\\/05\\\/9-KAIAP\\u00d3-I-Museu-do-\\u00cdndio-5-Adornos-dos-Povos-do-Norte-sample.mp3\",\"meta\":{\"artist\":\"NeoCultura\",\"length_formatted\":\"0:26\"},\"src\":\"https:\\\/\\\/neocultura.com.br\\\/tur\\\/wp-content\\\/uploads\\\/2018\\\/05\\\/9-KAIAP\\u00d3-I-Museu-do-\\u00cdndio-5-Adornos-dos-Povos-do-Norte-sample.mp3\",\"thumb\":{\"src\":\"https:\\\/\\\/neocultura.com.br\\\/tur\\\/wp-content\\\/uploads\\\/2018\\\/05\\\/9-KAIAP\\u00d3-I-Museu-do-\\u00cdndio-5-Adornos-dos-Povos-do-Norte-min-300x300.jpg\"}},{\"artist\":\"NeoCultura\",\"artworkId\":1405,\"artworkUrl\":\"https:\\\/\\\/neocultura.com.br\\\/tur\\\/wp-content\\\/uploads\\\/2018\\\/05\\\/10-YEKUANA-I-Museu-do-\\u00cdndio-10-Povos-Yanomami-e-Yekuana-min-300x300.jpg\",\"audioId\":1406,\"audioUrl\":\"https:\\\/\\\/neocultura.com.br\\\/tur\\\/wp-content\\\/uploads\\\/2018\\\/05\\\/10-YEKUANA-I-Museu-do-\\u00cdndio-10-Povos-Yanomami-e-Yekuana-sample.mp3\",\"format\":\"mp3\",\"length\":\"0:31\",\"title\":\"10 - YEKUANA (I) - Museu do \\u00cdndio - #10 - Povos Yanomami e Yekuana (sample)\",\"order\":9,\"mp3\":\"https:\\\/\\\/neocultura.com.br\\\/tur\\\/wp-content\\\/uploads\\\/2018\\\/05\\\/10-YEKUANA-I-Museu-do-\\u00cdndio-10-Povos-Yanomami-e-Yekuana-sample.mp3\",\"meta\":{\"artist\":\"NeoCultura\",\"length_formatted\":\"0:31\"},\"src\":\"https:\\\/\\\/neocultura.com.br\\\/tur\\\/wp-content\\\/uploads\\\/2018\\\/05\\\/10-YEKUANA-I-Museu-do-\\u00cdndio-10-Povos-Yanomami-e-Yekuana-sample.mp3\",\"thumb\":{\"src\":\"https:\\\/\\\/neocultura.com.br\\\/tur\\\/wp-content\\\/uploads\\\/2018\\\/05\\\/10-YEKUANA-I-Museu-do-\\u00cdndio-10-Povos-Yanomami-e-Yekuana-min-300x300.jpg\"}},{\"artist\":\"NeoCultura\",\"artworkId\":1407,\"artworkUrl\":\"https:\\\/\\\/neocultura.com.br\\\/tur\\\/wp-content\\\/uploads\\\/2018\\\/05\\\/11-MARUBO-I-Museu-do-\\u00cdndio-5-Adornos-dos-Povos-do-Norte-min-300x300.jpg\",\"audioId\":1408,\"audioUrl\":\"https:\\\/\\\/neocultura.com.br\\\/tur\\\/wp-content\\\/uploads\\\/2018\\\/05\\\/11-MARUBO-I-Museu-do-\\u00cdndio-5-Adornos-dos-Povos-do-Norte-sample.mp3\",\"format\":\"mp3\",\"length\":\"0:34\",\"title\":\"11 - MARUBO (I) - Museu do \\u00cdndio - #5 - Adornos dos Povos do Norte (sample)\",\"order\":10,\"mp3\":\"https:\\\/\\\/neocultura.com.br\\\/tur\\\/wp-content\\\/uploads\\\/2018\\\/05\\\/11-MARUBO-I-Museu-do-\\u00cdndio-5-Adornos-dos-Povos-do-Norte-sample.mp3\",\"meta\":{\"artist\":\"NeoCultura\",\"length_formatted\":\"0:34\"},\"src\":\"https:\\\/\\\/neocultura.com.br\\\/tur\\\/wp-content\\\/uploads\\\/2018\\\/05\\\/11-MARUBO-I-Museu-do-\\u00cdndio-5-Adornos-dos-Povos-do-Norte-sample.mp3\",\"thumb\":{\"src\":\"https:\\\/\\\/neocultura.com.br\\\/tur\\\/wp-content\\\/uploads\\\/2018\\\/05\\\/11-MARUBO-I-Museu-do-\\u00cdndio-5-Adornos-dos-Povos-do-Norte-min-300x300.jpg\"}},{\"artist\":\"NeoCultura\",\"artworkId\":1409,\"artworkUrl\":\"https:\\\/\\\/neocultura.com.br\\\/tur\\\/wp-content\\\/uploads\\\/2018\\\/05\\\/12-KAINGANG-I-Museu-do-\\u00cdndio-10-Povos-Yanomami-e-Yekuana-min-300x300.jpg\",\"audioId\":1410,\"audioUrl\":\"https:\\\/\\\/neocultura.com.br\\\/tur\\\/wp-content\\\/uploads\\\/2018\\\/05\\\/12-KAINGANG-I-Museu-do-\\u00cdndio-10-Povos-Yanomami-e-Yekuana-sample.mp3\",\"format\":\"mp3\",\"length\":\"0:25\",\"title\":\"12 - KAINGANG (I) - Museu do \\u00cdndio - #10 - Povos Yanomami e Yekuana (sample)\",\"order\":11,\"mp3\":\"https:\\\/\\\/neocultura.com.br\\\/tur\\\/wp-content\\\/uploads\\\/2018\\\/05\\\/12-KAINGANG-I-Museu-do-\\u00cdndio-10-Povos-Yanomami-e-Yekuana-sample.mp3\",\"meta\":{\"artist\":\"NeoCultura\",\"length_formatted\":\"0:25\"},\"src\":\"https:\\\/\\\/neocultura.com.br\\\/tur\\\/wp-content\\\/uploads\\\/2018\\\/05\\\/12-KAINGANG-I-Museu-do-\\u00cdndio-10-Povos-Yanomami-e-Yekuana-sample.mp3\",\"thumb\":{\"src\":\"https:\\\/\\\/neocultura.com.br\\\/tur\\\/wp-content\\\/uploads\\\/2018\\\/05\\\/12-KAINGANG-I-Museu-do-\\u00cdndio-10-Povos-Yanomami-e-Yekuana-min-300x300.jpg\"}},{\"artist\":\"NeoCultura\",\"artworkId\":1411,\"artworkUrl\":\"https:\\\/\\\/neocultura.com.br\\\/tur\\\/wp-content\\\/uploads\\\/2018\\\/05\\\/13-AD-Museu-H-M-de-S\\u00e3o-Jos\\u00e9-5-Quadro-de-Pl\\u00ednio-Verani-min-300x300.jpg\",\"audioId\":1412,\"audioUrl\":\"https:\\\/\\\/neocultura.com.br\\\/tur\\\/wp-content\\\/uploads\\\/2018\\\/05\\\/13-AD-Museu-H-M-de-S\\u00e3o-Jos\\u00e9-5-Quadro-de-Pl\\u00ednio-Verani-sample.mp3\",\"format\":\"mp3\",\"length\":\"0:33\",\"title\":\"13 - AD - Museu H M de S\\u00e3o Jos\\u00e9 - #5 - Quadro de Pl\\u00ednio Verani (sample)\",\"order\":12,\"mp3\":\"https:\\\/\\\/neocultura.com.br\\\/tur\\\/wp-content\\\/uploads\\\/2018\\\/05\\\/13-AD-Museu-H-M-de-S\\u00e3o-Jos\\u00e9-5-Quadro-de-Pl\\u00ednio-Verani-sample.mp3\",\"meta\":{\"artist\":\"NeoCultura\",\"length_formatted\":\"0:33\"},\"src\":\"https:\\\/\\\/neocultura.com.br\\\/tur\\\/wp-content\\\/uploads\\\/2018\\\/05\\\/13-AD-Museu-H-M-de-S\\u00e3o-Jos\\u00e9-5-Quadro-de-Pl\\u00ednio-Verani-sample.mp3\",\"thumb\":{\"src\":\"https:\\\/\\\/neocultura.com.br\\\/tur\\\/wp-content\\\/uploads\\\/2018\\\/05\\\/13-AD-Museu-H-M-de-S\\u00e3o-Jos\\u00e9-5-Quadro-de-Pl\\u00ednio-Verani-min-300x300.jpg\"}},{\"artist\":\"NeoCultura\",\"artworkId\":1394,\"artworkUrl\":\"https:\\\/\\\/neocultura.com.br\\\/tur\\\/wp-content\\\/uploads\\\/2018\\\/05\\\/5-TEMP-min-300x300.jpg\",\"audioId\":1413,\"audioUrl\":\"https:\\\/\\\/neocultura.com.br\\\/tur\\\/wp-content\\\/uploads\\\/2018\\\/05\\\/14-N-IDIOMAS-An\\u00fancios-dos-nomes-dos-museus-sample.mp3\",\"format\":\"mp3\",\"length\":\"0:32\",\"title\":\"14 - N IDIOMAS - An\\u00fancios dos nomes dos museus (sample)\",\"order\":13,\"mp3\":\"https:\\\/\\\/neocultura.com.br\\\/tur\\\/wp-content\\\/uploads\\\/2018\\\/05\\\/14-N-IDIOMAS-An\\u00fancios-dos-nomes-dos-museus-sample.mp3\",\"meta\":{\"artist\":\"NeoCultura\",\"length_formatted\":\"0:32\"},\"src\":\"https:\\\/\\\/neocultura.com.br\\\/tur\\\/wp-content\\\/uploads\\\/2018\\\/05\\\/14-N-IDIOMAS-An\\u00fancios-dos-nomes-dos-museus-sample.mp3\",\"thumb\":{\"src\":\"https:\\\/\\\/neocultura.com.br\\\/tur\\\/wp-content\\\/uploads\\\/2018\\\/05\\\/5-TEMP-min-300x300.jpg\"}},{\"artist\":\"\",\"artworkId\":1414,\"artworkUrl\":\"https:\\\/\\\/neocultura.com.br\\\/tur\\\/wp-content\\\/uploads\\\/2018\\\/05\\\/15-ITALIANO-Mosteiro-de-S\\u00e3o-Bento-5-La-Chiesa-di-Nostra-Signora-di-Montserrat-min-300x300.jpg\",\"audioId\":1415,\"audioUrl\":\"https:\\\/\\\/neocultura.com.br\\\/tur\\\/wp-content\\\/uploads\\\/2018\\\/05\\\/15-ITALIANO-Mosteiro-de-S\\u00e3o-Bento-5-La-Chiesa-di-Nostra-Signora-di-Montserrat-full.mp3\",\"format\":\"mp3\",\"length\":\"0:29\",\"title\":\"15 - ITALIANO - Mosteiro de S\\u00e3o Bento - #5 - La Chiesa di Nostra Signora di Montserrat\",\"order\":14,\"mp3\":\"https:\\\/\\\/neocultura.com.br\\\/tur\\\/wp-content\\\/uploads\\\/2018\\\/05\\\/15-ITALIANO-Mosteiro-de-S\\u00e3o-Bento-5-La-Chiesa-di-Nostra-Signora-di-Montserrat-full.mp3\",\"meta\":{\"artist\":\"\",\"length_formatted\":\"0:29\"},\"src\":\"https:\\\/\\\/neocultura.com.br\\\/tur\\\/wp-content\\\/uploads\\\/2018\\\/05\\\/15-ITALIANO-Mosteiro-de-S\\u00e3o-Bento-5-La-Chiesa-di-Nostra-Signora-di-Montserrat-full.mp3\",\"thumb\":{\"src\":\"https:\\\/\\\/neocultura.com.br\\\/tur\\\/wp-content\\\/uploads\\\/2018\\\/05\\\/15-ITALIANO-Mosteiro-de-S\\u00e3o-Bento-5-La-Chiesa-di-Nostra-Signora-di-Montserrat-min-300x300.jpg\"}},{\"artist\":\"NeoCultura\",\"artworkId\":1394,\"artworkUrl\":\"https:\\\/\\\/neocultura.com.br\\\/tur\\\/wp-content\\\/uploads\\\/2018\\\/05\\\/5-TEMP-min-300x300.jpg\",\"audioId\":1416,\"audioUrl\":\"https:\\\/\\\/neocultura.com.br\\\/tur\\\/wp-content\\\/uploads\\\/2018\\\/05\\\/16-PORTUGU\\u00caS-Museu-da-Inconfid\\u00eancia-8-Castigo-Escravo-sample.mp3\",\"format\":\"mp3\",\"length\":\"0:30\",\"title\":\"16 - PORTUGU\\u00caS - Museu da Inconfid\\u00eancia - #8 - Castigo Escravo (sample)\",\"order\":15,\"mp3\":\"https:\\\/\\\/neocultura.com.br\\\/tur\\\/wp-content\\\/uploads\\\/2018\\\/05\\\/16-PORTUGU\\u00caS-Museu-da-Inconfid\\u00eancia-8-Castigo-Escravo-sample.mp3\",\"meta\":{\"artist\":\"NeoCultura\",\"length_formatted\":\"0:30\"},\"src\":\"https:\\\/\\\/neocultura.com.br\\\/tur\\\/wp-content\\\/uploads\\\/2018\\\/05\\\/16-PORTUGU\\u00caS-Museu-da-Inconfid\\u00eancia-8-Castigo-Escravo-sample.mp3\",\"thumb\":{\"src\":\"https:\\\/\\\/neocultura.com.br\\\/tur\\\/wp-content\\\/uploads\\\/2018\\\/05\\\/5-TEMP-min-300x300.jpg\"}},{\"artist\":\"NeoCultura\",\"artworkId\":1417,\"artworkUrl\":\"https:\\\/\\\/neocultura.com.br\\\/tur\\\/wp-content\\\/uploads\\\/2018\\\/05\\\/17-PORTUGU\\u00caS-Casas-Natura-9-Natur\\u00e9-min-300x300.jpg\",\"audioId\":1418,\"audioUrl\":\"https:\\\/\\\/neocultura.com.br\\\/tur\\\/wp-content\\\/uploads\\\/2018\\\/05\\\/17-PORTUGU\\u00caS-Casas-Natura-9-Natur\\u00e9-sample.mp3\",\"format\":\"mp3\",\"length\":\"0:33\",\"title\":\"17 - PORTUGU\\u00caS - Casas Natura - #9 - Natur\\u00e9 (sample)\",\"order\":16,\"mp3\":\"https:\\\/\\\/neocultura.com.br\\\/tur\\\/wp-content\\\/uploads\\\/2018\\\/05\\\/17-PORTUGU\\u00caS-Casas-Natura-9-Natur\\u00e9-sample.mp3\",\"meta\":{\"artist\":\"NeoCultura\",\"length_formatted\":\"0:33\"},\"src\":\"https:\\\/\\\/neocultura.com.br\\\/tur\\\/wp-content\\\/uploads\\\/2018\\\/05\\\/17-PORTUGU\\u00caS-Casas-Natura-9-Natur\\u00e9-sample.mp3\",\"thumb\":{\"src\":\"https:\\\/\\\/neocultura.com.br\\\/tur\\\/wp-content\\\/uploads\\\/2018\\\/05\\\/17-PORTUGU\\u00caS-Casas-Natura-9-Natur\\u00e9-min-300x300.jpg\"}},{\"artist\":\"NeoCultura\",\"artworkId\":1420,\"artworkUrl\":\"https:\\\/\\\/neocultura.com.br\\\/tur\\\/wp-content\\\/uploads\\\/2018\\\/05\\\/18-PORTUGU\\u00caS-Pal\\u00e1cio-da-Liberdade-99-Boas-vindas-min-300x300.jpg\",\"audioId\":1419,\"audioUrl\":\"https:\\\/\\\/neocultura.com.br\\\/tur\\\/wp-content\\\/uploads\\\/2018\\\/05\\\/18-PORTUGU\\u00caS-Pal\\u00e1cio-da-Liberdade-99-Boas-vindas-sample.mp3\",\"format\":\"mp3\",\"length\":\"0:36\",\"title\":\"18 - PORTUGU\\u00caS - Pal\\u00e1cio da Liberdade - #99 - Boas vindas (sample)\",\"order\":17,\"mp3\":\"https:\\\/\\\/neocultura.com.br\\\/tur\\\/wp-content\\\/uploads\\\/2018\\\/05\\\/18-PORTUGU\\u00caS-Pal\\u00e1cio-da-Liberdade-99-Boas-vindas-sample.mp3\",\"meta\":{\"artist\":\"NeoCultura\",\"length_formatted\":\"0:36\"},\"src\":\"https:\\\/\\\/neocultura.com.br\\\/tur\\\/wp-content\\\/uploads\\\/2018\\\/05\\\/18-PORTUGU\\u00caS-Pal\\u00e1cio-da-Liberdade-99-Boas-vindas-sample.mp3\",\"thumb\":{\"src\":\"https:\\\/\\\/neocultura.com.br\\\/tur\\\/wp-content\\\/uploads\\\/2018\\\/05\\\/18-PORTUGU\\u00caS-Pal\\u00e1cio-da-Liberdade-99-Boas-vindas-min-300x300.jpg\"}},{\"artist\":\"NeoCultura\",\"artworkId\":1394,\"artworkUrl\":\"https:\\\/\\\/neocultura.com.br\\\/tur\\\/wp-content\\\/uploads\\\/2018\\\/05\\\/5-TEMP-min-300x300.jpg\",\"audioId\":1421,\"audioUrl\":\"https:\\\/\\\/neocultura.com.br\\\/tur\\\/wp-content\\\/uploads\\\/2018\\\/05\\\/19-ENGLISH-Museu-Nacional-de-Belas-Artes-26-First-mass-in-Brazil-sample.mp3\",\"format\":\"mp3\",\"length\":\"0:42\",\"title\":\"19 - ENGLISH - Museu Nacional de Belas Artes - #26 - First mass in Brazil (sample)\",\"order\":18,\"mp3\":\"https:\\\/\\\/neocultura.com.br\\\/tur\\\/wp-content\\\/uploads\\\/2018\\\/05\\\/19-ENGLISH-Museu-Nacional-de-Belas-Artes-26-First-mass-in-Brazil-sample.mp3\",\"meta\":{\"artist\":\"NeoCultura\",\"length_formatted\":\"0:42\"},\"src\":\"https:\\\/\\\/neocultura.com.br\\\/tur\\\/wp-content\\\/uploads\\\/2018\\\/05\\\/19-ENGLISH-Museu-Nacional-de-Belas-Artes-26-First-mass-in-Brazil-sample.mp3\",\"thumb\":{\"src\":\"https:\\\/\\\/neocultura.com.br\\\/tur\\\/wp-content\\\/uploads\\\/2018\\\/05\\\/5-TEMP-min-300x300.jpg\"}},{\"artist\":\"NeoCultura\",\"artworkId\":3887,\"artworkUrl\":\"https:\\\/\\\/neocultura.com.br\\\/tur\\\/wp-content\\\/uploads\\\/2018\\\/05\\\/20-ENGLISH-Museu-Historico-Nacional-13-D.-Joao-VI-min-300x300.jpg\",\"audioId\":1422,\"audioUrl\":\"https:\\\/\\\/neocultura.com.br\\\/tur\\\/wp-content\\\/uploads\\\/2018\\\/05\\\/20-ENGLISH-Museu-Hist\\u00f3rico-Nacional-13-D-Jo\\u00e3o-VI-sample.mp3\",\"format\":\"mp3\",\"length\":\"0:30\",\"title\":\"20 - ENGLISH - Museu Hist\\u00f3rico Nacional - #13 - D Jo\\u00e3o VI (sample)\",\"order\":19,\"mp3\":\"https:\\\/\\\/neocultura.com.br\\\/tur\\\/wp-content\\\/uploads\\\/2018\\\/05\\\/20-ENGLISH-Museu-Hist\\u00f3rico-Nacional-13-D-Jo\\u00e3o-VI-sample.mp3\",\"meta\":{\"artist\":\"NeoCultura\",\"length_formatted\":\"0:30\"},\"src\":\"https:\\\/\\\/neocultura.com.br\\\/tur\\\/wp-content\\\/uploads\\\/2018\\\/05\\\/20-ENGLISH-Museu-Hist\\u00f3rico-Nacional-13-D-Jo\\u00e3o-VI-sample.mp3\",\"thumb\":{\"src\":\"https:\\\/\\\/neocultura.com.br\\\/tur\\\/wp-content\\\/uploads\\\/2018\\\/05\\\/20-ENGLISH-Museu-Historico-Nacional-13-D.-Joao-VI-min-300x300.jpg\"}},{\"artist\":\"NeoCultura\",\"artworkId\":1429,\"artworkUrl\":\"https:\\\/\\\/neocultura.com.br\\\/tur\\\/wp-content\\\/uploads\\\/2018\\\/05\\\/21-ESPA\\u00d1OL-Escola-SESC-22-F\\u00e1bio-Ema-min-300x300.jpg\",\"audioId\":1423,\"audioUrl\":\"https:\\\/\\\/neocultura.com.br\\\/tur\\\/wp-content\\\/uploads\\\/2018\\\/05\\\/21-ESPA\\u00d1OL-Escola-SESC-22-F\\u00e1bio-Ema-sample.mp3\",\"format\":\"mp3\",\"length\":\"0:32\",\"title\":\"21 - ESPA\\u00d1OL - Escola SESC - #22 - F\\u00e1bio Ema (sample)\",\"order\":20,\"mp3\":\"https:\\\/\\\/neocultura.com.br\\\/tur\\\/wp-content\\\/uploads\\\/2018\\\/05\\\/21-ESPA\\u00d1OL-Escola-SESC-22-F\\u00e1bio-Ema-sample.mp3\",\"meta\":{\"artist\":\"NeoCultura\",\"length_formatted\":\"0:32\"},\"src\":\"https:\\\/\\\/neocultura.com.br\\\/tur\\\/wp-content\\\/uploads\\\/2018\\\/05\\\/21-ESPA\\u00d1OL-Escola-SESC-22-F\\u00e1bio-Ema-sample.mp3\",\"thumb\":{\"src\":\"https:\\\/\\\/neocultura.com.br\\\/tur\\\/wp-content\\\/uploads\\\/2018\\\/05\\\/21-ESPA\\u00d1OL-Escola-SESC-22-F\\u00e1bio-Ema-min-300x300.jpg\"}},{\"artist\":\"NeoCultura\",\"artworkId\":1430,\"artworkUrl\":\"https:\\\/\\\/neocultura.com.br\\\/tur\\\/wp-content\\\/uploads\\\/2018\\\/05\\\/22-ESPA\\u00d1OL-ni\\u00f1os-Miss\\u00f5es-de-S\\u00e3o-Miguel-12-Incendio-min-300x300.jpg\",\"audioId\":1424,\"audioUrl\":\"https:\\\/\\\/neocultura.com.br\\\/tur\\\/wp-content\\\/uploads\\\/2018\\\/05\\\/22-ESPA\\u00d1OL-ni\\u00f1os-Miss\\u00f5es-de-S\\u00e3o-Miguel-12-Incendio-sample.mp3\",\"format\":\"mp3\",\"length\":\"0:32\",\"title\":\"22 - ESPA\\u00d1OL (ni\\u00f1os) - Miss\\u00f5es de S\\u00e3o Miguel - #12 - Incendio (sample)\",\"order\":21,\"mp3\":\"https:\\\/\\\/neocultura.com.br\\\/tur\\\/wp-content\\\/uploads\\\/2018\\\/05\\\/22-ESPA\\u00d1OL-ni\\u00f1os-Miss\\u00f5es-de-S\\u00e3o-Miguel-12-Incendio-sample.mp3\",\"meta\":{\"artist\":\"NeoCultura\",\"length_formatted\":\"0:32\"},\"src\":\"https:\\\/\\\/neocultura.com.br\\\/tur\\\/wp-content\\\/uploads\\\/2018\\\/05\\\/22-ESPA\\u00d1OL-ni\\u00f1os-Miss\\u00f5es-de-S\\u00e3o-Miguel-12-Incendio-sample.mp3\",\"thumb\":{\"src\":\"https:\\\/\\\/neocultura.com.br\\\/tur\\\/wp-content\\\/uploads\\\/2018\\\/05\\\/22-ESPA\\u00d1OL-ni\\u00f1os-Miss\\u00f5es-de-S\\u00e3o-Miguel-12-Incendio-min-300x300.jpg\"}},{\"artist\":\"NeoCultura\",\"artworkId\":1431,\"artworkUrl\":\"https:\\\/\\\/neocultura.com.br\\\/tur\\\/wp-content\\\/uploads\\\/2018\\\/05\\\/23-FRAN\\u00c7AIS-Museu-TAM-6-14-Bis-min-300x300.jpg\",\"audioId\":1425,\"audioUrl\":\"https:\\\/\\\/neocultura.com.br\\\/tur\\\/wp-content\\\/uploads\\\/2018\\\/05\\\/23-FRAN\\u00c7AIS-Museu-TAM-6-14-Bis-sample.mp3\",\"format\":\"mp3\",\"length\":\"1:43\",\"title\":\"23 - FRAN\\u00c7AIS - Museu TAM - #6 - 14 Bis (sample)\",\"order\":22,\"mp3\":\"https:\\\/\\\/neocultura.com.br\\\/tur\\\/wp-content\\\/uploads\\\/2018\\\/05\\\/23-FRAN\\u00c7AIS-Museu-TAM-6-14-Bis-sample.mp3\",\"meta\":{\"artist\":\"NeoCultura\",\"length_formatted\":\"1:43\"},\"src\":\"https:\\\/\\\/neocultura.com.br\\\/tur\\\/wp-content\\\/uploads\\\/2018\\\/05\\\/23-FRAN\\u00c7AIS-Museu-TAM-6-14-Bis-sample.mp3\",\"thumb\":{\"src\":\"https:\\\/\\\/neocultura.com.br\\\/tur\\\/wp-content\\\/uploads\\\/2018\\\/05\\\/23-FRAN\\u00c7AIS-Museu-TAM-6-14-Bis-min-300x300.jpg\"}},{\"artist\":\"NeoCultura\",\"artworkId\":1432,\"artworkUrl\":\"https:\\\/\\\/neocultura.com.br\\\/tur\\\/wp-content\\\/uploads\\\/2018\\\/05\\\/24-FRAN\\u00c7AIS-SESC-Quitandinha-6-Salle-des-Enfants-min-300x300.jpg\",\"audioId\":1426,\"audioUrl\":\"https:\\\/\\\/neocultura.com.br\\\/tur\\\/wp-content\\\/uploads\\\/2018\\\/05\\\/24-FRAN\\u00c7AIS-SESC-Quitandinha-6-Salle-des-Enfants-sample.mp3\",\"format\":\"mp3\",\"length\":\"0:33\",\"title\":\"24 - FRAN\\u00c7AIS - SESC Quitandinha - #6 - Salle des Enfants (sample)\",\"order\":23,\"mp3\":\"https:\\\/\\\/neocultura.com.br\\\/tur\\\/wp-content\\\/uploads\\\/2018\\\/05\\\/24-FRAN\\u00c7AIS-SESC-Quitandinha-6-Salle-des-Enfants-sample.mp3\",\"meta\":{\"artist\":\"NeoCultura\",\"length_formatted\":\"0:33\"},\"src\":\"https:\\\/\\\/neocultura.com.br\\\/tur\\\/wp-content\\\/uploads\\\/2018\\\/05\\\/24-FRAN\\u00c7AIS-SESC-Quitandinha-6-Salle-des-Enfants-sample.mp3\",\"thumb\":{\"src\":\"https:\\\/\\\/neocultura.com.br\\\/tur\\\/wp-content\\\/uploads\\\/2018\\\/05\\\/24-FRAN\\u00c7AIS-SESC-Quitandinha-6-Salle-des-Enfants-min-300x300.jpg\"}},{\"artist\":\"NeoCultura\",\"artworkId\":1394,\"artworkUrl\":\"https:\\\/\\\/neocultura.com.br\\\/tur\\\/wp-content\\\/uploads\\\/2018\\\/05\\\/5-TEMP-min-300x300.jpg\",\"audioId\":1427,\"audioUrl\":\"https:\\\/\\\/neocultura.com.br\\\/tur\\\/wp-content\\\/uploads\\\/2018\\\/05\\\/25-ITALIANO-Miss\\u00f5es-de-S\\u00e3o-Miguel-99-Benvenuto-sample.mp3\",\"format\":\"mp3\",\"length\":\"0:51\",\"title\":\"25 - ITALIANO - Miss\\u00f5es de S\\u00e3o Miguel - #99 - Benvenuto (sample)\",\"order\":24,\"mp3\":\"https:\\\/\\\/neocultura.com.br\\\/tur\\\/wp-content\\\/uploads\\\/2018\\\/05\\\/25-ITALIANO-Miss\\u00f5es-de-S\\u00e3o-Miguel-99-Benvenuto-sample.mp3\",\"meta\":{\"artist\":\"NeoCultura\",\"length_formatted\":\"0:51\"},\"src\":\"https:\\\/\\\/neocultura.com.br\\\/tur\\\/wp-content\\\/uploads\\\/2018\\\/05\\\/25-ITALIANO-Miss\\u00f5es-de-S\\u00e3o-Miguel-99-Benvenuto-sample.mp3\",\"thumb\":{\"src\":\"https:\\\/\\\/neocultura.com.br\\\/tur\\\/wp-content\\\/uploads\\\/2018\\\/05\\\/5-TEMP-min-300x300.jpg\"}},{\"artist\":\"NeoCultura\",\"artworkId\":1438,\"artworkUrl\":\"https:\\\/\\\/neocultura.com.br\\\/tur\\\/wp-content\\\/uploads\\\/2018\\\/05\\\/26-DEUTSCH-Mosteiro-de-S\\u00e3o-Bento-14-Gregorianischer-Gesang-min-300x300.jpg\",\"audioId\":1433,\"audioUrl\":\"https:\\\/\\\/neocultura.com.br\\\/tur\\\/wp-content\\\/uploads\\\/2018\\\/05\\\/26-DEUTSCH-Mosteiro-de-S\\u00e3o-Bento-14-Gregorianischer-Gesang-sample.mp3\",\"format\":\"mp3\",\"length\":\"0:40\",\"title\":\"26 - DEUTSCH - Mosteiro de S\\u00e3o Bento - #14 - Gregorianischer Gesang (sample)\",\"order\":25,\"mp3\":\"https:\\\/\\\/neocultura.com.br\\\/tur\\\/wp-content\\\/uploads\\\/2018\\\/05\\\/26-DEUTSCH-Mosteiro-de-S\\u00e3o-Bento-14-Gregorianischer-Gesang-sample.mp3\",\"meta\":{\"artist\":\"NeoCultura\",\"length_formatted\":\"0:40\"},\"src\":\"https:\\\/\\\/neocultura.com.br\\\/tur\\\/wp-content\\\/uploads\\\/2018\\\/05\\\/26-DEUTSCH-Mosteiro-de-S\\u00e3o-Bento-14-Gregorianischer-Gesang-sample.mp3\",\"thumb\":{\"src\":\"https:\\\/\\\/neocultura.com.br\\\/tur\\\/wp-content\\\/uploads\\\/2018\\\/05\\\/26-DEUTSCH-Mosteiro-de-S\\u00e3o-Bento-14-Gregorianischer-Gesang-min-300x300.jpg\"}},{\"artist\":\"NeoCultura\",\"artworkId\":1439,\"artworkUrl\":\"https:\\\/\\\/neocultura.com.br\\\/tur\\\/wp-content\\\/uploads\\\/2018\\\/05\\\/27-GUARANI-infantil-Miss\\u00f5es-de-S\\u00e3o-Miguel-7-Resid\\u00eancias-ind\\u00edgenas-min-300x300.jpg\",\"audioId\":1434,\"audioUrl\":\"https:\\\/\\\/neocultura.com.br\\\/tur\\\/wp-content\\\/uploads\\\/2018\\\/05\\\/27-GUARANI-infantil-Miss\\u00f5es-de-S\\u00e3o-Miguel-7-Resid\\u00eancias-ind\\u00edgenas-sample.mp3\",\"format\":\"mp3\",\"length\":\"0:36\",\"title\":\"27 - GUARANI (infantil) - Miss\\u00f5es de S\\u00e3o Miguel - #7 - Resid\\u00eancias ind\\u00edgenas (sample)\",\"order\":26,\"mp3\":\"https:\\\/\\\/neocultura.com.br\\\/tur\\\/wp-content\\\/uploads\\\/2018\\\/05\\\/27-GUARANI-infantil-Miss\\u00f5es-de-S\\u00e3o-Miguel-7-Resid\\u00eancias-ind\\u00edgenas-sample.mp3\",\"meta\":{\"artist\":\"NeoCultura\",\"length_formatted\":\"0:36\"},\"src\":\"https:\\\/\\\/neocultura.com.br\\\/tur\\\/wp-content\\\/uploads\\\/2018\\\/05\\\/27-GUARANI-infantil-Miss\\u00f5es-de-S\\u00e3o-Miguel-7-Resid\\u00eancias-ind\\u00edgenas-sample.mp3\",\"thumb\":{\"src\":\"https:\\\/\\\/neocultura.com.br\\\/tur\\\/wp-content\\\/uploads\\\/2018\\\/05\\\/27-GUARANI-infantil-Miss\\u00f5es-de-S\\u00e3o-Miguel-7-Resid\\u00eancias-ind\\u00edgenas-min-300x300.jpg\"}},{\"artist\":\"NeoCultura\",\"artworkId\":1440,\"artworkUrl\":\"https:\\\/\\\/neocultura.com.br\\\/tur\\\/wp-content\\\/uploads\\\/2018\\\/05\\\/28-AD-Museu-Hist\\u00f3rico-Nacional-30-Canh\\u00e3o-franc\\u00eas-min-300x300.jpg\",\"audioId\":1435,\"audioUrl\":\"https:\\\/\\\/neocultura.com.br\\\/tur\\\/wp-content\\\/uploads\\\/2018\\\/05\\\/28-AD-Museu-Hist\\u00f3rico-Nacional-30-Canh\\u00e3o-franc\\u00eas-sample.mp3\",\"format\":\"mp3\",\"length\":\"0:55\",\"title\":\"28 - AD - Museu Hist\\u00f3rico Nacional - #30 - Canh\\u00e3o franc\\u00eas (sample)\",\"order\":27,\"mp3\":\"https:\\\/\\\/neocultura.com.br\\\/tur\\\/wp-content\\\/uploads\\\/2018\\\/05\\\/28-AD-Museu-Hist\\u00f3rico-Nacional-30-Canh\\u00e3o-franc\\u00eas-sample.mp3\",\"meta\":{\"artist\":\"NeoCultura\",\"length_formatted\":\"0:55\"},\"src\":\"https:\\\/\\\/neocultura.com.br\\\/tur\\\/wp-content\\\/uploads\\\/2018\\\/05\\\/28-AD-Museu-Hist\\u00f3rico-Nacional-30-Canh\\u00e3o-franc\\u00eas-sample.mp3\",\"thumb\":{\"src\":\"https:\\\/\\\/neocultura.com.br\\\/tur\\\/wp-content\\\/uploads\\\/2018\\\/05\\\/28-AD-Museu-Hist\\u00f3rico-Nacional-30-Canh\\u00e3o-franc\\u00eas-min-300x300.jpg\"}},{\"artist\":\"\",\"artworkId\":1441,\"artworkUrl\":\"https:\\\/\\\/neocultura.com.br\\\/tur\\\/wp-content\\\/uploads\\\/2018\\\/05\\\/29-PORTUGU\\u00caS-Morar-Mais-Pout-pourri-min-300x300.jpg\",\"audioId\":1436,\"audioUrl\":\"https:\\\/\\\/neocultura.com.br\\\/tur\\\/wp-content\\\/uploads\\\/2018\\\/05\\\/29-PORTUGU\\u00caS-Morar-Mais-Pout-pourri-full.mp3\",\"format\":\"mp3\",\"length\":\"1:40\",\"title\":\"29 - PORTUGU\\u00caS - Morar Mais - Pout pourri (full)\",\"order\":28,\"mp3\":\"https:\\\/\\\/neocultura.com.br\\\/tur\\\/wp-content\\\/uploads\\\/2018\\\/05\\\/29-PORTUGU\\u00caS-Morar-Mais-Pout-pourri-full.mp3\",\"meta\":{\"artist\":\"\",\"length_formatted\":\"1:40\"},\"src\":\"https:\\\/\\\/neocultura.com.br\\\/tur\\\/wp-content\\\/uploads\\\/2018\\\/05\\\/29-PORTUGU\\u00caS-Morar-Mais-Pout-pourri-full.mp3\",\"thumb\":{\"src\":\"https:\\\/\\\/neocultura.com.br\\\/tur\\\/wp-content\\\/uploads\\\/2018\\\/05\\\/29-PORTUGU\\u00caS-Morar-Mais-Pout-pourri-min-300x300.jpg\"}},{\"artist\":\"NeoCultura\",\"artworkId\":1442,\"artworkUrl\":\"https:\\\/\\\/neocultura.com.br\\\/tur\\\/wp-content\\\/uploads\\\/2018\\\/05\\\/30-PORTUGU\\u00caS-infantil-Miss\\u00f5es-de-S\\u00e3o-Miguel-17-A-Quinta-min-300x300.jpg\",\"audioId\":1437,\"audioUrl\":\"https:\\\/\\\/neocultura.com.br\\\/tur\\\/wp-content\\\/uploads\\\/2018\\\/05\\\/30-PORTUGU\\u00caS-infantil-Miss\\u00f5es-de-S\\u00e3o-Miguel-17-A-Quinta-sample.mp3\",\"format\":\"mp3\",\"length\":\"0:34\",\"title\":\"30 - PORTUGU\\u00caS (infantil) - Miss\\u00f5es de S\\u00e3o Miguel - #17 - A Quinta (sample)\",\"order\":29,\"mp3\":\"https:\\\/\\\/neocultura.com.br\\\/tur\\\/wp-content\\\/uploads\\\/2018\\\/05\\\/30-PORTUGU\\u00caS-infantil-Miss\\u00f5es-de-S\\u00e3o-Miguel-17-A-Quinta-sample.mp3\",\"meta\":{\"artist\":\"NeoCultura\",\"length_formatted\":\"0:34\"},\"src\":\"https:\\\/\\\/neocultura.com.br\\\/tur\\\/wp-content\\\/uploads\\\/2018\\\/05\\\/30-PORTUGU\\u00caS-infantil-Miss\\u00f5es-de-S\\u00e3o-Miguel-17-A-Quinta-sample.mp3\",\"thumb\":{\"src\":\"https:\\\/\\\/neocultura.com.br\\\/tur\\\/wp-content\\\/uploads\\\/2018\\\/05\\\/30-PORTUGU\\u00caS-infantil-Miss\\u00f5es-de-S\\u00e3o-Miguel-17-A-Quinta-min-300x300.jpg\"}},{\"artist\":\"NeoCultura\",\"artworkId\":1453,\"artworkUrl\":\"https:\\\/\\\/neocultura.com.br\\\/tur\\\/wp-content\\\/uploads\\\/2018\\\/05\\\/31-PORTUGU\\u00caS-Santa-Casa-7-A-Roda-dos-Expostos-min-300x300.jpg\",\"audioId\":1443,\"audioUrl\":\"https:\\\/\\\/neocultura.com.br\\\/tur\\\/wp-content\\\/uploads\\\/2018\\\/05\\\/31-PORTUGU\\u00caS-Santa-Casa-7-A-Roda-dos-Expostos-sample.mp3\",\"format\":\"mp3\",\"length\":\"1:15\",\"title\":\"31 - PORTUGU\\u00caS - Santa Casa - #7 - A Roda dos Expostos (sample)\",\"order\":30,\"mp3\":\"https:\\\/\\\/neocultura.com.br\\\/tur\\\/wp-content\\\/uploads\\\/2018\\\/05\\\/31-PORTUGU\\u00caS-Santa-Casa-7-A-Roda-dos-Expostos-sample.mp3\",\"meta\":{\"artist\":\"NeoCultura\",\"length_formatted\":\"1:15\"},\"src\":\"https:\\\/\\\/neocultura.com.br\\\/tur\\\/wp-content\\\/uploads\\\/2018\\\/05\\\/31-PORTUGU\\u00caS-Santa-Casa-7-A-Roda-dos-Expostos-sample.mp3\",\"thumb\":{\"src\":\"https:\\\/\\\/neocultura.com.br\\\/tur\\\/wp-content\\\/uploads\\\/2018\\\/05\\\/31-PORTUGU\\u00caS-Santa-Casa-7-A-Roda-dos-Expostos-min-300x300.jpg\"}},{\"artist\":\"NeoCultura\",\"artworkId\":1454,\"artworkUrl\":\"https:\\\/\\\/neocultura.com.br\\\/tur\\\/wp-content\\\/uploads\\\/2018\\\/05\\\/32-ESPA\\u00d1OL-Mosteiro-de-S\\u00e3o-Bento-3-Puertas-de-la-Iglesia-min-300x300.jpg\",\"audioId\":1444,\"audioUrl\":\"https:\\\/\\\/neocultura.com.br\\\/tur\\\/wp-content\\\/uploads\\\/2018\\\/05\\\/32-ESPA\\u00d1OL-Mosteiro-de-S\\u00e3o-Bento-3-Puertas-de-la-Iglesia-sample.mp3\",\"format\":\"mp3\",\"length\":\"0:43\",\"title\":\"32 - ESPA\\u00d1OL - Mosteiro de S\\u00e3o Bento - #3 - Puertas de la Iglesia (sample)\",\"order\":31,\"mp3\":\"https:\\\/\\\/neocultura.com.br\\\/tur\\\/wp-content\\\/uploads\\\/2018\\\/05\\\/32-ESPA\\u00d1OL-Mosteiro-de-S\\u00e3o-Bento-3-Puertas-de-la-Iglesia-sample.mp3\",\"meta\":{\"artist\":\"NeoCultura\",\"length_formatted\":\"0:43\"},\"src\":\"https:\\\/\\\/neocultura.com.br\\\/tur\\\/wp-content\\\/uploads\\\/2018\\\/05\\\/32-ESPA\\u00d1OL-Mosteiro-de-S\\u00e3o-Bento-3-Puertas-de-la-Iglesia-sample.mp3\",\"thumb\":{\"src\":\"https:\\\/\\\/neocultura.com.br\\\/tur\\\/wp-content\\\/uploads\\\/2018\\\/05\\\/32-ESPA\\u00d1OL-Mosteiro-de-S\\u00e3o-Bento-3-Puertas-de-la-Iglesia-min-300x300.jpg\"}},{\"artist\":\"NeoCultura\",\"artworkId\":1455,\"artworkUrl\":\"https:\\\/\\\/neocultura.com.br\\\/tur\\\/wp-content\\\/uploads\\\/2018\\\/05\\\/33-ESPA\\u00d1OL-Museu-Nacional-de-Belas-Artes-24-Misi\\u00f3n-art\\u00edstica-francesa-min-300x300.jpg\",\"audioId\":1445,\"audioUrl\":\"https:\\\/\\\/neocultura.com.br\\\/tur\\\/wp-content\\\/uploads\\\/2018\\\/05\\\/33-ESPA\\u00d1OL-Museu-Nacional-de-Belas-Artes-24-Misi\\u00f3n-art\\u00edstica-francesa-sample.mp3\",\"format\":\"mp3\",\"length\":\"0:58\",\"title\":\"33 - ESPA\\u00d1OL - Museu Nacional de Belas Artes - #24 - Misi\\u00f3n art\\u00edstica francesa (sample)\",\"order\":32,\"mp3\":\"https:\\\/\\\/neocultura.com.br\\\/tur\\\/wp-content\\\/uploads\\\/2018\\\/05\\\/33-ESPA\\u00d1OL-Museu-Nacional-de-Belas-Artes-24-Misi\\u00f3n-art\\u00edstica-francesa-sample.mp3\",\"meta\":{\"artist\":\"NeoCultura\",\"length_formatted\":\"0:58\"},\"src\":\"https:\\\/\\\/neocultura.com.br\\\/tur\\\/wp-content\\\/uploads\\\/2018\\\/05\\\/33-ESPA\\u00d1OL-Museu-Nacional-de-Belas-Artes-24-Misi\\u00f3n-art\\u00edstica-francesa-sample.mp3\",\"thumb\":{\"src\":\"https:\\\/\\\/neocultura.com.br\\\/tur\\\/wp-content\\\/uploads\\\/2018\\\/05\\\/33-ESPA\\u00d1OL-Museu-Nacional-de-Belas-Artes-24-Misi\\u00f3n-art\\u00edstica-francesa-min-300x300.jpg\"}},{\"artist\":\"NeoCultura\",\"artworkId\":1456,\"artworkUrl\":\"https:\\\/\\\/neocultura.com.br\\\/tur\\\/wp-content\\\/uploads\\\/2018\\\/05\\\/34-ESPA\\u00d1OL-Museu-TAM-14-MIG-15-min-300x300.jpg\",\"audioId\":1446,\"audioUrl\":\"https:\\\/\\\/neocultura.com.br\\\/tur\\\/wp-content\\\/uploads\\\/2018\\\/05\\\/34-ESPA\\u00d1OL-Museu-TAM-14-MIG-15-sample.mp3\",\"format\":\"mp3\",\"length\":\"1:04\",\"title\":\"34 - ESPA\\u00d1OL - Museu TAM - #14 - MIG-15 (sample)\",\"order\":33,\"mp3\":\"https:\\\/\\\/neocultura.com.br\\\/tur\\\/wp-content\\\/uploads\\\/2018\\\/05\\\/34-ESPA\\u00d1OL-Museu-TAM-14-MIG-15-sample.mp3\",\"meta\":{\"artist\":\"NeoCultura\",\"length_formatted\":\"1:04\"},\"src\":\"https:\\\/\\\/neocultura.com.br\\\/tur\\\/wp-content\\\/uploads\\\/2018\\\/05\\\/34-ESPA\\u00d1OL-Museu-TAM-14-MIG-15-sample.mp3\",\"thumb\":{\"src\":\"https:\\\/\\\/neocultura.com.br\\\/tur\\\/wp-content\\\/uploads\\\/2018\\\/05\\\/34-ESPA\\u00d1OL-Museu-TAM-14-MIG-15-min-300x300.jpg\"}},{\"artist\":\"NeoCultura\",\"artworkId\":1457,\"artworkUrl\":\"https:\\\/\\\/neocultura.com.br\\\/tur\\\/wp-content\\\/uploads\\\/2018\\\/05\\\/35-FRAN\\u00c7AIS-Pal\\u00e1cio-da-Liberdade-16-Chambre-du-Gouverneur-min-300x300.jpg\",\"audioId\":1447,\"audioUrl\":\"https:\\\/\\\/neocultura.com.br\\\/tur\\\/wp-content\\\/uploads\\\/2018\\\/05\\\/35-FRAN\\u00c7AIS-Pal\\u00e1cio-da-Liberdade-16-Chambre-du-Gouverneur-sample.mp3\",\"format\":\"mp3\",\"length\":\"0:18\",\"title\":\"35 - FRAN\\u00c7AIS - Pal\\u00e1cio da Liberdade - #16 - Chambre du Gouverneur (sample)\",\"order\":34,\"mp3\":\"https:\\\/\\\/neocultura.com.br\\\/tur\\\/wp-content\\\/uploads\\\/2018\\\/05\\\/35-FRAN\\u00c7AIS-Pal\\u00e1cio-da-Liberdade-16-Chambre-du-Gouverneur-sample.mp3\",\"meta\":{\"artist\":\"NeoCultura\",\"length_formatted\":\"0:18\"},\"src\":\"https:\\\/\\\/neocultura.com.br\\\/tur\\\/wp-content\\\/uploads\\\/2018\\\/05\\\/35-FRAN\\u00c7AIS-Pal\\u00e1cio-da-Liberdade-16-Chambre-du-Gouverneur-sample.mp3\",\"thumb\":{\"src\":\"https:\\\/\\\/neocultura.com.br\\\/tur\\\/wp-content\\\/uploads\\\/2018\\\/05\\\/35-FRAN\\u00c7AIS-Pal\\u00e1cio-da-Liberdade-16-Chambre-du-Gouverneur-min-300x300.jpg\"}},{\"artist\":\"NeoCultura\",\"artworkId\":1458,\"artworkUrl\":\"https:\\\/\\\/neocultura.com.br\\\/tur\\\/wp-content\\\/uploads\\\/2018\\\/05\\\/36-FRAN\\u00c7AIS-Instituto-Ricardo-Brennand-23-Mus\\u00e9e-de-Cire-Th\\u00e9\\u00e2tralisation-min-300x300.jpg\",\"audioId\":1448,\"audioUrl\":\"https:\\\/\\\/neocultura.com.br\\\/tur\\\/wp-content\\\/uploads\\\/2018\\\/05\\\/36-FRAN\\u00c7AIS-Instituto-Ricardo-Brennand-23-Mus\\u00e9e-de-Cire-Th\\u00e9\\u00e2tralisation-sample.mp3\",\"format\":\"mp3\",\"length\":\"1:14\",\"title\":\"36 - FRAN\\u00c7AIS - Instituto Ricardo Brennand - #23 - Mus\\u00e9e de Cire - Th\\u00e9\\u00e2tralisation (sample)\",\"order\":35,\"mp3\":\"https:\\\/\\\/neocultura.com.br\\\/tur\\\/wp-content\\\/uploads\\\/2018\\\/05\\\/36-FRAN\\u00c7AIS-Instituto-Ricardo-Brennand-23-Mus\\u00e9e-de-Cire-Th\\u00e9\\u00e2tralisation-sample.mp3\",\"meta\":{\"artist\":\"NeoCultura\",\"length_formatted\":\"1:14\"},\"src\":\"https:\\\/\\\/neocultura.com.br\\\/tur\\\/wp-content\\\/uploads\\\/2018\\\/05\\\/36-FRAN\\u00c7AIS-Instituto-Ricardo-Brennand-23-Mus\\u00e9e-de-Cire-Th\\u00e9\\u00e2tralisation-sample.mp3\",\"thumb\":{\"src\":\"https:\\\/\\\/neocultura.com.br\\\/tur\\\/wp-content\\\/uploads\\\/2018\\\/05\\\/36-FRAN\\u00c7AIS-Instituto-Ricardo-Brennand-23-Mus\\u00e9e-de-Cire-Th\\u00e9\\u00e2tralisation-min-300x300.jpg\"}},{\"artist\":\"\",\"artworkId\":1394,\"artworkUrl\":\"https:\\\/\\\/neocultura.com.br\\\/tur\\\/wp-content\\\/uploads\\\/2018\\\/05\\\/5-TEMP-min-300x300.jpg\",\"audioId\":1449,\"audioUrl\":\"https:\\\/\\\/neocultura.com.br\\\/tur\\\/wp-content\\\/uploads\\\/2018\\\/05\\\/37-ITALIANO-Mosteiro-de-S\\u00e3o-Bento-14-Canto-Gregoriano-full.mp3\",\"format\":\"mp3\",\"length\":\"1:19\",\"title\":\"37 - ITALIANO - Mosteiro de S\\u00e3o Bento - #14 - Canto Gregoriano (full)\",\"order\":36,\"mp3\":\"https:\\\/\\\/neocultura.com.br\\\/tur\\\/wp-content\\\/uploads\\\/2018\\\/05\\\/37-ITALIANO-Mosteiro-de-S\\u00e3o-Bento-14-Canto-Gregoriano-full.mp3\",\"meta\":{\"artist\":\"\",\"length_formatted\":\"1:19\"},\"src\":\"https:\\\/\\\/neocultura.com.br\\\/tur\\\/wp-content\\\/uploads\\\/2018\\\/05\\\/37-ITALIANO-Mosteiro-de-S\\u00e3o-Bento-14-Canto-Gregoriano-full.mp3\",\"thumb\":{\"src\":\"https:\\\/\\\/neocultura.com.br\\\/tur\\\/wp-content\\\/uploads\\\/2018\\\/05\\\/5-TEMP-min-300x300.jpg\"}},{\"artist\":\"NeoCultura\",\"artworkId\":1459,\"artworkUrl\":\"https:\\\/\\\/neocultura.com.br\\\/tur\\\/wp-content\\\/uploads\\\/2018\\\/05\\\/38-AD-Exposi\\u00e7\\u00e3o-PARA-TODOS-31-min-300x300.jpg\",\"audioId\":1450,\"audioUrl\":\"https:\\\/\\\/neocultura.com.br\\\/tur\\\/wp-content\\\/uploads\\\/2018\\\/05\\\/38-AD-Exposi\\u00e7\\u00e3o-PARA-TODOS-31-sample.mp3\",\"format\":\"mp3\",\"length\":\"0:35\",\"title\":\"38 - AD - Exposi\\u00e7\\u00e3o PARA TODOS - #31 (sample)\",\"order\":37,\"mp3\":\"https:\\\/\\\/neocultura.com.br\\\/tur\\\/wp-content\\\/uploads\\\/2018\\\/05\\\/38-AD-Exposi\\u00e7\\u00e3o-PARA-TODOS-31-sample.mp3\",\"meta\":{\"artist\":\"NeoCultura\",\"length_formatted\":\"0:35\"},\"src\":\"https:\\\/\\\/neocultura.com.br\\\/tur\\\/wp-content\\\/uploads\\\/2018\\\/05\\\/38-AD-Exposi\\u00e7\\u00e3o-PARA-TODOS-31-sample.mp3\",\"thumb\":{\"src\":\"https:\\\/\\\/neocultura.com.br\\\/tur\\\/wp-content\\\/uploads\\\/2018\\\/05\\\/38-AD-Exposi\\u00e7\\u00e3o-PARA-TODOS-31-min-300x300.jpg\"}},{\"artist\":\"NeoCultura\",\"artworkId\":1460,\"artworkUrl\":\"https:\\\/\\\/neocultura.com.br\\\/tur\\\/wp-content\\\/uploads\\\/2018\\\/05\\\/39-AD-Museu-H-M-de-S\\u00e3o-Jos\\u00e9-12-Mem\\u00f3ria-do-trabalho-e-rela\\u00e7\\u00f5es-de-g\\u00eanero-min-300x300.jpg\",\"audioId\":1451,\"audioUrl\":\"https:\\\/\\\/neocultura.com.br\\\/tur\\\/wp-content\\\/uploads\\\/2018\\\/05\\\/39-AD-Museu-H-M-de-S\\u00e3o-Jos\\u00e9-12-Mem\\u00f3ria-do-trabalho-e-rela\\u00e7\\u00f5es-de-g\\u00eanero-sample.mp3\",\"format\":\"mp3\",\"length\":\"1:13\",\"title\":\"39 - AD - Museu H M de S\\u00e3o Jos\\u00e9 - #12 - Mem\\u00f3ria do trabalho e rela\\u00e7\\u00f5es de g\\u00eanero (sample)\",\"order\":38,\"mp3\":\"https:\\\/\\\/neocultura.com.br\\\/tur\\\/wp-content\\\/uploads\\\/2018\\\/05\\\/39-AD-Museu-H-M-de-S\\u00e3o-Jos\\u00e9-12-Mem\\u00f3ria-do-trabalho-e-rela\\u00e7\\u00f5es-de-g\\u00eanero-sample.mp3\",\"meta\":{\"artist\":\"NeoCultura\",\"length_formatted\":\"1:13\"},\"src\":\"https:\\\/\\\/neocultura.com.br\\\/tur\\\/wp-content\\\/uploads\\\/2018\\\/05\\\/39-AD-Museu-H-M-de-S\\u00e3o-Jos\\u00e9-12-Mem\\u00f3ria-do-trabalho-e-rela\\u00e7\\u00f5es-de-g\\u00eanero-sample.mp3\",\"thumb\":{\"src\":\"https:\\\/\\\/neocultura.com.br\\\/tur\\\/wp-content\\\/uploads\\\/2018\\\/05\\\/39-AD-Museu-H-M-de-S\\u00e3o-Jos\\u00e9-12-Mem\\u00f3ria-do-trabalho-e-rela\\u00e7\\u00f5es-de-g\\u00eanero-min-300x300.jpg\"}},{\"artist\":\"\",\"artworkId\":1461,\"artworkUrl\":\"https:\\\/\\\/neocultura.com.br\\\/tur\\\/wp-content\\\/uploads\\\/2018\\\/05\\\/40-AD-Museu-Hist\\u00f3rico-Nacional-17-Combate-Naval-do-Riachuelo-min-300x300.jpg\",\"audioId\":1452,\"audioUrl\":\"https:\\\/\\\/neocultura.com.br\\\/tur\\\/wp-content\\\/uploads\\\/2018\\\/05\\\/40-AD-Museu-Hist\\u00f3rico-Nacional-17-Combate-Naval-do-Riachuelo-sample.mp3\",\"format\":\"mp3\",\"length\":\"1:09\",\"title\":\"40 - AD - Museu Hist\\u00f3rico Nacional - #17 - Combate Naval do Riachuelo (sample)\",\"order\":39,\"mp3\":\"https:\\\/\\\/neocultura.com.br\\\/tur\\\/wp-content\\\/uploads\\\/2018\\\/05\\\/40-AD-Museu-Hist\\u00f3rico-Nacional-17-Combate-Naval-do-Riachuelo-sample.mp3\",\"meta\":{\"artist\":\"\",\"length_formatted\":\"1:09\"},\"src\":\"https:\\\/\\\/neocultura.com.br\\\/tur\\\/wp-content\\\/uploads\\\/2018\\\/05\\\/40-AD-Museu-Hist\\u00f3rico-Nacional-17-Combate-Naval-do-Riachuelo-sample.mp3\",\"thumb\":{\"src\":\"https:\\\/\\\/neocultura.com.br\\\/tur\\\/wp-content\\\/uploads\\\/2018\\\/05\\\/40-AD-Museu-Hist\\u00f3rico-Nacional-17-Combate-Naval-do-Riachuelo-min-300x300.jpg\"}},{\"artist\":\"NeoCultura\",\"artworkId\":1472,\"artworkUrl\":\"https:\\\/\\\/neocultura.com.br\\\/tur\\\/wp-content\\\/uploads\\\/2018\\\/05\\\/41-PORTUGU\\u00caS-Museu-Victor-Meirelles-99-Boas-Vindas-min-300x300.jpg\",\"audioId\":1462,\"audioUrl\":\"https:\\\/\\\/neocultura.com.br\\\/tur\\\/wp-content\\\/uploads\\\/2018\\\/05\\\/41-PORTUGU\\u00caS-Museu-Victor-Meirelles-99-Boas-Vindas-sample.mp3\",\"format\":\"mp3\",\"length\":\"0:43\",\"title\":\"41 - PORTUGU\\u00caS - Museu Victor Meirelles - #99 - Boas Vindas (sample)\",\"order\":40,\"mp3\":\"https:\\\/\\\/neocultura.com.br\\\/tur\\\/wp-content\\\/uploads\\\/2018\\\/05\\\/41-PORTUGU\\u00caS-Museu-Victor-Meirelles-99-Boas-Vindas-sample.mp3\",\"meta\":{\"artist\":\"NeoCultura\",\"length_formatted\":\"0:43\"},\"src\":\"https:\\\/\\\/neocultura.com.br\\\/tur\\\/wp-content\\\/uploads\\\/2018\\\/05\\\/41-PORTUGU\\u00caS-Museu-Victor-Meirelles-99-Boas-Vindas-sample.mp3\",\"thumb\":{\"src\":\"https:\\\/\\\/neocultura.com.br\\\/tur\\\/wp-content\\\/uploads\\\/2018\\\/05\\\/41-PORTUGU\\u00caS-Museu-Victor-Meirelles-99-Boas-Vindas-min-300x300.jpg\"}},{\"artist\":\"NeoCultura\",\"artworkId\":1473,\"artworkUrl\":\"https:\\\/\\\/neocultura.com.br\\\/tur\\\/wp-content\\\/uploads\\\/2018\\\/05\\\/42-PORTUGU\\u00caS-Pinacoteca-44-As-pinturas-Caipiras-de-Almeida-Jr-min-300x300.jpg\",\"audioId\":1463,\"audioUrl\":\"https:\\\/\\\/neocultura.com.br\\\/tur\\\/wp-content\\\/uploads\\\/2018\\\/05\\\/42-PORTUGU\\u00caS-Pinacoteca-44-As-pinturas-Caipiras-de-Almeida-Jr-sample.mp3\",\"format\":\"mp3\",\"length\":\"0:36\",\"title\":\"42 - PORTUGU\\u00caS - Pinacoteca - #44 - As pinturas Caipiras de Almeida Jr (sample)\",\"order\":41,\"mp3\":\"https:\\\/\\\/neocultura.com.br\\\/tur\\\/wp-content\\\/uploads\\\/2018\\\/05\\\/42-PORTUGU\\u00caS-Pinacoteca-44-As-pinturas-Caipiras-de-Almeida-Jr-sample.mp3\",\"meta\":{\"artist\":\"NeoCultura\",\"length_formatted\":\"0:36\"},\"src\":\"https:\\\/\\\/neocultura.com.br\\\/tur\\\/wp-content\\\/uploads\\\/2018\\\/05\\\/42-PORTUGU\\u00caS-Pinacoteca-44-As-pinturas-Caipiras-de-Almeida-Jr-sample.mp3\",\"thumb\":{\"src\":\"https:\\\/\\\/neocultura.com.br\\\/tur\\\/wp-content\\\/uploads\\\/2018\\\/05\\\/42-PORTUGU\\u00caS-Pinacoteca-44-As-pinturas-Caipiras-de-Almeida-Jr-min-300x300.jpg\"}},{\"artist\":\"NeoCultura\",\"artworkId\":1474,\"artworkUrl\":\"https:\\\/\\\/neocultura.com.br\\\/tur\\\/wp-content\\\/uploads\\\/2018\\\/05\\\/43-PORTUGU\\u00caS-Museu-Vale-9-Acordo-de-Washington-min-300x300.jpg\",\"audioId\":1464,\"audioUrl\":\"https:\\\/\\\/neocultura.com.br\\\/tur\\\/wp-content\\\/uploads\\\/2018\\\/05\\\/43-PORTUGU\\u00caS-Museu-Vale-9-Acordo-de-Washington-sample.mp3\",\"format\":\"mp3\",\"length\":\"0:54\",\"title\":\"43 - PORTUGU\\u00caS - Museu Vale - #9 - Acordo de Washington (sample)\",\"order\":42,\"mp3\":\"https:\\\/\\\/neocultura.com.br\\\/tur\\\/wp-content\\\/uploads\\\/2018\\\/05\\\/43-PORTUGU\\u00caS-Museu-Vale-9-Acordo-de-Washington-sample.mp3\",\"meta\":{\"artist\":\"NeoCultura\",\"length_formatted\":\"0:54\"},\"src\":\"https:\\\/\\\/neocultura.com.br\\\/tur\\\/wp-content\\\/uploads\\\/2018\\\/05\\\/43-PORTUGU\\u00caS-Museu-Vale-9-Acordo-de-Washington-sample.mp3\",\"thumb\":{\"src\":\"https:\\\/\\\/neocultura.com.br\\\/tur\\\/wp-content\\\/uploads\\\/2018\\\/05\\\/43-PORTUGU\\u00caS-Museu-Vale-9-Acordo-de-Washington-min-300x300.jpg\"}},{\"artist\":\"NeoCultura\",\"artworkId\":1475,\"artworkUrl\":\"https:\\\/\\\/neocultura.com.br\\\/tur\\\/wp-content\\\/uploads\\\/2018\\\/05\\\/44-PORTUGU\\u00caS-Museu-H-M-de-S\\u00e3o-Jos\\u00e9-80-Trapiche-min-300x300.jpg\",\"audioId\":1465,\"audioUrl\":\"https:\\\/\\\/neocultura.com.br\\\/tur\\\/wp-content\\\/uploads\\\/2018\\\/05\\\/44-PORTUGU\\u00caS-Museu-H-M-de-S\\u00e3o-Jos\\u00e9-80-Trapiche-sample.mp3\",\"format\":\"mp3\",\"length\":\"0:54\",\"title\":\"44 - PORTUGU\\u00caS - Museu H M de S\\u00e3o Jos\\u00e9 - #80 - Trapiche (sample)\",\"order\":43,\"mp3\":\"https:\\\/\\\/neocultura.com.br\\\/tur\\\/wp-content\\\/uploads\\\/2018\\\/05\\\/44-PORTUGU\\u00caS-Museu-H-M-de-S\\u00e3o-Jos\\u00e9-80-Trapiche-sample.mp3\",\"meta\":{\"artist\":\"NeoCultura\",\"length_formatted\":\"0:54\"},\"src\":\"https:\\\/\\\/neocultura.com.br\\\/tur\\\/wp-content\\\/uploads\\\/2018\\\/05\\\/44-PORTUGU\\u00caS-Museu-H-M-de-S\\u00e3o-Jos\\u00e9-80-Trapiche-sample.mp3\",\"thumb\":{\"src\":\"https:\\\/\\\/neocultura.com.br\\\/tur\\\/wp-content\\\/uploads\\\/2018\\\/05\\\/44-PORTUGU\\u00caS-Museu-H-M-de-S\\u00e3o-Jos\\u00e9-80-Trapiche-min-300x300.jpg\"}},{\"artist\":\"NeoCultura\",\"artworkId\":1476,\"artworkUrl\":\"https:\\\/\\\/neocultura.com.br\\\/tur\\\/wp-content\\\/uploads\\\/2018\\\/05\\\/45-PORTUGU\\u00caS-Museu-Lasar-Segall-39-Ateli\\u00ea-min-300x300.jpg\",\"audioId\":1466,\"audioUrl\":\"https:\\\/\\\/neocultura.com.br\\\/tur\\\/wp-content\\\/uploads\\\/2018\\\/05\\\/45-PORTUGU\\u00caS-Museu-Lasar-Segall-39-Ateli\\u00ea-sample.mp3\",\"format\":\"mp3\",\"length\":\"1:35\",\"title\":\"45 - PORTUGU\\u00caS - Museu Lasar Segall - #39 - Ateli\\u00ea (sample)\",\"order\":44,\"mp3\":\"https:\\\/\\\/neocultura.com.br\\\/tur\\\/wp-content\\\/uploads\\\/2018\\\/05\\\/45-PORTUGU\\u00caS-Museu-Lasar-Segall-39-Ateli\\u00ea-sample.mp3\",\"meta\":{\"artist\":\"NeoCultura\",\"length_formatted\":\"1:35\"},\"src\":\"https:\\\/\\\/neocultura.com.br\\\/tur\\\/wp-content\\\/uploads\\\/2018\\\/05\\\/45-PORTUGU\\u00caS-Museu-Lasar-Segall-39-Ateli\\u00ea-sample.mp3\",\"thumb\":{\"src\":\"https:\\\/\\\/neocultura.com.br\\\/tur\\\/wp-content\\\/uploads\\\/2018\\\/05\\\/45-PORTUGU\\u00caS-Museu-Lasar-Segall-39-Ateli\\u00ea-min-300x300.jpg\"}},{\"artist\":\"NeoCultura\",\"artworkId\":1477,\"artworkUrl\":\"https:\\\/\\\/neocultura.com.br\\\/tur\\\/wp-content\\\/uploads\\\/2018\\\/05\\\/46-ENGLISH-kids-Miss\\u00f5es-de-S\\u00e3o-Miguel-5-Guarani-natives-min-300x300.jpg\",\"audioId\":1467,\"audioUrl\":\"https:\\\/\\\/neocultura.com.br\\\/tur\\\/wp-content\\\/uploads\\\/2018\\\/05\\\/46-ENGLISH-kids-Miss\\u00f5es-de-S\\u00e3o-Miguel-5-Guarani-natives-sample.mp3\",\"format\":\"mp3\",\"length\":\"0:39\",\"title\":\"46 - ENGLISH (kids) - Miss\\u00f5es de S\\u00e3o Miguel - #5 - Guarani natives (sample)\",\"order\":45,\"mp3\":\"https:\\\/\\\/neocultura.com.br\\\/tur\\\/wp-content\\\/uploads\\\/2018\\\/05\\\/46-ENGLISH-kids-Miss\\u00f5es-de-S\\u00e3o-Miguel-5-Guarani-natives-sample.mp3\",\"meta\":{\"artist\":\"NeoCultura\",\"length_formatted\":\"0:39\"},\"src\":\"https:\\\/\\\/neocultura.com.br\\\/tur\\\/wp-content\\\/uploads\\\/2018\\\/05\\\/46-ENGLISH-kids-Miss\\u00f5es-de-S\\u00e3o-Miguel-5-Guarani-natives-sample.mp3\",\"thumb\":{\"src\":\"https:\\\/\\\/neocultura.com.br\\\/tur\\\/wp-content\\\/uploads\\\/2018\\\/05\\\/46-ENGLISH-kids-Miss\\u00f5es-de-S\\u00e3o-Miguel-5-Guarani-natives-min-300x300.jpg\"}},{\"artist\":\"NeoCultura\",\"artworkId\":1478,\"artworkUrl\":\"https:\\\/\\\/neocultura.com.br\\\/tur\\\/wp-content\\\/uploads\\\/2018\\\/05\\\/47-ENGLISH-Escola-SESC-18-Akuma-min-300x300.jpg\",\"audioId\":1468,\"audioUrl\":\"https:\\\/\\\/neocultura.com.br\\\/tur\\\/wp-content\\\/uploads\\\/2018\\\/05\\\/47-ENGLISH-Escola-SESC-18-Akuma-sample.mp3\",\"format\":\"mp3\",\"length\":\"0:33\",\"title\":\"47 - ENGLISH - Escola SESC - #18 - Akuma (sample)\",\"order\":46,\"mp3\":\"https:\\\/\\\/neocultura.com.br\\\/tur\\\/wp-content\\\/uploads\\\/2018\\\/05\\\/47-ENGLISH-Escola-SESC-18-Akuma-sample.mp3\",\"meta\":{\"artist\":\"NeoCultura\",\"length_formatted\":\"0:33\"},\"src\":\"https:\\\/\\\/neocultura.com.br\\\/tur\\\/wp-content\\\/uploads\\\/2018\\\/05\\\/47-ENGLISH-Escola-SESC-18-Akuma-sample.mp3\",\"thumb\":{\"src\":\"https:\\\/\\\/neocultura.com.br\\\/tur\\\/wp-content\\\/uploads\\\/2018\\\/05\\\/47-ENGLISH-Escola-SESC-18-Akuma-min-300x300.jpg\"}},{\"artist\":\"NeoCultura\",\"artworkId\":1479,\"artworkUrl\":\"https:\\\/\\\/neocultura.com.br\\\/tur\\\/wp-content\\\/uploads\\\/2018\\\/05\\\/48-ENGLISH-Museu-TAM-19-Spitfire-MK-IX-min-300x300.jpg\",\"audioId\":1469,\"audioUrl\":\"https:\\\/\\\/neocultura.com.br\\\/tur\\\/wp-content\\\/uploads\\\/2018\\\/05\\\/48-ENGLISH-Museu-TAM-19-Spitfire-MK-IX-sample.mp3\",\"format\":\"mp3\",\"length\":\"1:11\",\"title\":\"48 - ENGLISH - Museu TAM - #19 - Spitfire MK IX (sample)\",\"order\":47,\"mp3\":\"https:\\\/\\\/neocultura.com.br\\\/tur\\\/wp-content\\\/uploads\\\/2018\\\/05\\\/48-ENGLISH-Museu-TAM-19-Spitfire-MK-IX-sample.mp3\",\"meta\":{\"artist\":\"NeoCultura\",\"length_formatted\":\"1:11\"},\"src\":\"https:\\\/\\\/neocultura.com.br\\\/tur\\\/wp-content\\\/uploads\\\/2018\\\/05\\\/48-ENGLISH-Museu-TAM-19-Spitfire-MK-IX-sample.mp3\",\"thumb\":{\"src\":\"https:\\\/\\\/neocultura.com.br\\\/tur\\\/wp-content\\\/uploads\\\/2018\\\/05\\\/48-ENGLISH-Museu-TAM-19-Spitfire-MK-IX-min-300x300.jpg\"}},{\"artist\":\"NeoCultura\",\"artworkId\":1394,\"artworkUrl\":\"https:\\\/\\\/neocultura.com.br\\\/tur\\\/wp-content\\\/uploads\\\/2018\\\/05\\\/5-TEMP-min-300x300.jpg\",\"audioId\":1470,\"audioUrl\":\"https:\\\/\\\/neocultura.com.br\\\/tur\\\/wp-content\\\/uploads\\\/2018\\\/05\\\/49-ENGLISH-Museu-da-Inconfid\\u00eancia-13-Tiradentes-Watch-sample.mp3\",\"format\":\"mp3\",\"length\":\"0:44\",\"title\":\"49 - ENGLISH - Museu da Inconfid\\u00eancia - #13 - Tiradentes' Watch (sample)\",\"order\":48,\"mp3\":\"https:\\\/\\\/neocultura.com.br\\\/tur\\\/wp-content\\\/uploads\\\/2018\\\/05\\\/49-ENGLISH-Museu-da-Inconfid\\u00eancia-13-Tiradentes-Watch-sample.mp3\",\"meta\":{\"artist\":\"NeoCultura\",\"length_formatted\":\"0:44\"},\"src\":\"https:\\\/\\\/neocultura.com.br\\\/tur\\\/wp-content\\\/uploads\\\/2018\\\/05\\\/49-ENGLISH-Museu-da-Inconfid\\u00eancia-13-Tiradentes-Watch-sample.mp3\",\"thumb\":{\"src\":\"https:\\\/\\\/neocultura.com.br\\\/tur\\\/wp-content\\\/uploads\\\/2018\\\/05\\\/5-TEMP-min-300x300.jpg\"}},{\"artist\":\"NeoCultura\",\"artworkId\":1480,\"artworkUrl\":\"https:\\\/\\\/neocultura.com.br\\\/tur\\\/wp-content\\\/uploads\\\/2018\\\/05\\\/50-ENGLISH-Santa-Casa-19-Consulting-Rooms-min-300x300.jpg\",\"audioId\":1471,\"audioUrl\":\"https:\\\/\\\/neocultura.com.br\\\/tur\\\/wp-content\\\/uploads\\\/2018\\\/05\\\/50-ENGLISH-Santa-Casa-19-Consulting-Rooms-sample.mp3\",\"format\":\"mp3\",\"length\":\"0:33\",\"title\":\"50 - ENGLISH - Santa Casa - #19 - Consulting Rooms (sample)\",\"order\":49,\"mp3\":\"https:\\\/\\\/neocultura.com.br\\\/tur\\\/wp-content\\\/uploads\\\/2018\\\/05\\\/50-ENGLISH-Santa-Casa-19-Consulting-Rooms-sample.mp3\",\"meta\":{\"artist\":\"NeoCultura\",\"length_formatted\":\"0:33\"},\"src\":\"https:\\\/\\\/neocultura.com.br\\\/tur\\\/wp-content\\\/uploads\\\/2018\\\/05\\\/50-ENGLISH-Santa-Casa-19-Consulting-Rooms-sample.mp3\",\"thumb\":{\"src\":\"https:\\\/\\\/neocultura.com.br\\\/tur\\\/wp-content\\\/uploads\\\/2018\\\/05\\\/50-ENGLISH-Santa-Casa-19-Consulting-Rooms-min-300x300.jpg\"}},{\"artist\":\"NeoCultura\",\"artworkId\":1491,\"artworkUrl\":\"https:\\\/\\\/neocultura.com.br\\\/tur\\\/wp-content\\\/uploads\\\/2018\\\/05\\\/51-ESPA\\u00d1OL-Maracan\\u00e3-16-Entrada-al-campo-min-300x300.jpg\",\"audioId\":1481,\"audioUrl\":\"https:\\\/\\\/neocultura.com.br\\\/tur\\\/wp-content\\\/uploads\\\/2018\\\/05\\\/51-ESPA\\u00d1OL-Maracan\\u00e3-16-Entrada-al-campo-sample.mp3\",\"format\":\"mp3\",\"length\":\"0:50\",\"title\":\"51 - ESPA\\u00d1OL - Maracan\\u00e3 - #16 - Entrada al campo (sample)\",\"order\":50,\"mp3\":\"https:\\\/\\\/neocultura.com.br\\\/tur\\\/wp-content\\\/uploads\\\/2018\\\/05\\\/51-ESPA\\u00d1OL-Maracan\\u00e3-16-Entrada-al-campo-sample.mp3\",\"meta\":{\"artist\":\"NeoCultura\",\"length_formatted\":\"0:50\"},\"src\":\"https:\\\/\\\/neocultura.com.br\\\/tur\\\/wp-content\\\/uploads\\\/2018\\\/05\\\/51-ESPA\\u00d1OL-Maracan\\u00e3-16-Entrada-al-campo-sample.mp3\",\"thumb\":{\"src\":\"https:\\\/\\\/neocultura.com.br\\\/tur\\\/wp-content\\\/uploads\\\/2018\\\/05\\\/51-ESPA\\u00d1OL-Maracan\\u00e3-16-Entrada-al-campo-min-300x300.jpg\"}},{\"artist\":\"NeoCultura\",\"artworkId\":1492,\"artworkUrl\":\"https:\\\/\\\/neocultura.com.br\\\/tur\\\/wp-content\\\/uploads\\\/2018\\\/05\\\/52-ESPA\\u00d1OL-CHC-Santa-Casa-7-El-Torno-de-los-Abandonados-min-300x300.jpg\",\"audioId\":1482,\"audioUrl\":\"https:\\\/\\\/neocultura.com.br\\\/tur\\\/wp-content\\\/uploads\\\/2018\\\/05\\\/52-ESPA\\u00d1OL-CHC-Santa-Casa-7-El-Torno-de-los-Abandonados-sample.mp3\",\"format\":\"mp3\",\"length\":\"1:09\",\"title\":\"52 - ESPA\\u00d1OL - CHC Santa Casa - #7 - El Torno de los Abandonados (sample)\",\"order\":51,\"mp3\":\"https:\\\/\\\/neocultura.com.br\\\/tur\\\/wp-content\\\/uploads\\\/2018\\\/05\\\/52-ESPA\\u00d1OL-CHC-Santa-Casa-7-El-Torno-de-los-Abandonados-sample.mp3\",\"meta\":{\"artist\":\"NeoCultura\",\"length_formatted\":\"1:09\"},\"src\":\"https:\\\/\\\/neocultura.com.br\\\/tur\\\/wp-content\\\/uploads\\\/2018\\\/05\\\/52-ESPA\\u00d1OL-CHC-Santa-Casa-7-El-Torno-de-los-Abandonados-sample.mp3\",\"thumb\":{\"src\":\"https:\\\/\\\/neocultura.com.br\\\/tur\\\/wp-content\\\/uploads\\\/2018\\\/05\\\/52-ESPA\\u00d1OL-CHC-Santa-Casa-7-El-Torno-de-los-Abandonados-min-300x300.jpg\"}},{\"artist\":\"NeoCultura\",\"artworkId\":1493,\"artworkUrl\":\"https:\\\/\\\/neocultura.com.br\\\/tur\\\/wp-content\\\/uploads\\\/2018\\\/05\\\/53-ESPA\\u00d1OL-Museu-da-Imigra\\u00e7\\u00e3o-9-Los-Inmigrantes-en-la-Hospedar\\u00eda-min-300x300.jpg\",\"audioId\":1483,\"audioUrl\":\"https:\\\/\\\/neocultura.com.br\\\/tur\\\/wp-content\\\/uploads\\\/2018\\\/05\\\/53-ESPA\\u00d1OL-Museu-da-Imigra\\u00e7\\u00e3o-9-Los-Inmigrantes-en-la-Hospedar\\u00eda-sample.mp3\",\"format\":\"mp3\",\"length\":\"0:49\",\"title\":\"53 - ESPA\\u00d1OL - Museu da Imigra\\u00e7\\u00e3o - #9 - Los Inmigrantes en la Hospedar\\u00eda (sample)\",\"order\":52,\"mp3\":\"https:\\\/\\\/neocultura.com.br\\\/tur\\\/wp-content\\\/uploads\\\/2018\\\/05\\\/53-ESPA\\u00d1OL-Museu-da-Imigra\\u00e7\\u00e3o-9-Los-Inmigrantes-en-la-Hospedar\\u00eda-sample.mp3\",\"meta\":{\"artist\":\"NeoCultura\",\"length_formatted\":\"0:49\"},\"src\":\"https:\\\/\\\/neocultura.com.br\\\/tur\\\/wp-content\\\/uploads\\\/2018\\\/05\\\/53-ESPA\\u00d1OL-Museu-da-Imigra\\u00e7\\u00e3o-9-Los-Inmigrantes-en-la-Hospedar\\u00eda-sample.mp3\",\"thumb\":{\"src\":\"https:\\\/\\\/neocultura.com.br\\\/tur\\\/wp-content\\\/uploads\\\/2018\\\/05\\\/53-ESPA\\u00d1OL-Museu-da-Imigra\\u00e7\\u00e3o-9-Los-Inmigrantes-en-la-Hospedar\\u00eda-min-300x300.jpg\"}},{\"artist\":\"NeoCultura\",\"artworkId\":1394,\"artworkUrl\":\"https:\\\/\\\/neocultura.com.br\\\/tur\\\/wp-content\\\/uploads\\\/2018\\\/05\\\/5-TEMP-min-300x300.jpg\",\"audioId\":1484,\"audioUrl\":\"https:\\\/\\\/neocultura.com.br\\\/tur\\\/wp-content\\\/uploads\\\/2018\\\/05\\\/54-FRAN\\u00c7AIS-Mosteiro-de-S\\u00e3o-Bento-7-Grande-Chapelle-et-Presbyt\\u00e8re-sample.mp3\",\"format\":\"mp3\",\"length\":\"0:34\",\"title\":\"54 - FRAN\\u00c7AIS - Mosteiro de S\\u00e3o Bento - #7 - Grande Chapelle et Presbyt\\u00e8re (sample)\",\"order\":53,\"mp3\":\"https:\\\/\\\/neocultura.com.br\\\/tur\\\/wp-content\\\/uploads\\\/2018\\\/05\\\/54-FRAN\\u00c7AIS-Mosteiro-de-S\\u00e3o-Bento-7-Grande-Chapelle-et-Presbyt\\u00e8re-sample.mp3\",\"meta\":{\"artist\":\"NeoCultura\",\"length_formatted\":\"0:34\"},\"src\":\"https:\\\/\\\/neocultura.com.br\\\/tur\\\/wp-content\\\/uploads\\\/2018\\\/05\\\/54-FRAN\\u00c7AIS-Mosteiro-de-S\\u00e3o-Bento-7-Grande-Chapelle-et-Presbyt\\u00e8re-sample.mp3\",\"thumb\":{\"src\":\"https:\\\/\\\/neocultura.com.br\\\/tur\\\/wp-content\\\/uploads\\\/2018\\\/05\\\/5-TEMP-min-300x300.jpg\"}},{\"artist\":\"NeoCultura\",\"artworkId\":1494,\"artworkUrl\":\"https:\\\/\\\/neocultura.com.br\\\/tur\\\/wp-content\\\/uploads\\\/2018\\\/05\\\/55-FRAN\\u00c7AIS-Cristo-Redentor-8-Stade-Maracan\\u00e3-min-300x300.jpg\",\"audioId\":1485,\"audioUrl\":\"https:\\\/\\\/neocultura.com.br\\\/tur\\\/wp-content\\\/uploads\\\/2018\\\/05\\\/55-FRAN\\u00c7AIS-Cristo-Redentor-8-Stade-Maracan\\u00e3-sample.mp3\",\"format\":\"mp3\",\"length\":\"1:06\",\"title\":\"55 - FRAN\\u00c7AIS - Cristo Redentor - #8 - Stade Maracan\\u00e3 (sample)\",\"order\":54,\"mp3\":\"https:\\\/\\\/neocultura.com.br\\\/tur\\\/wp-content\\\/uploads\\\/2018\\\/05\\\/55-FRAN\\u00c7AIS-Cristo-Redentor-8-Stade-Maracan\\u00e3-sample.mp3\",\"meta\":{\"artist\":\"NeoCultura\",\"length_formatted\":\"1:06\"},\"src\":\"https:\\\/\\\/neocultura.com.br\\\/tur\\\/wp-content\\\/uploads\\\/2018\\\/05\\\/55-FRAN\\u00c7AIS-Cristo-Redentor-8-Stade-Maracan\\u00e3-sample.mp3\",\"thumb\":{\"src\":\"https:\\\/\\\/neocultura.com.br\\\/tur\\\/wp-content\\\/uploads\\\/2018\\\/05\\\/55-FRAN\\u00c7AIS-Cristo-Redentor-8-Stade-Maracan\\u00e3-min-300x300.jpg\"}},{\"artist\":\"NeoCultura\",\"artworkId\":1495,\"artworkUrl\":\"https:\\\/\\\/neocultura.com.br\\\/tur\\\/wp-content\\\/uploads\\\/2018\\\/05\\\/56-FRAN\\u00c7AIS-Museu-do-\\u00cdndio-4-LAKUH-min-300x300.jpg\",\"audioId\":1486,\"audioUrl\":\"https:\\\/\\\/neocultura.com.br\\\/tur\\\/wp-content\\\/uploads\\\/2018\\\/05\\\/56-FRAN\\u00c7AIS-Museu-do-\\u00cdndio-4-LAKUH-sample.mp3\",\"format\":\"mp3\",\"length\":\"0:41\",\"title\":\"56 - FRAN\\u00c7AIS - Museu do \\u00cdndio - #4 - LAKUH (sample)\",\"order\":55,\"mp3\":\"https:\\\/\\\/neocultura.com.br\\\/tur\\\/wp-content\\\/uploads\\\/2018\\\/05\\\/56-FRAN\\u00c7AIS-Museu-do-\\u00cdndio-4-LAKUH-sample.mp3\",\"meta\":{\"artist\":\"NeoCultura\",\"length_formatted\":\"0:41\"},\"src\":\"https:\\\/\\\/neocultura.com.br\\\/tur\\\/wp-content\\\/uploads\\\/2018\\\/05\\\/56-FRAN\\u00c7AIS-Museu-do-\\u00cdndio-4-LAKUH-sample.mp3\",\"thumb\":{\"src\":\"https:\\\/\\\/neocultura.com.br\\\/tur\\\/wp-content\\\/uploads\\\/2018\\\/05\\\/56-FRAN\\u00c7AIS-Museu-do-\\u00cdndio-4-LAKUH-min-300x300.jpg\"}},{\"artist\":\"NeoCultura\",\"artworkId\":1496,\"artworkUrl\":\"https:\\\/\\\/neocultura.com.br\\\/tur\\\/wp-content\\\/uploads\\\/2018\\\/05\\\/57-PORTUGU\\u00caS-Museu-Hist\\u00f3rico-Nacional-25-Protos-min-300x300.jpg\",\"audioId\":1487,\"audioUrl\":\"https:\\\/\\\/neocultura.com.br\\\/tur\\\/wp-content\\\/uploads\\\/2018\\\/05\\\/57-PORTUGU\\u00caS-Museu-Hist\\u00f3rico-Nacional-25-Protos-sample.mp3\",\"format\":\"mp3\",\"length\":\"0:45\",\"title\":\"57 - PORTUGU\\u00caS - Museu Hist\\u00f3rico Nacional - #25 - Protos (sample)\",\"order\":56,\"mp3\":\"https:\\\/\\\/neocultura.com.br\\\/tur\\\/wp-content\\\/uploads\\\/2018\\\/05\\\/57-PORTUGU\\u00caS-Museu-Hist\\u00f3rico-Nacional-25-Protos-sample.mp3\",\"meta\":{\"artist\":\"NeoCultura\",\"length_formatted\":\"0:45\"},\"src\":\"https:\\\/\\\/neocultura.com.br\\\/tur\\\/wp-content\\\/uploads\\\/2018\\\/05\\\/57-PORTUGU\\u00caS-Museu-Hist\\u00f3rico-Nacional-25-Protos-sample.mp3\",\"thumb\":{\"src\":\"https:\\\/\\\/neocultura.com.br\\\/tur\\\/wp-content\\\/uploads\\\/2018\\\/05\\\/57-PORTUGU\\u00caS-Museu-Hist\\u00f3rico-Nacional-25-Protos-min-300x300.jpg\"}},{\"artist\":\"NeoCultura\",\"artworkId\":1394,\"artworkUrl\":\"https:\\\/\\\/neocultura.com.br\\\/tur\\\/wp-content\\\/uploads\\\/2018\\\/05\\\/5-TEMP-min-300x300.jpg\",\"audioId\":1488,\"audioUrl\":\"https:\\\/\\\/neocultura.com.br\\\/tur\\\/wp-content\\\/uploads\\\/2018\\\/05\\\/58-PORTUGU\\u00caS-Museu-H-M-de-S\\u00e3o-Jos\\u00e9-13-H\\u00e1bitos-e-Costumes-sample.mp3\",\"format\":\"mp3\",\"length\":\"0:32\",\"title\":\"58 - PORTUGU\\u00caS - Museu H M de S\\u00e3o Jos\\u00e9 - #13 - H\\u00e1bitos e Costumes (sample)\",\"order\":57,\"mp3\":\"https:\\\/\\\/neocultura.com.br\\\/tur\\\/wp-content\\\/uploads\\\/2018\\\/05\\\/58-PORTUGU\\u00caS-Museu-H-M-de-S\\u00e3o-Jos\\u00e9-13-H\\u00e1bitos-e-Costumes-sample.mp3\",\"meta\":{\"artist\":\"NeoCultura\",\"length_formatted\":\"0:32\"},\"src\":\"https:\\\/\\\/neocultura.com.br\\\/tur\\\/wp-content\\\/uploads\\\/2018\\\/05\\\/58-PORTUGU\\u00caS-Museu-H-M-de-S\\u00e3o-Jos\\u00e9-13-H\\u00e1bitos-e-Costumes-sample.mp3\",\"thumb\":{\"src\":\"https:\\\/\\\/neocultura.com.br\\\/tur\\\/wp-content\\\/uploads\\\/2018\\\/05\\\/5-TEMP-min-300x300.jpg\"}},{\"artist\":\"\",\"artworkId\":1497,\"artworkUrl\":\"https:\\\/\\\/neocultura.com.br\\\/tur\\\/wp-content\\\/uploads\\\/2018\\\/05\\\/59-PORTUGU\\u00caS-Museu-da-Imigra\\u00e7\\u00e3o-7-A-Viagem-min-300x300.jpg\",\"audioId\":1489,\"audioUrl\":\"https:\\\/\\\/neocultura.com.br\\\/tur\\\/wp-content\\\/uploads\\\/2018\\\/05\\\/59-PORTUGU\\u00caS-Museu-da-Imigra\\u00e7\\u00e3o-7-A-Viagem-full.mp3\",\"format\":\"mp3\",\"length\":\"2:04\",\"title\":\"59 - PORTUGU\\u00caS - Museu da Imigra\\u00e7\\u00e3o - #7 - A Viagem (full)\",\"order\":58,\"mp3\":\"https:\\\/\\\/neocultura.com.br\\\/tur\\\/wp-content\\\/uploads\\\/2018\\\/05\\\/59-PORTUGU\\u00caS-Museu-da-Imigra\\u00e7\\u00e3o-7-A-Viagem-full.mp3\",\"meta\":{\"artist\":\"\",\"length_formatted\":\"2:04\"},\"src\":\"https:\\\/\\\/neocultura.com.br\\\/tur\\\/wp-content\\\/uploads\\\/2018\\\/05\\\/59-PORTUGU\\u00caS-Museu-da-Imigra\\u00e7\\u00e3o-7-A-Viagem-full.mp3\",\"thumb\":{\"src\":\"https:\\\/\\\/neocultura.com.br\\\/tur\\\/wp-content\\\/uploads\\\/2018\\\/05\\\/59-PORTUGU\\u00caS-Museu-da-Imigra\\u00e7\\u00e3o-7-A-Viagem-min-300x300.jpg\"}},{\"artist\":\"NeoCultura\",\"artworkId\":1498,\"artworkUrl\":\"https:\\\/\\\/neocultura.com.br\\\/tur\\\/wp-content\\\/uploads\\\/2018\\\/05\\\/60-PORTUGU\\u00caS-Maracan\\u00e3-14-Vesti\\u00e1rio-da-Sele\\u00e7\\u00e3o-Brasileira-min-300x300.jpg\",\"audioId\":1490,\"audioUrl\":\"https:\\\/\\\/neocultura.com.br\\\/tur\\\/wp-content\\\/uploads\\\/2018\\\/05\\\/60-PORTUGU\\u00caS-Maracan\\u00e3-14-Vesti\\u00e1rio-da-Sele\\u00e7\\u00e3o-Brasileira-sample.mp3\",\"format\":\"mp3\",\"length\":\"1:29\",\"title\":\"60 - PORTUGU\\u00caS - Maracan\\u00e3 - #14 - Vesti\\u00e1rio da Sele\\u00e7\\u00e3o Brasileira (sample)\",\"order\":59,\"mp3\":\"https:\\\/\\\/neocultura.com.br\\\/tur\\\/wp-content\\\/uploads\\\/2018\\\/05\\\/60-PORTUGU\\u00caS-Maracan\\u00e3-14-Vesti\\u00e1rio-da-Sele\\u00e7\\u00e3o-Brasileira-sample.mp3\",\"meta\":{\"artist\":\"NeoCultura\",\"length_formatted\":\"1:29\"},\"src\":\"https:\\\/\\\/neocultura.com.br\\\/tur\\\/wp-content\\\/uploads\\\/2018\\\/05\\\/60-PORTUGU\\u00caS-Maracan\\u00e3-14-Vesti\\u00e1rio-da-Sele\\u00e7\\u00e3o-Brasileira-sample.mp3\",\"thumb\":{\"src\":\"https:\\\/\\\/neocultura.com.br\\\/tur\\\/wp-content\\\/uploads\\\/2018\\\/05\\\/60-PORTUGU\\u00caS-Maracan\\u00e3-14-Vesti\\u00e1rio-da-Sele\\u00e7\\u00e3o-Brasileira-min-300x300.jpg\"}},{\"artist\":\"NeoCultura\",\"artworkId\":1509,\"artworkUrl\":\"https:\\\/\\\/neocultura.com.br\\\/tur\\\/wp-content\\\/uploads\\\/2018\\\/05\\\/61-PORTUGU\\u00caS-Museu-Nacional-de-Belas-Artes-3-Tarsila-do-Amaral-e-o-Modernismo-min-300x300.jpg\",\"audioId\":1499,\"audioUrl\":\"https:\\\/\\\/neocultura.com.br\\\/tur\\\/wp-content\\\/uploads\\\/2018\\\/05\\\/61-PORTUGU\\u00caS-Museu-Nacional-de-Belas-Artes-3-Tarsila-do-Amaral-e-o-Modernismo-sample.mp3\",\"format\":\"mp3\",\"length\":\"0:50\",\"title\":\"61 - PORTUGU\\u00caS - Museu Nacional de Belas Artes - #3 - Tarsila do Amaral e o Modernismo (sample)\",\"order\":60,\"mp3\":\"https:\\\/\\\/neocultura.com.br\\\/tur\\\/wp-content\\\/uploads\\\/2018\\\/05\\\/61-PORTUGU\\u00caS-Museu-Nacional-de-Belas-Artes-3-Tarsila-do-Amaral-e-o-Modernismo-sample.mp3\",\"meta\":{\"artist\":\"NeoCultura\",\"length_formatted\":\"0:50\"},\"src\":\"https:\\\/\\\/neocultura.com.br\\\/tur\\\/wp-content\\\/uploads\\\/2018\\\/05\\\/61-PORTUGU\\u00caS-Museu-Nacional-de-Belas-Artes-3-Tarsila-do-Amaral-e-o-Modernismo-sample.mp3\",\"thumb\":{\"src\":\"https:\\\/\\\/neocultura.com.br\\\/tur\\\/wp-content\\\/uploads\\\/2018\\\/05\\\/61-PORTUGU\\u00caS-Museu-Nacional-de-Belas-Artes-3-Tarsila-do-Amaral-e-o-Modernismo-min-300x300.jpg\"}},{\"artist\":\"NeoCultura\",\"artworkId\":1510,\"artworkUrl\":\"https:\\\/\\\/neocultura.com.br\\\/tur\\\/wp-content\\\/uploads\\\/2018\\\/05\\\/62-PORTUGU\\u00caS-Museu-TAM-16-Constellation-I-049-min-300x300.jpg\",\"audioId\":1500,\"audioUrl\":\"https:\\\/\\\/neocultura.com.br\\\/tur\\\/wp-content\\\/uploads\\\/2018\\\/05\\\/62-PORTUGU\\u00caS-Museu-TAM-16-Constellation-I-049-sample.mp3\",\"format\":\"mp3\",\"length\":\"1:24\",\"title\":\"62 - PORTUGU\\u00caS - Museu TAM - #16 - Constellation I-049 (sample)\",\"order\":61,\"mp3\":\"https:\\\/\\\/neocultura.com.br\\\/tur\\\/wp-content\\\/uploads\\\/2018\\\/05\\\/62-PORTUGU\\u00caS-Museu-TAM-16-Constellation-I-049-sample.mp3\",\"meta\":{\"artist\":\"NeoCultura\",\"length_formatted\":\"1:24\"},\"src\":\"https:\\\/\\\/neocultura.com.br\\\/tur\\\/wp-content\\\/uploads\\\/2018\\\/05\\\/62-PORTUGU\\u00caS-Museu-TAM-16-Constellation-I-049-sample.mp3\",\"thumb\":{\"src\":\"https:\\\/\\\/neocultura.com.br\\\/tur\\\/wp-content\\\/uploads\\\/2018\\\/05\\\/62-PORTUGU\\u00caS-Museu-TAM-16-Constellation-I-049-min-300x300.jpg\"}},{\"artist\":\"NeoCultura\",\"artworkId\":1511,\"artworkUrl\":\"https:\\\/\\\/neocultura.com.br\\\/tur\\\/wp-content\\\/uploads\\\/2018\\\/05\\\/63-ENGLISH-Museu-Vale-13-Passion-for-the-Railway-min-300x300.jpg\",\"audioId\":1501,\"audioUrl\":\"https:\\\/\\\/neocultura.com.br\\\/tur\\\/wp-content\\\/uploads\\\/2018\\\/05\\\/63-ENGLISH-Museu-Vale-13-Passion-for-the-Railway-sample.mp3\",\"format\":\"mp3\",\"length\":\"0:30\",\"title\":\"63 - ENGLISH - Museu Vale - #13 - Passion for the Railway (sample)\",\"order\":62,\"mp3\":\"https:\\\/\\\/neocultura.com.br\\\/tur\\\/wp-content\\\/uploads\\\/2018\\\/05\\\/63-ENGLISH-Museu-Vale-13-Passion-for-the-Railway-sample.mp3\",\"meta\":{\"artist\":\"NeoCultura\",\"length_formatted\":\"0:30\"},\"src\":\"https:\\\/\\\/neocultura.com.br\\\/tur\\\/wp-content\\\/uploads\\\/2018\\\/05\\\/63-ENGLISH-Museu-Vale-13-Passion-for-the-Railway-sample.mp3\",\"thumb\":{\"src\":\"https:\\\/\\\/neocultura.com.br\\\/tur\\\/wp-content\\\/uploads\\\/2018\\\/05\\\/63-ENGLISH-Museu-Vale-13-Passion-for-the-Railway-min-300x300.jpg\"}},{\"artist\":\"NeoCultura\",\"artworkId\":1512,\"artworkUrl\":\"https:\\\/\\\/neocultura.com.br\\\/tur\\\/wp-content\\\/uploads\\\/2018\\\/05\\\/64-ENGLISH-Pal\\u00e1cio-da-Liberdade-4-Dome-min-300x300.jpg\",\"audioId\":1502,\"audioUrl\":\"https:\\\/\\\/neocultura.com.br\\\/tur\\\/wp-content\\\/uploads\\\/2018\\\/05\\\/64-ENGLISH-Pal\\u00e1cio-da-Liberdade-4-Dome-sample.mp3\",\"format\":\"mp3\",\"length\":\"0:39\",\"title\":\"64 - ENGLISH - Pal\\u00e1cio da Liberdade - #4 - Dome (sample)\",\"order\":63,\"mp3\":\"https:\\\/\\\/neocultura.com.br\\\/tur\\\/wp-content\\\/uploads\\\/2018\\\/05\\\/64-ENGLISH-Pal\\u00e1cio-da-Liberdade-4-Dome-sample.mp3\",\"meta\":{\"artist\":\"NeoCultura\",\"length_formatted\":\"0:39\"},\"src\":\"https:\\\/\\\/neocultura.com.br\\\/tur\\\/wp-content\\\/uploads\\\/2018\\\/05\\\/64-ENGLISH-Pal\\u00e1cio-da-Liberdade-4-Dome-sample.mp3\",\"thumb\":{\"src\":\"https:\\\/\\\/neocultura.com.br\\\/tur\\\/wp-content\\\/uploads\\\/2018\\\/05\\\/64-ENGLISH-Pal\\u00e1cio-da-Liberdade-4-Dome-min-300x300.jpg\"}},{\"artist\":\"NeoCultura\",\"artworkId\":1513,\"artworkUrl\":\"https:\\\/\\\/neocultura.com.br\\\/tur\\\/wp-content\\\/uploads\\\/2018\\\/05\\\/65-ENGLISH-Museu-do-\\u00cdndio-9-The-origin-of-the-world-min-300x300.jpg\",\"audioId\":1503,\"audioUrl\":\"https:\\\/\\\/neocultura.com.br\\\/tur\\\/wp-content\\\/uploads\\\/2018\\\/05\\\/65-ENGLISH-Museu-do-\\u00cdndio-9-The-origin-of-the-world-sample.mp3\",\"format\":\"mp3\",\"length\":\"0:56\",\"title\":\"65 - ENGLISH - Museu do \\u00cdndio - #9 - The origin of the world (sample)\",\"order\":64,\"mp3\":\"https:\\\/\\\/neocultura.com.br\\\/tur\\\/wp-content\\\/uploads\\\/2018\\\/05\\\/65-ENGLISH-Museu-do-\\u00cdndio-9-The-origin-of-the-world-sample.mp3\",\"meta\":{\"artist\":\"NeoCultura\",\"length_formatted\":\"0:56\"},\"src\":\"https:\\\/\\\/neocultura.com.br\\\/tur\\\/wp-content\\\/uploads\\\/2018\\\/05\\\/65-ENGLISH-Museu-do-\\u00cdndio-9-The-origin-of-the-world-sample.mp3\",\"thumb\":{\"src\":\"https:\\\/\\\/neocultura.com.br\\\/tur\\\/wp-content\\\/uploads\\\/2018\\\/05\\\/65-ENGLISH-Museu-do-\\u00cdndio-9-The-origin-of-the-world-min-300x300.jpg\"}},{\"artist\":\"NeoCultura\",\"artworkId\":1514,\"artworkUrl\":\"https:\\\/\\\/neocultura.com.br\\\/tur\\\/wp-content\\\/uploads\\\/2018\\\/05\\\/66-ENGLISH-Pinacoteca-52-Moema-min-300x300.jpg\",\"audioId\":1504,\"audioUrl\":\"https:\\\/\\\/neocultura.com.br\\\/tur\\\/wp-content\\\/uploads\\\/2018\\\/05\\\/66-ENGLISH-Pinacoteca-52-Moema-sample.mp3\",\"format\":\"mp3\",\"length\":\"0:43\",\"title\":\"66 - ENGLISH - Pinacoteca - #52 - Moema (sample)\",\"order\":65,\"mp3\":\"https:\\\/\\\/neocultura.com.br\\\/tur\\\/wp-content\\\/uploads\\\/2018\\\/05\\\/66-ENGLISH-Pinacoteca-52-Moema-sample.mp3\",\"meta\":{\"artist\":\"NeoCultura\",\"length_formatted\":\"0:43\"},\"src\":\"https:\\\/\\\/neocultura.com.br\\\/tur\\\/wp-content\\\/uploads\\\/2018\\\/05\\\/66-ENGLISH-Pinacoteca-52-Moema-sample.mp3\",\"thumb\":{\"src\":\"https:\\\/\\\/neocultura.com.br\\\/tur\\\/wp-content\\\/uploads\\\/2018\\\/05\\\/66-ENGLISH-Pinacoteca-52-Moema-min-300x300.jpg\"}},{\"artist\":\"NeoCultura\",\"artworkId\":1515,\"artworkUrl\":\"https:\\\/\\\/neocultura.com.br\\\/tur\\\/wp-content\\\/uploads\\\/2018\\\/05\\\/67-ENGLISH-Museu-Lasar-Segall-27-Emigrants-Ship-min-300x300.jpg\",\"audioId\":1505,\"audioUrl\":\"https:\\\/\\\/neocultura.com.br\\\/tur\\\/wp-content\\\/uploads\\\/2018\\\/05\\\/67-ENGLISH-Museu-Lasar-Segall-27-Emigrants-Ship-sample.mp3\",\"format\":\"mp3\",\"length\":\"1:18\",\"title\":\"67 - ENGLISH - Museu Lasar Segall - #27 - Emigrants Ship (sample)\",\"order\":66,\"mp3\":\"https:\\\/\\\/neocultura.com.br\\\/tur\\\/wp-content\\\/uploads\\\/2018\\\/05\\\/67-ENGLISH-Museu-Lasar-Segall-27-Emigrants-Ship-sample.mp3\",\"meta\":{\"artist\":\"NeoCultura\",\"length_formatted\":\"1:18\"},\"src\":\"https:\\\/\\\/neocultura.com.br\\\/tur\\\/wp-content\\\/uploads\\\/2018\\\/05\\\/67-ENGLISH-Museu-Lasar-Segall-27-Emigrants-Ship-sample.mp3\",\"thumb\":{\"src\":\"https:\\\/\\\/neocultura.com.br\\\/tur\\\/wp-content\\\/uploads\\\/2018\\\/05\\\/67-ENGLISH-Museu-Lasar-Segall-27-Emigrants-Ship-min-300x300.jpg\"}},{\"artist\":\"NeoCultura\",\"artworkId\":1516,\"artworkUrl\":\"https:\\\/\\\/neocultura.com.br\\\/tur\\\/wp-content\\\/uploads\\\/2018\\\/05\\\/68-ESPA\\u00d1OL-Instituto-Ricardo-Brennand-14-Monedas-y-objetos-min-300x300.jpg\",\"audioId\":1506,\"audioUrl\":\"https:\\\/\\\/neocultura.com.br\\\/tur\\\/wp-content\\\/uploads\\\/2018\\\/05\\\/68-ESPA\\u00d1OL-Instituto-Ricardo-Brennand-14-Monedas-y-objetos-sample.mp3\",\"format\":\"mp3\",\"length\":\"0:49\",\"title\":\"68 - ESPA\\u00d1OL - Instituto Ricardo Brennand - #14 - Monedas y objetos (sample)\",\"order\":67,\"mp3\":\"https:\\\/\\\/neocultura.com.br\\\/tur\\\/wp-content\\\/uploads\\\/2018\\\/05\\\/68-ESPA\\u00d1OL-Instituto-Ricardo-Brennand-14-Monedas-y-objetos-sample.mp3\",\"meta\":{\"artist\":\"NeoCultura\",\"length_formatted\":\"0:49\"},\"src\":\"https:\\\/\\\/neocultura.com.br\\\/tur\\\/wp-content\\\/uploads\\\/2018\\\/05\\\/68-ESPA\\u00d1OL-Instituto-Ricardo-Brennand-14-Monedas-y-objetos-sample.mp3\",\"thumb\":{\"src\":\"https:\\\/\\\/neocultura.com.br\\\/tur\\\/wp-content\\\/uploads\\\/2018\\\/05\\\/68-ESPA\\u00d1OL-Instituto-Ricardo-Brennand-14-Monedas-y-objetos-min-300x300.jpg\"}},{\"artist\":\"NeoCultura\",\"artworkId\":1517,\"artworkUrl\":\"https:\\\/\\\/neocultura.com.br\\\/tur\\\/wp-content\\\/uploads\\\/2018\\\/05\\\/69-ESPA\\u00d1OL-Museu-Victor-Meirelles-9-Decapitaci\\u00f3n-de-San-Juan-Bautista-min-300x300.jpg\",\"audioId\":1507,\"audioUrl\":\"https:\\\/\\\/neocultura.com.br\\\/tur\\\/wp-content\\\/uploads\\\/2018\\\/05\\\/69-ESPA\\u00d1OL-Museu-Victor-Meirelles-9-Decapitaci\\u00f3n-de-San-Juan-Bautista-sample.mp3\",\"format\":\"mp3\",\"length\":\"1:09\",\"title\":\"69 - ESPA\\u00d1OL - Museu Victor Meirelles - #9 - Decapitaci\\u00f3n de San Juan Bautista (sample)\",\"order\":68,\"mp3\":\"https:\\\/\\\/neocultura.com.br\\\/tur\\\/wp-content\\\/uploads\\\/2018\\\/05\\\/69-ESPA\\u00d1OL-Museu-Victor-Meirelles-9-Decapitaci\\u00f3n-de-San-Juan-Bautista-sample.mp3\",\"meta\":{\"artist\":\"NeoCultura\",\"length_formatted\":\"1:09\"},\"src\":\"https:\\\/\\\/neocultura.com.br\\\/tur\\\/wp-content\\\/uploads\\\/2018\\\/05\\\/69-ESPA\\u00d1OL-Museu-Victor-Meirelles-9-Decapitaci\\u00f3n-de-San-Juan-Bautista-sample.mp3\",\"thumb\":{\"src\":\"https:\\\/\\\/neocultura.com.br\\\/tur\\\/wp-content\\\/uploads\\\/2018\\\/05\\\/69-ESPA\\u00d1OL-Museu-Victor-Meirelles-9-Decapitaci\\u00f3n-de-San-Juan-Bautista-min-300x300.jpg\"}},{\"artist\":\"NeoCultura\",\"artworkId\":1518,\"artworkUrl\":\"https:\\\/\\\/neocultura.com.br\\\/tur\\\/wp-content\\\/uploads\\\/2018\\\/05\\\/70-FRAN\\u00c7AIS-Mosteiro-de-S\\u00e3o-Bento-13-La-Restauration-min-300x300.jpg\",\"audioId\":1508,\"audioUrl\":\"https:\\\/\\\/neocultura.com.br\\\/tur\\\/wp-content\\\/uploads\\\/2018\\\/05\\\/70-FRAN\\u00c7AIS-Mosteiro-de-S\\u00e3o-Bento-13-La-Restauration-sample.mp3\",\"format\":\"mp3\",\"length\":\"0:27\",\"title\":\"70 - FRAN\\u00c7AIS - Mosteiro de S\\u00e3o Bento - #13 - La Restauration (sample)\",\"order\":69,\"mp3\":\"https:\\\/\\\/neocultura.com.br\\\/tur\\\/wp-content\\\/uploads\\\/2018\\\/05\\\/70-FRAN\\u00c7AIS-Mosteiro-de-S\\u00e3o-Bento-13-La-Restauration-sample.mp3\",\"meta\":{\"artist\":\"NeoCultura\",\"length_formatted\":\"0:27\"},\"src\":\"https:\\\/\\\/neocultura.com.br\\\/tur\\\/wp-content\\\/uploads\\\/2018\\\/05\\\/70-FRAN\\u00c7AIS-Mosteiro-de-S\\u00e3o-Bento-13-La-Restauration-sample.mp3\",\"thumb\":{\"src\":\"https:\\\/\\\/neocultura.com.br\\\/tur\\\/wp-content\\\/uploads\\\/2018\\\/05\\\/70-FRAN\\u00c7AIS-Mosteiro-de-S\\u00e3o-Bento-13-La-Restauration-min-300x300.jpg\"}},{\"artist\":\"NeoCultura\",\"artworkId\":1529,\"artworkUrl\":\"https:\\\/\\\/neocultura.com.br\\\/tur\\\/wp-content\\\/uploads\\\/2018\\\/05\\\/71-PORTUGU\\u00caS-Casas-Natura-8-Mam\\u00e3e-Beb\\u00ea-min-300x300.jpg\",\"audioId\":1519,\"audioUrl\":\"https:\\\/\\\/neocultura.com.br\\\/tur\\\/wp-content\\\/uploads\\\/2018\\\/05\\\/71-PORTUGU\\u00caS-Casas-Natura-8-Mam\\u00e3e-Beb\\u00ea-sample.mp3\",\"format\":\"mp3\",\"length\":\"1:38\",\"title\":\"71 - PORTUGU\\u00caS - Casas Natura - #8 - Mam\\u00e3e & Beb\\u00ea (sample)\",\"order\":70,\"mp3\":\"https:\\\/\\\/neocultura.com.br\\\/tur\\\/wp-content\\\/uploads\\\/2018\\\/05\\\/71-PORTUGU\\u00caS-Casas-Natura-8-Mam\\u00e3e-Beb\\u00ea-sample.mp3\",\"meta\":{\"artist\":\"NeoCultura\",\"length_formatted\":\"1:38\"},\"src\":\"https:\\\/\\\/neocultura.com.br\\\/tur\\\/wp-content\\\/uploads\\\/2018\\\/05\\\/71-PORTUGU\\u00caS-Casas-Natura-8-Mam\\u00e3e-Beb\\u00ea-sample.mp3\",\"thumb\":{\"src\":\"https:\\\/\\\/neocultura.com.br\\\/tur\\\/wp-content\\\/uploads\\\/2018\\\/05\\\/71-PORTUGU\\u00caS-Casas-Natura-8-Mam\\u00e3e-Beb\\u00ea-min-300x300.jpg\"}}]}<\/script>\n\t\t<\/div>[\/et_pb_code][\/et_pb_column][\/et_pb_row][\/et_pb_section][et_pb_section fb_built=&#8221;1&#8243; _builder_version=&#8221;4.16&#8243; custom_padding=&#8221;28px||28px|&#8221; custom_css_main_element=&#8221;background-image: linear-gradient(to bottom, #B4CA8C, #5F8815);&#8221; global_colors_info=&#8221;{}&#8221;][et_pb_row _builder_version=&#8221;4.16&#8243; custom_padding=&#8221;0px||0px|&#8221; global_colors_info=&#8221;{}&#8221;][et_pb_column type=&#8221;4_4&#8243; _builder_version=&#8221;4.16&#8243; custom_padding=&#8221;|||&#8221; global_colors_info=&#8221;{}&#8221; custom_padding__hover=&#8221;|||&#8221;][et_pb_text admin_label=&#8221;MUESTRAS DE V\u00cdDEO&#8221; _builder_version=&#8221;4.16&#8243; global_colors_info=&#8221;{}&#8221;]<\/p>\n<h2 style=\"text-align: center;\"><span style=\"color: #000000;\"><strong>MUESTRAS DE V\u00cdDEO<\/strong><\/span><\/h2>\n<p>[\/et_pb_text][\/et_pb_column][\/et_pb_row][\/et_pb_section][et_pb_section fb_built=&#8221;1&#8243; _builder_version=&#8221;4.16&#8243; global_colors_info=&#8221;{}&#8221;][et_pb_row _builder_version=&#8221;4.16&#8243; background_size=&#8221;initial&#8221; background_position=&#8221;top_left&#8221; background_repeat=&#8221;repeat&#8221; global_colors_info=&#8221;{}&#8221;][et_pb_column type=&#8221;4_4&#8243; _builder_version=&#8221;4.16&#8243; custom_padding=&#8221;|||&#8221; global_colors_info=&#8221;{}&#8221; custom_padding__hover=&#8221;|||&#8221;][et_pb_text admin_label=&#8221;Vea recortes de pistas de v\u00eddeo producidas para algunos de nuestros clientes. En especial, producciones accesibles en LIBRAS (Lengua Brasile\u00f1a de Se\u00f1ales), para personas sordas (deficiencia auditiva).&#8221; _builder_version=&#8221;4.16&#8243; global_colors_info=&#8221;{}&#8221;]<\/p>\n<p style=\"text-align: justify;\">Vea recortes de pistas de v\u00eddeo producidas para algunos de nuestros clientes. En especial, producciones accesibles en LIBRAS (Lengua Brasile\u00f1a de Se\u00f1ales), para personas sordas (deficiencia auditiva).<\/p>\n<p>[\/et_pb_text][\/et_pb_column][\/et_pb_row][et_pb_row column_structure=&#8221;1_2,1_2&#8243; use_custom_gutter=&#8221;on&#8221; gutter_width=&#8221;2&#8243; _builder_version=&#8221;4.16&#8243; global_colors_info=&#8221;{}&#8221;][et_pb_column type=&#8221;1_2&#8243; _builder_version=&#8221;4.16&#8243; custom_padding=&#8221;|||&#8221; global_colors_info=&#8221;{}&#8221; custom_padding__hover=&#8221;|||&#8221;][et_pb_image src=&#8221;https:\/\/neocultura.com.br\/tur\/wp-content\/uploads\/2018\/06\/v1-S\u00e3o-Miguel-das-Miss\u00f5es-650-x-432.jpg&#8221; align_tablet=&#8221;center&#8221; align_phone=&#8221;center&#8221; align_last_edited=&#8221;on|desktop&#8221; _builder_version=&#8221;4.16&#8243; global_colors_info=&#8221;{}&#8221;][\/et_pb_image][\/et_pb_column][et_pb_column type=&#8221;1_2&#8243; _builder_version=&#8221;4.16&#8243; custom_padding=&#8221;|||&#8221; global_colors_info=&#8221;{}&#8221; custom_padding__hover=&#8221;|||&#8221;][et_pb_video src=&#8221;https:\/\/youtu.be\/Hr2U3zfvn7M?si=OrcLyyS36kaIJz5S?rel=0&#8243; image_src=&#8221;\/\/i.ytimg.com\/vi\/Hr2U3zfvn7M\/hqdefault.jpg&#8221; module_class=&#8221;custom_youtube_params&#8221; _builder_version=&#8221;4.25.0&#8243; _module_preset=&#8221;default&#8221; locked=&#8221;off&#8221; global_colors_info=&#8221;{}&#8221;][\/et_pb_video][et_pb_text admin_label=&#8221;S\u00edtio Arqueol\u00f3gico S\u00e3o Miguel Arcanjo \u2013 RS&#8221; _builder_version=&#8221;4.25.0&#8243; global_colors_info=&#8221;{}&#8221;]<\/p>\n<p style=\"text-align: center;\">S\u00edtio Arqueol\u00f3gico S\u00e3o Miguel Arcanjo \u2013 RS<\/p>\n<p style=\"text-align: center;\">[\/et_pb_text][\/et_pb_column][\/et_pb_row][et_pb_row _builder_version=&#8221;4.16&#8243; background_size=&#8221;initial&#8221; background_position=&#8221;top_left&#8221; background_repeat=&#8221;repeat&#8221; global_colors_info=&#8221;{}&#8221;][et_pb_column type=&#8221;4_4&#8243; _builder_version=&#8221;4.16&#8243; custom_padding=&#8221;|||&#8221; global_colors_info=&#8221;{}&#8221; custom_padding__hover=&#8221;|||&#8221;][et_pb_divider color=&#8221;rgba(0,0,0,0.72)&#8221; _builder_version=&#8221;4.16&#8243; global_colors_info=&#8221;{}&#8221;][\/et_pb_divider][\/et_pb_column][\/et_pb_row][et_pb_row column_structure=&#8221;1_2,1_2&#8243; use_custom_gutter=&#8221;on&#8221; gutter_width=&#8221;2&#8243; _builder_version=&#8221;4.16&#8243; global_colors_info=&#8221;{}&#8221;][et_pb_column type=&#8221;1_2&#8243; _builder_version=&#8221;4.16&#8243; custom_padding=&#8221;|||&#8221; global_colors_info=&#8221;{}&#8221; custom_padding__hover=&#8221;|||&#8221;][et_pb_image src=&#8221;https:\/\/neocultura.com.br\/tur\/wp-content\/uploads\/2018\/06\/v2-SESC-Quitandinha-650-x-432.jpg&#8221; align_tablet=&#8221;center&#8221; align_phone=&#8221;center&#8221; align_last_edited=&#8221;on|desktop&#8221; _builder_version=&#8221;4.16&#8243; global_colors_info=&#8221;{}&#8221;][\/et_pb_image][\/et_pb_column][et_pb_column type=&#8221;1_2&#8243; _builder_version=&#8221;4.16&#8243; custom_padding=&#8221;|||&#8221; global_colors_info=&#8221;{}&#8221; custom_padding__hover=&#8221;|||&#8221;][et_pb_video src=&#8221;https:\/\/youtu.be\/1jfSnDL1IIc?si=ce0mlSYw5grx53qU?rel=0&#8243; image_src=&#8221;\/\/i.ytimg.com\/vi\/1jfSnDL1IIc\/hqdefault.jpg&#8221; module_class=&#8221;custom_youtube_params&#8221; _builder_version=&#8221;4.25.0&#8243; _module_preset=&#8221;default&#8221; locked=&#8221;off&#8221; global_colors_info=&#8221;{}&#8221;][\/et_pb_video][et_pb_text admin_label=&#8221;SESC Quitandinha &#8211; RJ&#8221; _builder_version=&#8221;4.25.0&#8243; global_colors_info=&#8221;{}&#8221;]<\/p>\n<p style=\"text-align: center;\">SESC Quitandinha &#8211; RJ<\/p>\n<p style=\"text-align: center;\">[\/et_pb_text][\/et_pb_column][\/et_pb_row][et_pb_row _builder_version=&#8221;4.16&#8243; background_size=&#8221;initial&#8221; background_position=&#8221;top_left&#8221; background_repeat=&#8221;repeat&#8221; global_colors_info=&#8221;{}&#8221;][et_pb_column type=&#8221;4_4&#8243; _builder_version=&#8221;4.16&#8243; custom_padding=&#8221;|||&#8221; global_colors_info=&#8221;{}&#8221; custom_padding__hover=&#8221;|||&#8221;][et_pb_divider color=&#8221;rgba(0,0,0,0.72)&#8221; _builder_version=&#8221;4.16&#8243; global_colors_info=&#8221;{}&#8221;][\/et_pb_divider][\/et_pb_column][\/et_pb_row][et_pb_row column_structure=&#8221;1_2,1_2&#8243; use_custom_gutter=&#8221;on&#8221; gutter_width=&#8221;2&#8243; _builder_version=&#8221;4.16&#8243; global_colors_info=&#8221;{}&#8221;][et_pb_column type=&#8221;1_2&#8243; _builder_version=&#8221;4.16&#8243; custom_padding=&#8221;|||&#8221; global_colors_info=&#8221;{}&#8221; custom_padding__hover=&#8221;|||&#8221;][et_pb_image src=&#8221;https:\/\/neocultura.com.br\/tur\/wp-content\/uploads\/2018\/06\/v3-Museu-Vale-650-x-432.jpg&#8221; align_tablet=&#8221;center&#8221; align_phone=&#8221;center&#8221; align_last_edited=&#8221;on|desktop&#8221; _builder_version=&#8221;4.16&#8243; global_colors_info=&#8221;{}&#8221;][\/et_pb_image][\/et_pb_column][et_pb_column type=&#8221;1_2&#8243; _builder_version=&#8221;4.16&#8243; custom_padding=&#8221;|||&#8221; global_colors_info=&#8221;{}&#8221; custom_padding__hover=&#8221;|||&#8221;][et_pb_video src=&#8221;https:\/\/youtu.be\/Fz3IxnUnbK4?si=rP00MRLbz6vE1pOR?rel=0&#8243; image_src=&#8221;\/\/i.ytimg.com\/vi\/Fz3IxnUnbK4\/hqdefault.jpg&#8221; module_class=&#8221;custom_youtube_params&#8221; _builder_version=&#8221;4.25.0&#8243; _module_preset=&#8221;default&#8221; locked=&#8221;off&#8221; global_colors_info=&#8221;{}&#8221;][\/et_pb_video][et_pb_text admin_label=&#8221;Museu Vale &#8211; ES&#8221; _builder_version=&#8221;4.25.0&#8243; global_colors_info=&#8221;{}&#8221;]<\/p>\n<p style=\"text-align: center;\">Museu Vale &#8211; ES<\/p>\n<p style=\"text-align: center;\">[\/et_pb_text][\/et_pb_column][\/et_pb_row][et_pb_row _builder_version=&#8221;4.16&#8243; background_size=&#8221;initial&#8221; background_position=&#8221;top_left&#8221; background_repeat=&#8221;repeat&#8221; global_colors_info=&#8221;{}&#8221;][et_pb_column type=&#8221;4_4&#8243; _builder_version=&#8221;4.16&#8243; custom_padding=&#8221;|||&#8221; global_colors_info=&#8221;{}&#8221; custom_padding__hover=&#8221;|||&#8221;][et_pb_divider color=&#8221;rgba(0,0,0,0.72)&#8221; _builder_version=&#8221;4.16&#8243; global_colors_info=&#8221;{}&#8221;][\/et_pb_divider][\/et_pb_column][\/et_pb_row][et_pb_row column_structure=&#8221;1_2,1_2&#8243; use_custom_gutter=&#8221;on&#8221; gutter_width=&#8221;2&#8243; _builder_version=&#8221;4.16&#8243; global_colors_info=&#8221;{}&#8221;][et_pb_column type=&#8221;1_2&#8243; _builder_version=&#8221;4.16&#8243; custom_padding=&#8221;|||&#8221; global_colors_info=&#8221;{}&#8221; custom_padding__hover=&#8221;|||&#8221;][et_pb_image src=&#8221;https:\/\/neocultura.com.br\/tur\/wp-content\/uploads\/2018\/06\/v4-Museu-PUC-Minas-650-x-432.jpg&#8221; align_tablet=&#8221;center&#8221; align_phone=&#8221;center&#8221; align_last_edited=&#8221;on|desktop&#8221; _builder_version=&#8221;4.16&#8243; global_colors_info=&#8221;{}&#8221;][\/et_pb_image][\/et_pb_column][et_pb_column type=&#8221;1_2&#8243; _builder_version=&#8221;4.16&#8243; custom_padding=&#8221;|||&#8221; global_colors_info=&#8221;{}&#8221; custom_padding__hover=&#8221;|||&#8221;][et_pb_video src=&#8221;https:\/\/youtu.be\/7DkoD5ZrKJ4?si=DEsxF_3HACJhesOE?rel=0&#8243; image_src=&#8221;\/\/i.ytimg.com\/vi\/7DkoD5ZrKJ4\/hqdefault.jpg&#8221; module_class=&#8221;custom_youtube_params&#8221; _builder_version=&#8221;4.25.0&#8243; _module_preset=&#8221;default&#8221; locked=&#8221;off&#8221; global_colors_info=&#8221;{}&#8221;][\/et_pb_video][et_pb_text admin_label=&#8221;Museu PUC Minas &#8211; MG&#8221; _builder_version=&#8221;4.25.0&#8243; global_colors_info=&#8221;{}&#8221;]<\/p>\n<p style=\"text-align: center;\">Museu PUC Minas &#8211; MG<\/p>\n<p style=\"text-align: center;\">[\/et_pb_text][\/et_pb_column][\/et_pb_row][et_pb_row _builder_version=&#8221;4.16&#8243; background_size=&#8221;initial&#8221; background_position=&#8221;top_left&#8221; background_repeat=&#8221;repeat&#8221; global_colors_info=&#8221;{}&#8221;][et_pb_column type=&#8221;4_4&#8243; _builder_version=&#8221;4.16&#8243; custom_padding=&#8221;|||&#8221; global_colors_info=&#8221;{}&#8221; custom_padding__hover=&#8221;|||&#8221;][et_pb_divider color=&#8221;rgba(0,0,0,0.72)&#8221; _builder_version=&#8221;4.16&#8243; global_colors_info=&#8221;{}&#8221;][\/et_pb_divider][\/et_pb_column][\/et_pb_row][et_pb_row column_structure=&#8221;1_2,1_2&#8243; use_custom_gutter=&#8221;on&#8221; gutter_width=&#8221;2&#8243; _builder_version=&#8221;4.16&#8243; global_colors_info=&#8221;{}&#8221;][et_pb_column type=&#8221;1_2&#8243; _builder_version=&#8221;4.16&#8243; custom_padding=&#8221;|||&#8221; global_colors_info=&#8221;{}&#8221; custom_padding__hover=&#8221;|||&#8221;][et_pb_image src=&#8221;https:\/\/neocultura.com.br\/tur\/wp-content\/uploads\/2018\/06\/v5-Pinacoteca-650-x432.jpg&#8221; align_tablet=&#8221;center&#8221; align_phone=&#8221;center&#8221; align_last_edited=&#8221;on|desktop&#8221; _builder_version=&#8221;4.16&#8243; global_colors_info=&#8221;{}&#8221;][\/et_pb_image][\/et_pb_column][et_pb_column type=&#8221;1_2&#8243; _builder_version=&#8221;4.16&#8243; custom_padding=&#8221;|||&#8221; global_colors_info=&#8221;{}&#8221; custom_padding__hover=&#8221;|||&#8221;][et_pb_video src=&#8221;https:\/\/youtu.be\/ZzLLrA3PZ9M?si=Mb5wqw3560M7uSR7?rel=0&#8243; image_src=&#8221;\/\/i.ytimg.com\/vi\/ZzLLrA3PZ9M\/hqdefault.jpg&#8221; module_class=&#8221;custom_youtube_params&#8221; _builder_version=&#8221;4.25.0&#8243; _module_preset=&#8221;default&#8221; locked=&#8221;off&#8221; global_colors_info=&#8221;{}&#8221;][\/et_pb_video][et_pb_text admin_label=&#8221;Pinacoteca &#8211; SP&#8221; _builder_version=&#8221;4.25.0&#8243; global_colors_info=&#8221;{}&#8221;]<\/p>\n<p style=\"text-align: center;\">Pinacoteca &#8211; SP<\/p>\n<p style=\"text-align: center;\">[\/et_pb_text][\/et_pb_column][\/et_pb_row][\/et_pb_section]<\/p>\n","protected":false},"excerpt":{"rendered":"<p>MUESTRAS DE AUDIO Escuche recortes de 30 segundos de pistas de audio producidas para algunos de nuestros clientes. Seleccionamos pistas en varios idiomas, de instituciones con diferentes tem\u00e1ticas, tipos de entonaci\u00f3n y abordaje del visitante, adem\u00e1s de versiones accesibles, narraciones destinadas a ni\u00f1os, a poblaciones ind\u00edgenas, o con especial atenci\u00f3n a los efectos sonoros. <\/p>\n","protected":false},"author":1,"featured_media":0,"parent":0,"menu_order":0,"comment_status":"closed","ping_status":"closed","template":"","meta":{"_et_pb_use_builder":"on","_et_pb_old_content":"","_et_gb_content_width":"","h5ap_radio_sources":[],"footnotes":""},"class_list":["post-120","page","type-page","status-publish","hentry"],"yoast_head":"<!-- This site is optimized with the Yoast SEO plugin v27.5 - https:\/\/yoast.com\/product\/yoast-seo-wordpress\/ -->\n<title>MUESTRAS (A&amp;V) - Neocultura<\/title>\n<meta name=\"robots\" content=\"index, follow, max-snippet:-1, max-image-preview:large, max-video-preview:-1\" \/>\n<link rel=\"canonical\" href=\"https:\/\/neocultura.com.br\/tur\/es\/muestras-de-audio\/\" \/>\n<meta property=\"og:locale\" content=\"pt_BR\" \/>\n<meta property=\"og:type\" content=\"article\" \/>\n<meta property=\"og:title\" content=\"MUESTRAS (A&amp;V) - Neocultura\" \/>\n<meta property=\"og:description\" content=\"MUESTRAS DE AUDIO Escuche recortes de 30 segundos de pistas de audio producidas para algunos de nuestros clientes. Seleccionamos pistas en varios idiomas, de instituciones con diferentes tem\u00e1ticas, tipos de entonaci\u00f3n y abordaje del visitante, adem\u00e1s de versiones accesibles, narraciones destinadas a ni\u00f1os, a poblaciones ind\u00edgenas, o con especial atenci\u00f3n a los efectos sonoros.\" \/>\n<meta property=\"og:url\" content=\"https:\/\/neocultura.com.br\/tur\/es\/muestras-de-audio\/\" \/>\n<meta property=\"og:site_name\" content=\"Neocultura\" \/>\n<meta property=\"article:modified_time\" content=\"2024-04-19T16:11:18+00:00\" \/>\n<meta name=\"twitter:card\" content=\"summary_large_image\" \/>\n<meta name=\"twitter:label1\" content=\"Est. tempo de leitura\" \/>\n\t<meta name=\"twitter:data1\" content=\"7 minutos\" \/>\n<script type=\"application\/ld+json\" class=\"yoast-schema-graph\">{\"@context\":\"https:\\\/\\\/schema.org\",\"@graph\":[{\"@type\":\"WebPage\",\"@id\":\"https:\\\/\\\/neocultura.com.br\\\/tur\\\/es\\\/muestras-de-audio\\\/\",\"url\":\"https:\\\/\\\/neocultura.com.br\\\/tur\\\/es\\\/muestras-de-audio\\\/\",\"name\":\"MUESTRAS (A&V) - Neocultura\",\"isPartOf\":{\"@id\":\"https:\\\/\\\/neocultura.com.br\\\/tur\\\/#website\"},\"datePublished\":\"2018-05-18T20:59:10+00:00\",\"dateModified\":\"2024-04-19T16:11:18+00:00\",\"breadcrumb\":{\"@id\":\"https:\\\/\\\/neocultura.com.br\\\/tur\\\/es\\\/muestras-de-audio\\\/#breadcrumb\"},\"inLanguage\":\"pt-BR\",\"potentialAction\":[{\"@type\":\"ReadAction\",\"target\":[\"https:\\\/\\\/neocultura.com.br\\\/tur\\\/es\\\/muestras-de-audio\\\/\"]}]},{\"@type\":\"BreadcrumbList\",\"@id\":\"https:\\\/\\\/neocultura.com.br\\\/tur\\\/es\\\/muestras-de-audio\\\/#breadcrumb\",\"itemListElement\":[{\"@type\":\"ListItem\",\"position\":1,\"name\":\"Home\",\"item\":\"https:\\\/\\\/neocultura.com.br\\\/tur\\\/\"},{\"@type\":\"ListItem\",\"position\":2,\"name\":\"MUESTRAS (A&#038;V)\"}]},{\"@type\":\"WebSite\",\"@id\":\"https:\\\/\\\/neocultura.com.br\\\/tur\\\/#website\",\"url\":\"https:\\\/\\\/neocultura.com.br\\\/tur\\\/\",\"name\":\"Neocultura\",\"description\":\"Neocultura\",\"potentialAction\":[{\"@type\":\"SearchAction\",\"target\":{\"@type\":\"EntryPoint\",\"urlTemplate\":\"https:\\\/\\\/neocultura.com.br\\\/tur\\\/?s={search_term_string}\"},\"query-input\":{\"@type\":\"PropertyValueSpecification\",\"valueRequired\":true,\"valueName\":\"search_term_string\"}}],\"inLanguage\":\"pt-BR\"}]}<\/script>\n<!-- \/ Yoast SEO plugin. -->","yoast_head_json":{"title":"MUESTRAS (A&V) - Neocultura","robots":{"index":"index","follow":"follow","max-snippet":"max-snippet:-1","max-image-preview":"max-image-preview:large","max-video-preview":"max-video-preview:-1"},"canonical":"https:\/\/neocultura.com.br\/tur\/es\/muestras-de-audio\/","og_locale":"pt_BR","og_type":"article","og_title":"MUESTRAS (A&V) - Neocultura","og_description":"MUESTRAS DE AUDIO Escuche recortes de 30 segundos de pistas de audio producidas para algunos de nuestros clientes. Seleccionamos pistas en varios idiomas, de instituciones con diferentes tem\u00e1ticas, tipos de entonaci\u00f3n y abordaje del visitante, adem\u00e1s de versiones accesibles, narraciones destinadas a ni\u00f1os, a poblaciones ind\u00edgenas, o con especial atenci\u00f3n a los efectos sonoros.","og_url":"https:\/\/neocultura.com.br\/tur\/es\/muestras-de-audio\/","og_site_name":"Neocultura","article_modified_time":"2024-04-19T16:11:18+00:00","twitter_card":"summary_large_image","twitter_misc":{"Est. tempo de leitura":"7 minutos"},"schema":{"@context":"https:\/\/schema.org","@graph":[{"@type":"WebPage","@id":"https:\/\/neocultura.com.br\/tur\/es\/muestras-de-audio\/","url":"https:\/\/neocultura.com.br\/tur\/es\/muestras-de-audio\/","name":"MUESTRAS (A&V) - Neocultura","isPartOf":{"@id":"https:\/\/neocultura.com.br\/tur\/#website"},"datePublished":"2018-05-18T20:59:10+00:00","dateModified":"2024-04-19T16:11:18+00:00","breadcrumb":{"@id":"https:\/\/neocultura.com.br\/tur\/es\/muestras-de-audio\/#breadcrumb"},"inLanguage":"pt-BR","potentialAction":[{"@type":"ReadAction","target":["https:\/\/neocultura.com.br\/tur\/es\/muestras-de-audio\/"]}]},{"@type":"BreadcrumbList","@id":"https:\/\/neocultura.com.br\/tur\/es\/muestras-de-audio\/#breadcrumb","itemListElement":[{"@type":"ListItem","position":1,"name":"Home","item":"https:\/\/neocultura.com.br\/tur\/"},{"@type":"ListItem","position":2,"name":"MUESTRAS (A&#038;V)"}]},{"@type":"WebSite","@id":"https:\/\/neocultura.com.br\/tur\/#website","url":"https:\/\/neocultura.com.br\/tur\/","name":"Neocultura","description":"Neocultura","potentialAction":[{"@type":"SearchAction","target":{"@type":"EntryPoint","urlTemplate":"https:\/\/neocultura.com.br\/tur\/?s={search_term_string}"},"query-input":{"@type":"PropertyValueSpecification","valueRequired":true,"valueName":"search_term_string"}}],"inLanguage":"pt-BR"}]}},"_links":{"self":[{"href":"https:\/\/neocultura.com.br\/tur\/wp-json\/wp\/v2\/pages\/120","targetHints":{"allow":["GET"]}}],"collection":[{"href":"https:\/\/neocultura.com.br\/tur\/wp-json\/wp\/v2\/pages"}],"about":[{"href":"https:\/\/neocultura.com.br\/tur\/wp-json\/wp\/v2\/types\/page"}],"author":[{"embeddable":true,"href":"https:\/\/neocultura.com.br\/tur\/wp-json\/wp\/v2\/users\/1"}],"replies":[{"embeddable":true,"href":"https:\/\/neocultura.com.br\/tur\/wp-json\/wp\/v2\/comments?post=120"}],"version-history":[{"count":0,"href":"https:\/\/neocultura.com.br\/tur\/wp-json\/wp\/v2\/pages\/120\/revisions"}],"wp:attachment":[{"href":"https:\/\/neocultura.com.br\/tur\/wp-json\/wp\/v2\/media?parent=120"}],"curies":[{"name":"wp","href":"https:\/\/api.w.org\/{rel}","templated":true}]}}